{"id":3322,"date":"2024-01-21T17:38:35","date_gmt":"2024-01-21T17:38:35","guid":{"rendered":"https:\/\/seppohakkinen.fi\/wordpress\/?page_id=3322"},"modified":"2024-01-27T16:22:11","modified_gmt":"2024-01-27T16:22:11","slug":"puheet-2017","status":"publish","type":"page","link":"https:\/\/seppohakkinen.fi\/wordpress\/index.php\/puheet-2017\/","title":{"rendered":"Puheet 2017"},"content":{"rendered":"\t\t<div data-elementor-type=\"wp-page\" data-elementor-id=\"3322\" class=\"elementor elementor-3322\">\n\t\t\t\t<div class=\"elementor-element elementor-element-88dbc3c e-flex e-con-boxed e-con e-parent\" data-id=\"88dbc3c\" data-element_type=\"container\" data-e-type=\"container\">\n\t\t\t\t\t<div class=\"e-con-inner\">\n\t\t\t\t<div class=\"elementor-element elementor-element-bb05d2f anwp-pg-widget-header-style--b anwp-pg-post-teaser__post-icon--size-16 elementor-widget elementor-widget-anwp-pg-classic-blog\" data-id=\"bb05d2f\" data-element_type=\"widget\" data-e-type=\"widget\" data-widget_type=\"anwp-pg-classic-blog.default\">\n\t\t\t\t<div class=\"elementor-widget-container\">\n\t\t\t\t\t<div class=\"anwp-pg-wrap\">\n\n\t\n\t<div class=\"anwp-pg-classic-blog anwp-pg-posts-wrapper\">\n\t\t<div class=\"anwp-pg-post-teaser anwp-pg-post-teaser--layout-classic anwp-row anwp-no-gutters\">\n\n\t\n\t<div class=\"anwp-pg-post-teaser__content anwp-col-12\">\n\n\t\t<div class=\"anwp-pg-post-teaser__title anwp-font-heading my-2\">\n\t\t\t<a class=\"anwp-link-without-effects\" href=\"https:\/\/seppohakkinen.fi\/wordpress\/index.php\/2017\/12\/17\/puhe-mikkelin-pitajankirkossa\/\" aria-hidden=\"true\" >\n\t\t\t\tPuhe Mikkelin pit\u00e4j\u00e4nkirkossa\t\t\t<\/a>\n\t\t<\/div>\n\n\t\t<div class=\"anwp-pg-post-teaser__bottom-meta d-flex flex-wrap\">\n\n\t\t\t\t\t\t\t<div class=\"anwp-pg-post-teaser__bottom-meta-item d-flex align-items-center mr-4\">\n\t\t\t\t\t<svg class=\"anwp-pg-icon anwp-pg-icon--s16 mr-2\">\n\t\t\t\t\t\t<use xlink:href=\"#icon-anwp-pg-person\"><\/use>\n\t\t\t\t\t<\/svg>\n\t\t\t\t\tadmin\t\t\t\t<\/div>\n\t\t\t\n\t\t\t\t\t\t\t<div class=\"anwp-pg-post-teaser__bottom-meta-item d-flex align-items-center mr-4\">\n\t\t\t\t\t<svg class=\"anwp-pg-icon anwp-pg-icon--s16 mr-2\">\n\t\t\t\t\t\t<use xlink:href=\"#icon-anwp-pg-calendar\"><\/use>\n\t\t\t\t\t<\/svg>\n\t\t\t\t\t<span class=\"screen-reader-text\">Posted on<\/span><time class=\"anwp-pg-published\" datetime=\"2017-12-17T16:03:00+00:00\">17 joulukuun, 2017<\/time><time class=\"anwp-pg-updated\" datetime=\"2024-03-05T19:11:01+00:00\">5 maaliskuun, 2024<\/time>\t\t\t\t<\/div>\n\t\t\t\t\t\t<\/div>\n\n\t\t<div class=\"anwp-pg-post-teaser__excerpt mt-2\">\n\t\t\tKauneimmat joululaulut -tilaisuus Jouluna 1963 sain joululahjaksi vanhemmiltani M\u00e4rklin-s\u00e4hk\u00f6junaradan. Siihen kuului raiteiden ja muuntajan lis\u00e4ksi veturi, kolme matkustajavaunua, tavaravaunu ja s\u00e4ili\u00f6vaunu. Tavoitan viel\u00e4kin sen viisivuotiaan pikkupojan pakahduttavan ilon, kun paketista ...\t\t<\/div>\n\n\t\t\t<\/div>\n<\/div>\n<div class=\"anwp-pg-post-teaser anwp-pg-post-teaser--layout-classic anwp-row anwp-no-gutters\">\n\n\t\n\t<div class=\"anwp-pg-post-teaser__content anwp-col-12\">\n\n\t\t<div class=\"anwp-pg-post-teaser__title anwp-font-heading my-2\">\n\t\t\t<a class=\"anwp-link-without-effects\" href=\"https:\/\/seppohakkinen.fi\/wordpress\/index.php\/2017\/12\/08\/avauspuhe-kirkkopalvelut-ryn-valtuuston-kokouksessa-jarvenpaassa\/\" aria-hidden=\"true\" >\n\t\t\t\tAvauspuhe Kirkkopalvelut ry:n valtuuston kokouksessa J\u00e4rvenp\u00e4\u00e4ss\u00e4\t\t\t<\/a>\n\t\t<\/div>\n\n\t\t<div class=\"anwp-pg-post-teaser__bottom-meta d-flex flex-wrap\">\n\n\t\t\t\t\t\t\t<div class=\"anwp-pg-post-teaser__bottom-meta-item d-flex align-items-center mr-4\">\n\t\t\t\t\t<svg class=\"anwp-pg-icon anwp-pg-icon--s16 mr-2\">\n\t\t\t\t\t\t<use xlink:href=\"#icon-anwp-pg-person\"><\/use>\n\t\t\t\t\t<\/svg>\n\t\t\t\t\tadmin\t\t\t\t<\/div>\n\t\t\t\n\t\t\t\t\t\t\t<div class=\"anwp-pg-post-teaser__bottom-meta-item d-flex align-items-center mr-4\">\n\t\t\t\t\t<svg class=\"anwp-pg-icon anwp-pg-icon--s16 mr-2\">\n\t\t\t\t\t\t<use xlink:href=\"#icon-anwp-pg-calendar\"><\/use>\n\t\t\t\t\t<\/svg>\n\t\t\t\t\t<span class=\"screen-reader-text\">Posted on<\/span><time class=\"anwp-pg-published\" datetime=\"2017-12-08T16:03:26+00:00\">8 joulukuun, 2017<\/time><time class=\"anwp-pg-updated\" datetime=\"2024-03-02T12:30:55+00:00\">2 maaliskuun, 2024<\/time>\t\t\t\t<\/div>\n\t\t\t\t\t\t<\/div>\n\n\t\t<div class=\"anwp-pg-post-teaser__excerpt mt-2\">\n\t\t\tKirjahyllyss\u00e4ni on haurastunut, sata vuotta vanha kirjanen. Pelastin sen kymmenkunta vuotta sitten joutumasta kaatopaikalle. Kannessa on viirin muotoinen kuvio, jonka keskell\u00e4 on Kristus-monogrammi ja fraktuuralla painettu teksti: Suomen ensimm\u00e4iset Kirkkop\u00e4iv\u00e4t ...\t\t<\/div>\n\n\t\t\t<\/div>\n<\/div>\n<div class=\"anwp-pg-post-teaser anwp-pg-post-teaser--layout-classic anwp-row anwp-no-gutters\">\n\n\t\n\t<div class=\"anwp-pg-post-teaser__content anwp-col-12\">\n\n\t\t<div class=\"anwp-pg-post-teaser__title anwp-font-heading my-2\">\n\t\t\t<a class=\"anwp-link-without-effects\" href=\"https:\/\/seppohakkinen.fi\/wordpress\/index.php\/2017\/11\/02\/luterilaisuuden-abc-reformaation-perinto-ja-tulevaisuuden-haasteet-2\/\" aria-hidden=\"true\" >\n\t\t\t\tLuterilaisuuden ABC &#8211; Reformaation perint\u00f6 ja tulevaisuuden haasteet\t\t\t<\/a>\n\t\t<\/div>\n\n\t\t<div class=\"anwp-pg-post-teaser__bottom-meta d-flex flex-wrap\">\n\n\t\t\t\t\t\t\t<div class=\"anwp-pg-post-teaser__bottom-meta-item d-flex align-items-center mr-4\">\n\t\t\t\t\t<svg class=\"anwp-pg-icon anwp-pg-icon--s16 mr-2\">\n\t\t\t\t\t\t<use xlink:href=\"#icon-anwp-pg-person\"><\/use>\n\t\t\t\t\t<\/svg>\n\t\t\t\t\tadmin\t\t\t\t<\/div>\n\t\t\t\n\t\t\t\t\t\t\t<div class=\"anwp-pg-post-teaser__bottom-meta-item d-flex align-items-center mr-4\">\n\t\t\t\t\t<svg class=\"anwp-pg-icon anwp-pg-icon--s16 mr-2\">\n\t\t\t\t\t\t<use xlink:href=\"#icon-anwp-pg-calendar\"><\/use>\n\t\t\t\t\t<\/svg>\n\t\t\t\t\t<span class=\"screen-reader-text\">Posted on<\/span><time class=\"anwp-pg-published\" datetime=\"2017-11-02T16:03:00+00:00\">2 marraskuun, 2017<\/time><time class=\"anwp-pg-updated\" datetime=\"2024-03-05T15:58:25+00:00\">5 maaliskuun, 2024<\/time>\t\t\t\t<\/div>\n\t\t\t\t\t\t<\/div>\n\n\t\t<div class=\"anwp-pg-post-teaser__excerpt mt-2\">\n\t\t\tStudia generalia -luento 1.11.2017 Suomen p\u00e4\u00e4konsulaatissa Pietarissa ja reformaation merkkivuoden esitelm\u00e4 2.11.2017 Mikkelin tuomiokirkossa \u00a0Johdanto Arkkipiispa Kari M\u00e4kinen kertoi olleensa muutama vuosi sitten ministeri Alexander Stubbin kanssa samassa televisiokeskustelussa. Stubbilla ...\t\t<\/div>\n\n\t\t\t<\/div>\n<\/div>\n<div class=\"anwp-pg-post-teaser anwp-pg-post-teaser--layout-classic anwp-row anwp-no-gutters\">\n\n\t\n\t<div class=\"anwp-pg-post-teaser__content anwp-col-12\">\n\n\t\t<div class=\"anwp-pg-post-teaser__title anwp-font-heading my-2\">\n\t\t\t<a class=\"anwp-link-without-effects\" href=\"https:\/\/seppohakkinen.fi\/wordpress\/index.php\/2017\/10\/23\/avaussanat-suomen-evankelisluterilaisen-kirkon-ja-suomen-ortodoksisen-kirkon-oppikeskustelujen-arviointi-ja-suunnittelukokouksessa-23-24-10-2017-mikkelissa\/\" aria-hidden=\"true\" >\n\t\t\t\tAvaussanat Suomen evankelisluterilaisen kirkon ja Suomen ortodoksisen kirkon oppikeskustelujen arviointi- ja suunnittelukokouksessa 23.-24.10.2017 Mikkeliss\u00e4\t\t\t<\/a>\n\t\t<\/div>\n\n\t\t<div class=\"anwp-pg-post-teaser__bottom-meta d-flex flex-wrap\">\n\n\t\t\t\t\t\t\t<div class=\"anwp-pg-post-teaser__bottom-meta-item d-flex align-items-center mr-4\">\n\t\t\t\t\t<svg class=\"anwp-pg-icon anwp-pg-icon--s16 mr-2\">\n\t\t\t\t\t\t<use xlink:href=\"#icon-anwp-pg-person\"><\/use>\n\t\t\t\t\t<\/svg>\n\t\t\t\t\tadmin\t\t\t\t<\/div>\n\t\t\t\n\t\t\t\t\t\t\t<div class=\"anwp-pg-post-teaser__bottom-meta-item d-flex align-items-center mr-4\">\n\t\t\t\t\t<svg class=\"anwp-pg-icon anwp-pg-icon--s16 mr-2\">\n\t\t\t\t\t\t<use xlink:href=\"#icon-anwp-pg-calendar\"><\/use>\n\t\t\t\t\t<\/svg>\n\t\t\t\t\t<span class=\"screen-reader-text\">Posted on<\/span><time class=\"anwp-pg-published\" datetime=\"2017-10-23T16:03:00+00:00\">23 lokakuun, 2017<\/time><time class=\"anwp-pg-updated\" datetime=\"2024-03-03T18:01:44+00:00\">3 maaliskuun, 2024<\/time>\t\t\t\t<\/div>\n\t\t\t\t\t\t<\/div>\n\n\t\t<div class=\"anwp-pg-post-teaser__excerpt mt-2\">\n\t\t\tT\u00e4n\u00e4 vuonna tulee kuluneeksi sata vuotta siit\u00e4, kun professori Arthur Hjelt k\u00e4ynnisti World Alliance -liikkeen suomalaisen osaston toiminnan. Kansallistoimikunnan ekumeenista ty\u00f6t\u00e4 jatkaa nykyisin Suomen Ekumeeninen Neuvosto (SEN), joka juhli satavuotiasta ...\t\t<\/div>\n\n\t\t\t<\/div>\n<\/div>\n<div class=\"anwp-pg-post-teaser anwp-pg-post-teaser--layout-classic anwp-row anwp-no-gutters\">\n\n\t\n\t<div class=\"anwp-pg-post-teaser__content anwp-col-12\">\n\n\t\t<div class=\"anwp-pg-post-teaser__title anwp-font-heading my-2\">\n\t\t\t<a class=\"anwp-link-without-effects\" href=\"https:\/\/seppohakkinen.fi\/wordpress\/index.php\/2017\/10\/01\/puhe-sulkavan-kirkossa\/\" aria-hidden=\"true\" >\n\t\t\t\tPuhe Sulkavan kirkossa\t\t\t<\/a>\n\t\t<\/div>\n\n\t\t<div class=\"anwp-pg-post-teaser__bottom-meta d-flex flex-wrap\">\n\n\t\t\t\t\t\t\t<div class=\"anwp-pg-post-teaser__bottom-meta-item d-flex align-items-center mr-4\">\n\t\t\t\t\t<svg class=\"anwp-pg-icon anwp-pg-icon--s16 mr-2\">\n\t\t\t\t\t\t<use xlink:href=\"#icon-anwp-pg-person\"><\/use>\n\t\t\t\t\t<\/svg>\n\t\t\t\t\tadmin\t\t\t\t<\/div>\n\t\t\t\n\t\t\t\t\t\t\t<div class=\"anwp-pg-post-teaser__bottom-meta-item d-flex align-items-center mr-4\">\n\t\t\t\t\t<svg class=\"anwp-pg-icon anwp-pg-icon--s16 mr-2\">\n\t\t\t\t\t\t<use xlink:href=\"#icon-anwp-pg-calendar\"><\/use>\n\t\t\t\t\t<\/svg>\n\t\t\t\t\t<span class=\"screen-reader-text\">Posted on<\/span><time class=\"anwp-pg-published\" datetime=\"2017-10-01T16:03:00+00:00\">1 lokakuun, 2017<\/time><time class=\"anwp-pg-updated\" datetime=\"2024-03-05T19:16:12+00:00\">5 maaliskuun, 2024<\/time>\t\t\t\t<\/div>\n\t\t\t\t\t\t<\/div>\n\n\t\t<div class=\"anwp-pg-post-teaser__excerpt mt-2\">\n\t\t\tKirkkoherra Hanne-Maaria Rentolan virkaanasettamismessu Rakkaat kristityt, hyv\u00e4 Hanne-Maaria. Sulkavan seurakunnassa on t\u00e4n\u00e4\u00e4n erityinen juhlap\u00e4iv\u00e4, kun pastori Hanne-Maaria Rentola asetetaan kirkkoherran virkaan. Kirkkoherra on seurakunnan johtaja. Kirkkoherra johtaa seurakunnan hengellist\u00e4 el\u00e4m\u00e4\u00e4 ...\t\t<\/div>\n\n\t\t\t<\/div>\n<\/div>\n<div class=\"anwp-pg-post-teaser anwp-pg-post-teaser--layout-classic anwp-row anwp-no-gutters\">\n\n\t\n\t<div class=\"anwp-pg-post-teaser__content anwp-col-12\">\n\n\t\t<div class=\"anwp-pg-post-teaser__title anwp-font-heading my-2\">\n\t\t\t<a class=\"anwp-link-without-effects\" href=\"https:\/\/seppohakkinen.fi\/wordpress\/index.php\/2017\/09\/30\/puhe-juvan-kirkossa\/\" aria-hidden=\"true\" >\n\t\t\t\tPuhe Juvan kirkossa\t\t\t<\/a>\n\t\t<\/div>\n\n\t\t<div class=\"anwp-pg-post-teaser__bottom-meta d-flex flex-wrap\">\n\n\t\t\t\t\t\t\t<div class=\"anwp-pg-post-teaser__bottom-meta-item d-flex align-items-center mr-4\">\n\t\t\t\t\t<svg class=\"anwp-pg-icon anwp-pg-icon--s16 mr-2\">\n\t\t\t\t\t\t<use xlink:href=\"#icon-anwp-pg-person\"><\/use>\n\t\t\t\t\t<\/svg>\n\t\t\t\t\tadmin\t\t\t\t<\/div>\n\t\t\t\n\t\t\t\t\t\t\t<div class=\"anwp-pg-post-teaser__bottom-meta-item d-flex align-items-center mr-4\">\n\t\t\t\t\t<svg class=\"anwp-pg-icon anwp-pg-icon--s16 mr-2\">\n\t\t\t\t\t\t<use xlink:href=\"#icon-anwp-pg-calendar\"><\/use>\n\t\t\t\t\t<\/svg>\n\t\t\t\t\t<span class=\"screen-reader-text\">Posted on<\/span><time class=\"anwp-pg-published\" datetime=\"2017-09-30T16:03:00+00:00\">30 syyskuun, 2017<\/time><time class=\"anwp-pg-updated\" datetime=\"2024-03-05T19:04:12+00:00\">5 maaliskuun, 2024<\/time>\t\t\t\t<\/div>\n\t\t\t\t\t\t<\/div>\n\n\t\t<div class=\"anwp-pg-post-teaser__excerpt mt-2\">\n\t\t\tIt\u00e4-Suomi rukoilee -tapahtuma Juvalle ajaessani n\u00e4in vanhan Valmetin pellolla syyst\u00f6iss\u00e4. Mieleeni tuli kulunut puujalkavitsi. Vanha is\u00e4nt\u00e4 oli koko ik\u00e4ns\u00e4 ollut uskollinen Valmet-traktorilleen. Kerran sairastuttuaan ja uskoessaan jo loppunsa koittavan neuvoi ...\t\t<\/div>\n\n\t\t\t<\/div>\n<\/div>\n<div class=\"anwp-pg-post-teaser anwp-pg-post-teaser--layout-classic anwp-row anwp-no-gutters\">\n\n\t\n\t<div class=\"anwp-pg-post-teaser__content anwp-col-12\">\n\n\t\t<div class=\"anwp-pg-post-teaser__title anwp-font-heading my-2\">\n\t\t\t<a class=\"anwp-link-without-effects\" href=\"https:\/\/seppohakkinen.fi\/wordpress\/index.php\/2017\/09\/03\/puhe-myllykosken-kirkossa\/\" aria-hidden=\"true\" >\n\t\t\t\tPuhe Myllykosken kirkossa\t\t\t<\/a>\n\t\t<\/div>\n\n\t\t<div class=\"anwp-pg-post-teaser__bottom-meta d-flex flex-wrap\">\n\n\t\t\t\t\t\t\t<div class=\"anwp-pg-post-teaser__bottom-meta-item d-flex align-items-center mr-4\">\n\t\t\t\t\t<svg class=\"anwp-pg-icon anwp-pg-icon--s16 mr-2\">\n\t\t\t\t\t\t<use xlink:href=\"#icon-anwp-pg-person\"><\/use>\n\t\t\t\t\t<\/svg>\n\t\t\t\t\tadmin\t\t\t\t<\/div>\n\t\t\t\n\t\t\t\t\t\t\t<div class=\"anwp-pg-post-teaser__bottom-meta-item d-flex align-items-center mr-4\">\n\t\t\t\t\t<svg class=\"anwp-pg-icon anwp-pg-icon--s16 mr-2\">\n\t\t\t\t\t\t<use xlink:href=\"#icon-anwp-pg-calendar\"><\/use>\n\t\t\t\t\t<\/svg>\n\t\t\t\t\t<span class=\"screen-reader-text\">Posted on<\/span><time class=\"anwp-pg-published\" datetime=\"2017-09-03T16:03:00+00:00\">3 syyskuun, 2017<\/time><time class=\"anwp-pg-updated\" datetime=\"2024-03-05T19:12:49+00:00\">5 maaliskuun, 2024<\/time>\t\t\t\t<\/div>\n\t\t\t\t\t\t<\/div>\n\n\t\t<div class=\"anwp-pg-post-teaser__excerpt mt-2\">\n\t\t\tAnjalankosken seurakunnan kirkkoherran Eija Murron virkaanasettamismessu Rakkaat kristityt, hyv\u00e4 Eija. Anjalankosken seurakunnassa on t\u00e4n\u00e4\u00e4n erityinen juhlap\u00e4iv\u00e4, kun pastori Eija Murto asetetaan kirkkoherran virkaan. Kirkkoherra on seurakunnan johtaja. Kirkkoherra johtaa seurakunnan ...\t\t<\/div>\n\n\t\t\t<\/div>\n<\/div>\n<div class=\"anwp-pg-post-teaser anwp-pg-post-teaser--layout-classic anwp-row anwp-no-gutters\">\n\n\t\n\t<div class=\"anwp-pg-post-teaser__content anwp-col-12\">\n\n\t\t<div class=\"anwp-pg-post-teaser__title anwp-font-heading my-2\">\n\t\t\t<a class=\"anwp-link-without-effects\" href=\"https:\/\/seppohakkinen.fi\/wordpress\/index.php\/2017\/08\/13\/puhe-iitin-kirkossa-13-8-2017\/\" aria-hidden=\"true\" >\n\t\t\t\tPuhe Iitin kirkossa 13.8.2017\t\t\t<\/a>\n\t\t<\/div>\n\n\t\t<div class=\"anwp-pg-post-teaser__bottom-meta d-flex flex-wrap\">\n\n\t\t\t\t\t\t\t<div class=\"anwp-pg-post-teaser__bottom-meta-item d-flex align-items-center mr-4\">\n\t\t\t\t\t<svg class=\"anwp-pg-icon anwp-pg-icon--s16 mr-2\">\n\t\t\t\t\t\t<use xlink:href=\"#icon-anwp-pg-person\"><\/use>\n\t\t\t\t\t<\/svg>\n\t\t\t\t\tadmin\t\t\t\t<\/div>\n\t\t\t\n\t\t\t\t\t\t\t<div class=\"anwp-pg-post-teaser__bottom-meta-item d-flex align-items-center mr-4\">\n\t\t\t\t\t<svg class=\"anwp-pg-icon anwp-pg-icon--s16 mr-2\">\n\t\t\t\t\t\t<use xlink:href=\"#icon-anwp-pg-calendar\"><\/use>\n\t\t\t\t\t<\/svg>\n\t\t\t\t\t<span class=\"screen-reader-text\">Posted on<\/span><time class=\"anwp-pg-published\" datetime=\"2017-08-13T16:03:00+00:00\">13 elokuun, 2017<\/time><time class=\"anwp-pg-updated\" datetime=\"2024-03-05T19:03:32+00:00\">5 maaliskuun, 2024<\/time>\t\t\t\t<\/div>\n\t\t\t\t\t\t<\/div>\n\n\t\t<div class=\"anwp-pg-post-teaser__excerpt mt-2\">\n\t\t\tIitin kirkkoherran Mikko Pelkosen virkaanasettaminen Rakkaat kristityt, hyv\u00e4 Mikko. Iitiss\u00e4 on ollut oma seurakunta vuodesta 1539 ja kirkkoherra jo vuodesta 1515.\u00a0Se tarkoittaa, ett\u00e4 kirkkoherrojen ketju\u00a0t\u00e4\u00e4ll\u00e4\u00a0on pitk\u00e4. Siihen ketjuun on nyt ...\t\t<\/div>\n\n\t\t\t<\/div>\n<\/div>\n<div class=\"anwp-pg-post-teaser anwp-pg-post-teaser--layout-classic anwp-row anwp-no-gutters\">\n\n\t\n\t<div class=\"anwp-pg-post-teaser__content anwp-col-12\">\n\n\t\t<div class=\"anwp-pg-post-teaser__title anwp-font-heading my-2\">\n\t\t\t<a class=\"anwp-link-without-effects\" href=\"https:\/\/seppohakkinen.fi\/wordpress\/index.php\/2017\/05\/28\/rukoushetki-kenkaveron-rannassa-28-5-2017\/\" aria-hidden=\"true\" >\n\t\t\t\tRukoushetki Kenk\u00e4veron rannassa 28.5.2017\t\t\t<\/a>\n\t\t<\/div>\n\n\t\t<div class=\"anwp-pg-post-teaser__bottom-meta d-flex flex-wrap\">\n\n\t\t\t\t\t\t\t<div class=\"anwp-pg-post-teaser__bottom-meta-item d-flex align-items-center mr-4\">\n\t\t\t\t\t<svg class=\"anwp-pg-icon anwp-pg-icon--s16 mr-2\">\n\t\t\t\t\t\t<use xlink:href=\"#icon-anwp-pg-person\"><\/use>\n\t\t\t\t\t<\/svg>\n\t\t\t\t\tadmin\t\t\t\t<\/div>\n\t\t\t\n\t\t\t\t\t\t\t<div class=\"anwp-pg-post-teaser__bottom-meta-item d-flex align-items-center mr-4\">\n\t\t\t\t\t<svg class=\"anwp-pg-icon anwp-pg-icon--s16 mr-2\">\n\t\t\t\t\t\t<use xlink:href=\"#icon-anwp-pg-calendar\"><\/use>\n\t\t\t\t\t<\/svg>\n\t\t\t\t\t<span class=\"screen-reader-text\">Posted on<\/span><time class=\"anwp-pg-published\" datetime=\"2017-05-28T16:03:25+00:00\">28 toukokuun, 2017<\/time><time class=\"anwp-pg-updated\" datetime=\"2024-02-27T15:40:43+00:00\">27 helmikuun, 2024<\/time>\t\t\t\t<\/div>\n\t\t\t\t\t\t<\/div>\n\n\t\t<div class=\"anwp-pg-post-teaser__excerpt mt-2\">\n\t\t\tSavon Perinnepurjehtijoiden uuden veneen k\u00e4ytt\u00f6\u00f6notto T\u00e4n\u00e4\u00e4n Savon Perinnepurjehtijoiden kolmas vene Ilmarinen otetaan juhlallisesti k\u00e4ytt\u00f6\u00f6n. N\u00e4in Ruti- ja Lus-veneiden (rutilus = s\u00e4rki) laivasto t\u00e4ydentyy uudella veneell\u00e4, sopivasti itsen\u00e4isyyden 100-vuotisjuhlavuonna ja Mikkelin ...\t\t<\/div>\n\n\t\t\t<\/div>\n<\/div>\n<div class=\"anwp-pg-post-teaser anwp-pg-post-teaser--layout-classic anwp-row anwp-no-gutters\">\n\n\t\n\t<div class=\"anwp-pg-post-teaser__content anwp-col-12\">\n\n\t\t<div class=\"anwp-pg-post-teaser__title anwp-font-heading my-2\">\n\t\t\t<a class=\"anwp-link-without-effects\" href=\"https:\/\/seppohakkinen.fi\/wordpress\/index.php\/2017\/05\/19\/avauspuhe-kirkkopalvelut-ryn-yhdistyksen-kokouksessa-turussa-19-5-2017\/\" aria-hidden=\"true\" >\n\t\t\t\tAvauspuhe Kirkkopalvelut ry:n yhdistyksen kokouksessa Turussa 19.5.2017\t\t\t<\/a>\n\t\t<\/div>\n\n\t\t<div class=\"anwp-pg-post-teaser__bottom-meta d-flex flex-wrap\">\n\n\t\t\t\t\t\t\t<div class=\"anwp-pg-post-teaser__bottom-meta-item d-flex align-items-center mr-4\">\n\t\t\t\t\t<svg class=\"anwp-pg-icon anwp-pg-icon--s16 mr-2\">\n\t\t\t\t\t\t<use xlink:href=\"#icon-anwp-pg-person\"><\/use>\n\t\t\t\t\t<\/svg>\n\t\t\t\t\tadmin\t\t\t\t<\/div>\n\t\t\t\n\t\t\t\t\t\t\t<div class=\"anwp-pg-post-teaser__bottom-meta-item d-flex align-items-center mr-4\">\n\t\t\t\t\t<svg class=\"anwp-pg-icon anwp-pg-icon--s16 mr-2\">\n\t\t\t\t\t\t<use xlink:href=\"#icon-anwp-pg-calendar\"><\/use>\n\t\t\t\t\t<\/svg>\n\t\t\t\t\t<span class=\"screen-reader-text\">Posted on<\/span><time class=\"anwp-pg-published\" datetime=\"2017-05-19T16:03:25+00:00\">19 toukokuun, 2017<\/time><time class=\"anwp-pg-updated\" datetime=\"2024-03-02T12:34:22+00:00\">2 maaliskuun, 2024<\/time>\t\t\t\t<\/div>\n\t\t\t\t\t\t<\/div>\n\n\t\t<div class=\"anwp-pg-post-teaser__excerpt mt-2\">\n\t\t\tHuhtikuun alussa kirjailija ja k\u00e4sikirjoittaja Jyrki Lehtola kysyi kolumnissaan \u201dMit\u00e4 kuuluu kirkko?\u201d (Ilta-Sanomat 1.4.2017): \u201dMiten sujuu uskon sovittaminen nykymaailman laiskottelevaan suvaitsevaisuuteen, jossa rukoillaan somessa oman pyhyyden edess\u00e4?\u201d Lehtola kuvaa Suomen ...\t\t<\/div>\n\n\t\t\t<\/div>\n<\/div>\n<div class=\"anwp-pg-post-teaser anwp-pg-post-teaser--layout-classic anwp-row anwp-no-gutters\">\n\n\t\n\t<div class=\"anwp-pg-post-teaser__content anwp-col-12\">\n\n\t\t<div class=\"anwp-pg-post-teaser__title anwp-font-heading my-2\">\n\t\t\t<a class=\"anwp-link-without-effects\" href=\"https:\/\/seppohakkinen.fi\/wordpress\/index.php\/2017\/05\/19\/puheenvuoro-reformaatio-kutsuu-vuoropuheluun-tilaisuudessa-kirkkopaivilla-turussa-19-5-2017\/\" aria-hidden=\"true\" >\n\t\t\t\tPuheenvuoro Reformaatio kutsuu vuoropuheluun -tilaisuudessa Kirkkop\u00e4ivill\u00e4 Turussa 19.5.2017\t\t\t<\/a>\n\t\t<\/div>\n\n\t\t<div class=\"anwp-pg-post-teaser__bottom-meta d-flex flex-wrap\">\n\n\t\t\t\t\t\t\t<div class=\"anwp-pg-post-teaser__bottom-meta-item d-flex align-items-center mr-4\">\n\t\t\t\t\t<svg class=\"anwp-pg-icon anwp-pg-icon--s16 mr-2\">\n\t\t\t\t\t\t<use xlink:href=\"#icon-anwp-pg-person\"><\/use>\n\t\t\t\t\t<\/svg>\n\t\t\t\t\tadmin\t\t\t\t<\/div>\n\t\t\t\n\t\t\t\t\t\t\t<div class=\"anwp-pg-post-teaser__bottom-meta-item d-flex align-items-center mr-4\">\n\t\t\t\t\t<svg class=\"anwp-pg-icon anwp-pg-icon--s16 mr-2\">\n\t\t\t\t\t\t<use xlink:href=\"#icon-anwp-pg-calendar\"><\/use>\n\t\t\t\t\t<\/svg>\n\t\t\t\t\t<span class=\"screen-reader-text\">Posted on<\/span><time class=\"anwp-pg-published\" datetime=\"2017-05-19T16:03:00+00:00\">19 toukokuun, 2017<\/time><time class=\"anwp-pg-updated\" datetime=\"2024-03-05T19:21:58+00:00\">5 maaliskuun, 2024<\/time>\t\t\t\t<\/div>\n\t\t\t\t\t\t<\/div>\n\n\t\t<div class=\"anwp-pg-post-teaser__excerpt mt-2\">\n\t\t\tReformaation anti ortodoksien ja luterilaisten vuoropuheluun Reformaation anti ortodoksien ja luterilaisten vuoropuheluun Johdanto Kristinuskon historian suurin murhen\u00e4ytelm\u00e4 on id\u00e4n ja l\u00e4nnen kirkon ero. Kysymys oli pitk\u00e4st\u00e4 kehityksest\u00e4, joka alkoi jo ...\t\t<\/div>\n\n\t\t\t<\/div>\n<\/div>\n<div class=\"anwp-pg-post-teaser anwp-pg-post-teaser--layout-classic anwp-row anwp-no-gutters\">\n\n\t\n\t<div class=\"anwp-pg-post-teaser__content anwp-col-12\">\n\n\t\t<div class=\"anwp-pg-post-teaser__title anwp-font-heading my-2\">\n\t\t\t<a class=\"anwp-link-without-effects\" href=\"https:\/\/seppohakkinen.fi\/wordpress\/index.php\/2017\/05\/18\/avauspuhe-kirkkopalvelut-ryn-valtuuston-kokouksessa-turussa-18-5-2017\/\" aria-hidden=\"true\" >\n\t\t\t\tAvauspuhe Kirkkopalvelut ry:n valtuuston kokouksessa Turussa 18.5.2017\t\t\t<\/a>\n\t\t<\/div>\n\n\t\t<div class=\"anwp-pg-post-teaser__bottom-meta d-flex flex-wrap\">\n\n\t\t\t\t\t\t\t<div class=\"anwp-pg-post-teaser__bottom-meta-item d-flex align-items-center mr-4\">\n\t\t\t\t\t<svg class=\"anwp-pg-icon anwp-pg-icon--s16 mr-2\">\n\t\t\t\t\t\t<use xlink:href=\"#icon-anwp-pg-person\"><\/use>\n\t\t\t\t\t<\/svg>\n\t\t\t\t\tadmin\t\t\t\t<\/div>\n\t\t\t\n\t\t\t\t\t\t\t<div class=\"anwp-pg-post-teaser__bottom-meta-item d-flex align-items-center mr-4\">\n\t\t\t\t\t<svg class=\"anwp-pg-icon anwp-pg-icon--s16 mr-2\">\n\t\t\t\t\t\t<use xlink:href=\"#icon-anwp-pg-calendar\"><\/use>\n\t\t\t\t\t<\/svg>\n\t\t\t\t\t<span class=\"screen-reader-text\">Posted on<\/span><time class=\"anwp-pg-published\" datetime=\"2017-05-18T16:03:25+00:00\">18 toukokuun, 2017<\/time><time class=\"anwp-pg-updated\" datetime=\"2024-03-02T12:33:37+00:00\">2 maaliskuun, 2024<\/time>\t\t\t\t<\/div>\n\t\t\t\t\t\t<\/div>\n\n\t\t<div class=\"anwp-pg-post-teaser__excerpt mt-2\">\n\t\t\t\u201dJumalan armahtavaan laupeuteen vedoten kehotan teit\u00e4, veljet: Antakaa koko el\u00e4m\u00e4nne pyh\u00e4ksi ja el\u00e4v\u00e4ksi, Jumalalle mieluisaksi uhriksi. N\u00e4in te palvelette Jumalaa j\u00e4rjellisell\u00e4 tavalla. \u00c4lk\u00e4\u00e4 mukautuko t\u00e4m\u00e4n maailman menoon, vaan muuttukaa, uudistukaa ...\t\t<\/div>\n\n\t\t\t<\/div>\n<\/div>\n<div class=\"anwp-pg-post-teaser anwp-pg-post-teaser--layout-classic anwp-row anwp-no-gutters\">\n\n\t\n\t<div class=\"anwp-pg-post-teaser__content anwp-col-12\">\n\n\t\t<div class=\"anwp-pg-post-teaser__title anwp-font-heading my-2\">\n\t\t\t<a class=\"anwp-link-without-effects\" href=\"https:\/\/seppohakkinen.fi\/wordpress\/index.php\/2017\/04\/11\/puhe-rotaryklubien-kirkkoillassa-heinolassa-11-4-2017\/\" aria-hidden=\"true\" >\n\t\t\t\tPuhe rotaryklubien kirkkoillassa Heinolassa 11.4.2017\t\t\t<\/a>\n\t\t<\/div>\n\n\t\t<div class=\"anwp-pg-post-teaser__bottom-meta d-flex flex-wrap\">\n\n\t\t\t\t\t\t\t<div class=\"anwp-pg-post-teaser__bottom-meta-item d-flex align-items-center mr-4\">\n\t\t\t\t\t<svg class=\"anwp-pg-icon anwp-pg-icon--s16 mr-2\">\n\t\t\t\t\t\t<use xlink:href=\"#icon-anwp-pg-person\"><\/use>\n\t\t\t\t\t<\/svg>\n\t\t\t\t\tadmin\t\t\t\t<\/div>\n\t\t\t\n\t\t\t\t\t\t\t<div class=\"anwp-pg-post-teaser__bottom-meta-item d-flex align-items-center mr-4\">\n\t\t\t\t\t<svg class=\"anwp-pg-icon anwp-pg-icon--s16 mr-2\">\n\t\t\t\t\t\t<use xlink:href=\"#icon-anwp-pg-calendar\"><\/use>\n\t\t\t\t\t<\/svg>\n\t\t\t\t\t<span class=\"screen-reader-text\">Posted on<\/span><time class=\"anwp-pg-published\" datetime=\"2017-04-11T16:03:00+00:00\">11 huhtikuun, 2017<\/time><time class=\"anwp-pg-updated\" datetime=\"2024-03-05T19:15:00+00:00\">5 maaliskuun, 2024<\/time>\t\t\t\t<\/div>\n\t\t\t\t\t\t<\/div>\n\n\t\t<div class=\"anwp-pg-post-teaser__excerpt mt-2\">\n\t\t\tHiljaisen viikon tiistai Puhe Heinolan rotaryklubien kirkkoillassa hiljaisen viikon tiistaina 11.4.2017 Heinolan kirkossa Kaifaksen luota Jeesus vietiin maaherran palatsiin. Oli varhainen aamu. Juutalaiset eiv\u00e4t itse menneet palatsiin sis\u00e4lle, etteiv\u00e4t saastuisi ...\t\t<\/div>\n\n\t\t\t<\/div>\n<\/div>\n<div class=\"anwp-pg-post-teaser anwp-pg-post-teaser--layout-classic anwp-row anwp-no-gutters\">\n\n\t\n\t<div class=\"anwp-pg-post-teaser__content anwp-col-12\">\n\n\t\t<div class=\"anwp-pg-post-teaser__title anwp-font-heading my-2\">\n\t\t\t<a class=\"anwp-link-without-effects\" href=\"https:\/\/seppohakkinen.fi\/wordpress\/index.php\/2017\/03\/11\/reformaatio-alkaa-viipurista-mikael-agricolan-ja-paavali-juustenin-aika-karjalan-paakaupungissa\/\" aria-hidden=\"true\" >\n\t\t\t\tReformaatio alkaa Viipurista &#8211; Mikael Agricolan ja Paavali Juustenin aika Karjalan p\u00e4\u00e4kaupungissa\t\t\t<\/a>\n\t\t<\/div>\n\n\t\t<div class=\"anwp-pg-post-teaser__bottom-meta d-flex flex-wrap\">\n\n\t\t\t\t\t\t\t<div class=\"anwp-pg-post-teaser__bottom-meta-item d-flex align-items-center mr-4\">\n\t\t\t\t\t<svg class=\"anwp-pg-icon anwp-pg-icon--s16 mr-2\">\n\t\t\t\t\t\t<use xlink:href=\"#icon-anwp-pg-person\"><\/use>\n\t\t\t\t\t<\/svg>\n\t\t\t\t\tadmin\t\t\t\t<\/div>\n\t\t\t\n\t\t\t\t\t\t\t<div class=\"anwp-pg-post-teaser__bottom-meta-item d-flex align-items-center mr-4\">\n\t\t\t\t\t<svg class=\"anwp-pg-icon anwp-pg-icon--s16 mr-2\">\n\t\t\t\t\t\t<use xlink:href=\"#icon-anwp-pg-calendar\"><\/use>\n\t\t\t\t\t<\/svg>\n\t\t\t\t\t<span class=\"screen-reader-text\">Posted on<\/span><time class=\"anwp-pg-published\" datetime=\"2017-03-11T16:03:00+00:00\">11 maaliskuun, 2017<\/time><time class=\"anwp-pg-updated\" datetime=\"2024-03-06T16:06:51+00:00\">6 maaliskuun, 2024<\/time>\t\t\t\t<\/div>\n\t\t\t\t\t\t<\/div>\n\n\t\t<div class=\"anwp-pg-post-teaser__excerpt mt-2\">\n\t\t\tKommenttipuheenvuoro TT Hannu Kilpel\u00e4isen esitelm\u00e4\u00e4n Karjalan Liiton ekumeenisilla hengellisill\u00e4 p\u00e4ivill\u00e4 11.3.2017 Oulussa\t\t<\/div>\n\n\t\t\t<\/div>\n<\/div>\n<div class=\"anwp-pg-post-teaser anwp-pg-post-teaser--layout-classic anwp-row anwp-no-gutters\">\n\n\t\n\t<div class=\"anwp-pg-post-teaser__content anwp-col-12\">\n\n\t\t<div class=\"anwp-pg-post-teaser__title anwp-font-heading my-2\">\n\t\t\t<a class=\"anwp-link-without-effects\" href=\"https:\/\/seppohakkinen.fi\/wordpress\/index.php\/2017\/02\/22\/toinen-kylvaa-toinen-korjaa\/\" aria-hidden=\"true\" >\n\t\t\t\t&#8221;Toinen kylv\u00e4\u00e4, toinen korjaa..&#8221;\t\t\t<\/a>\n\t\t<\/div>\n\n\t\t<div class=\"anwp-pg-post-teaser__bottom-meta d-flex flex-wrap\">\n\n\t\t\t\t\t\t\t<div class=\"anwp-pg-post-teaser__bottom-meta-item d-flex align-items-center mr-4\">\n\t\t\t\t\t<svg class=\"anwp-pg-icon anwp-pg-icon--s16 mr-2\">\n\t\t\t\t\t\t<use xlink:href=\"#icon-anwp-pg-person\"><\/use>\n\t\t\t\t\t<\/svg>\n\t\t\t\t\tadmin\t\t\t\t<\/div>\n\t\t\t\n\t\t\t\t\t\t\t<div class=\"anwp-pg-post-teaser__bottom-meta-item d-flex align-items-center mr-4\">\n\t\t\t\t\t<svg class=\"anwp-pg-icon anwp-pg-icon--s16 mr-2\">\n\t\t\t\t\t\t<use xlink:href=\"#icon-anwp-pg-calendar\"><\/use>\n\t\t\t\t\t<\/svg>\n\t\t\t\t\t<span class=\"screen-reader-text\">Posted on<\/span><time class=\"anwp-pg-published\" datetime=\"2017-02-22T16:03:25+00:00\">22 helmikuun, 2017<\/time><time class=\"anwp-pg-updated\" datetime=\"2024-03-02T08:45:25+00:00\">2 maaliskuun, 2024<\/time>\t\t\t\t<\/div>\n\t\t\t\t\t\t<\/div>\n\n\t\t<div class=\"anwp-pg-post-teaser__excerpt mt-2\">\n\t\t\tPuhe Pikkukirkon luovuttamisen johdosta vietett\u00e4v\u00e4ss\u00e4 rukoushetkess\u00e4 22.2.2017 Savonlinnassa Joskus Jumalan tiet ovat ihmeellisi\u00e4. Sellainen ajatus nousee mieleen, kun muistelee Savonlinnan Pikkukirkon vaiheita. Ortodoksinen seurakunta rakennutti t\u00e4m\u00e4n kirkon vuonna 1846 ja ...\t\t<\/div>\n\n\t\t\t<\/div>\n<\/div>\n<div class=\"anwp-pg-post-teaser anwp-pg-post-teaser--layout-classic anwp-row anwp-no-gutters\">\n\n\t\n\t<div class=\"anwp-pg-post-teaser__content anwp-col-12\">\n\n\t\t<div class=\"anwp-pg-post-teaser__title anwp-font-heading my-2\">\n\t\t\t<a class=\"anwp-link-without-effects\" href=\"https:\/\/seppohakkinen.fi\/wordpress\/index.php\/2017\/02\/21\/evankeliumi-vapauttajana-palvelemaan\/\" aria-hidden=\"true\" >\n\t\t\t\tEvankeliumi vapauttajana palvelemaan\t\t\t<\/a>\n\t\t<\/div>\n\n\t\t<div class=\"anwp-pg-post-teaser__bottom-meta d-flex flex-wrap\">\n\n\t\t\t\t\t\t\t<div class=\"anwp-pg-post-teaser__bottom-meta-item d-flex align-items-center mr-4\">\n\t\t\t\t\t<svg class=\"anwp-pg-icon anwp-pg-icon--s16 mr-2\">\n\t\t\t\t\t\t<use xlink:href=\"#icon-anwp-pg-person\"><\/use>\n\t\t\t\t\t<\/svg>\n\t\t\t\t\tadmin\t\t\t\t<\/div>\n\t\t\t\n\t\t\t\t\t\t\t<div class=\"anwp-pg-post-teaser__bottom-meta-item d-flex align-items-center mr-4\">\n\t\t\t\t\t<svg class=\"anwp-pg-icon anwp-pg-icon--s16 mr-2\">\n\t\t\t\t\t\t<use xlink:href=\"#icon-anwp-pg-calendar\"><\/use>\n\t\t\t\t\t<\/svg>\n\t\t\t\t\t<span class=\"screen-reader-text\">Posted on<\/span><time class=\"anwp-pg-published\" datetime=\"2017-02-21T16:03:00+00:00\">21 helmikuun, 2017<\/time><time class=\"anwp-pg-updated\" datetime=\"2024-03-03T18:02:23+00:00\">3 maaliskuun, 2024<\/time>\t\t\t\t<\/div>\n\t\t\t\t\t\t<\/div>\n\n\t\t<div class=\"anwp-pg-post-teaser__excerpt mt-2\">\n\t\t\tPuheenvuoro reformaation merkkivuoden luentosarjassa 21.2.2017 Lappeenrannassa Evankeliumi vapauttajana palvelemaan Kirkon tulevaisuuden kaksi tiet\u00e4 \u201dMit\u00e4 enemm\u00e4n suuntaudumme Jumalaan, sit\u00e4 enemm\u00e4n vaikutamme t\u00e4h\u00e4n maailmaan. Kirkon ajautuminen yhteiskunnan reuna-alueelle ei luultavasti johdu ideoiden ...\t\t<\/div>\n\n\t\t\t<\/div>\n<\/div>\n\t<\/div>\n\t\n\t<\/div>\n\t\t\t\t<\/div>\n\t\t\t\t<\/div>\n\t\t\t\t\t<\/div>\n\t\t\t\t<\/div>\n\t\t\t\t<\/div>\n\t\t","protected":false},"excerpt":{"rendered":"","protected":false},"author":1,"featured_media":0,"parent":0,"menu_order":0,"comment_status":"closed","ping_status":"closed","template":"","meta":{"footnotes":""},"class_list":["post-3322","page","type-page","status-publish"],"_links":{"self":[{"href":"https:\/\/seppohakkinen.fi\/wordpress\/index.php\/wp-json\/wp\/v2\/pages\/3322","targetHints":{"allow":["GET"]}}],"collection":[{"href":"https:\/\/seppohakkinen.fi\/wordpress\/index.php\/wp-json\/wp\/v2\/pages"}],"about":[{"href":"https:\/\/seppohakkinen.fi\/wordpress\/index.php\/wp-json\/wp\/v2\/types\/page"}],"author":[{"embeddable":true,"href":"https:\/\/seppohakkinen.fi\/wordpress\/index.php\/wp-json\/wp\/v2\/users\/1"}],"replies":[{"embeddable":true,"href":"https:\/\/seppohakkinen.fi\/wordpress\/index.php\/wp-json\/wp\/v2\/comments?post=3322"}],"version-history":[{"count":4,"href":"https:\/\/seppohakkinen.fi\/wordpress\/index.php\/wp-json\/wp\/v2\/pages\/3322\/revisions"}],"predecessor-version":[{"id":3713,"href":"https:\/\/seppohakkinen.fi\/wordpress\/index.php\/wp-json\/wp\/v2\/pages\/3322\/revisions\/3713"}],"wp:attachment":[{"href":"https:\/\/seppohakkinen.fi\/wordpress\/index.php\/wp-json\/wp\/v2\/media?parent=3322"}],"curies":[{"name":"wp","href":"https:\/\/api.w.org\/{rel}","templated":true}]}}