{"id":3363,"date":"2024-01-21T17:56:08","date_gmt":"2024-01-21T17:56:08","guid":{"rendered":"https:\/\/seppohakkinen.fi\/wordpress\/?page_id=3363"},"modified":"2024-01-21T17:56:38","modified_gmt":"2024-01-21T17:56:38","slug":"kirjoituksia-2023","status":"publish","type":"page","link":"https:\/\/seppohakkinen.fi\/wordpress\/index.php\/kirjoituksia-2023\/","title":{"rendered":"Kirjoituksia 2023"},"content":{"rendered":"\t\t<div data-elementor-type=\"wp-page\" data-elementor-id=\"3363\" class=\"elementor elementor-3363\">\n\t\t\t\t<div class=\"elementor-element elementor-element-0b503fd e-flex e-con-boxed e-con e-parent\" data-id=\"0b503fd\" data-element_type=\"container\" data-e-type=\"container\">\n\t\t\t\t\t<div class=\"e-con-inner\">\n\t\t\t\t<div class=\"elementor-element elementor-element-4ba698a anwp-pg-widget-header-style--b anwp-pg-post-teaser__post-icon--size-16 elementor-widget elementor-widget-anwp-pg-classic-blog\" data-id=\"4ba698a\" data-element_type=\"widget\" data-e-type=\"widget\" data-widget_type=\"anwp-pg-classic-blog.default\">\n\t\t\t\t<div class=\"elementor-widget-container\">\n\t\t\t\t\t<div class=\"anwp-pg-wrap\">\n\n\t\n\t<div class=\"anwp-pg-classic-blog anwp-pg-posts-wrapper\">\n\t\t<div class=\"anwp-pg-post-teaser anwp-pg-post-teaser--layout-classic anwp-row anwp-no-gutters\">\n\n\t\n\t<div class=\"anwp-pg-post-teaser__content anwp-col-12\">\n\n\t\t<div class=\"anwp-pg-post-teaser__title anwp-font-heading my-2\">\n\t\t\t<a class=\"anwp-link-without-effects\" href=\"https:\/\/seppohakkinen.fi\/wordpress\/index.php\/2023\/09\/20\/jaada-turviin-armos-tyon\/\" aria-hidden=\"true\" >\n\t\t\t\tJ\u00e4\u00e4d\u00e4 turviin armos ty\u00f6n\t\t\t<\/a>\n\t\t<\/div>\n\n\t\t<div class=\"anwp-pg-post-teaser__bottom-meta d-flex flex-wrap\">\n\n\t\t\t\t\t\t\t<div class=\"anwp-pg-post-teaser__bottom-meta-item d-flex align-items-center mr-4\">\n\t\t\t\t\t<svg class=\"anwp-pg-icon anwp-pg-icon--s16 mr-2\">\n\t\t\t\t\t\t<use xlink:href=\"#icon-anwp-pg-person\"><\/use>\n\t\t\t\t\t<\/svg>\n\t\t\t\t\tadmin\t\t\t\t<\/div>\n\t\t\t\n\t\t\t\t\t\t\t<div class=\"anwp-pg-post-teaser__bottom-meta-item d-flex align-items-center mr-4\">\n\t\t\t\t\t<svg class=\"anwp-pg-icon anwp-pg-icon--s16 mr-2\">\n\t\t\t\t\t\t<use xlink:href=\"#icon-anwp-pg-calendar\"><\/use>\n\t\t\t\t\t<\/svg>\n\t\t\t\t\t<span class=\"screen-reader-text\">Posted on<\/span><time class=\"anwp-pg-published\" datetime=\"2023-09-20T16:04:37+00:00\">20 syyskuun, 2023<\/time><time class=\"anwp-pg-updated\" datetime=\"2024-03-11T16:15:32+00:00\">11 maaliskuun, 2024<\/time>\t\t\t\t<\/div>\n\t\t\t\t\t\t<\/div>\n\n\t\t<div class=\"anwp-pg-post-teaser__excerpt mt-2\">\n\t\t\tEl\u00e4m\u00e4ni biisi -kirjoitus El\u00e4m\u00e4-lehdess\u00e4 20.9.2023 En muista, milloin laulu alkoi soida mieless\u00e4ni aina silloin, kun edess\u00e4 oli jokin j\u00e4nnitt\u00e4v\u00e4 tai vaikea teht\u00e4v\u00e4. Vuosikymmeni\u00e4 siit\u00e4 on kuitenkin aikaa. Laulusta on tullut ...\t\t<\/div>\n\n\t\t\t<\/div>\n<\/div>\n<div class=\"anwp-pg-post-teaser anwp-pg-post-teaser--layout-classic anwp-row anwp-no-gutters\">\n\n\t\n\t<div class=\"anwp-pg-post-teaser__content anwp-col-12\">\n\n\t\t<div class=\"anwp-pg-post-teaser__title anwp-font-heading my-2\">\n\t\t\t<a class=\"anwp-link-without-effects\" href=\"https:\/\/seppohakkinen.fi\/wordpress\/index.php\/2023\/09\/01\/kalmistoista-hautausmaihin\/\" aria-hidden=\"true\" >\n\t\t\t\tKalmistoista hautausmaihin\t\t\t<\/a>\n\t\t<\/div>\n\n\t\t<div class=\"anwp-pg-post-teaser__bottom-meta d-flex flex-wrap\">\n\n\t\t\t\t\t\t\t<div class=\"anwp-pg-post-teaser__bottom-meta-item d-flex align-items-center mr-4\">\n\t\t\t\t\t<svg class=\"anwp-pg-icon anwp-pg-icon--s16 mr-2\">\n\t\t\t\t\t\t<use xlink:href=\"#icon-anwp-pg-person\"><\/use>\n\t\t\t\t\t<\/svg>\n\t\t\t\t\tadmin\t\t\t\t<\/div>\n\t\t\t\n\t\t\t\t\t\t\t<div class=\"anwp-pg-post-teaser__bottom-meta-item d-flex align-items-center mr-4\">\n\t\t\t\t\t<svg class=\"anwp-pg-icon anwp-pg-icon--s16 mr-2\">\n\t\t\t\t\t\t<use xlink:href=\"#icon-anwp-pg-calendar\"><\/use>\n\t\t\t\t\t<\/svg>\n\t\t\t\t\t<span class=\"screen-reader-text\">Posted on<\/span><time class=\"anwp-pg-published\" datetime=\"2023-09-01T16:04:37+00:00\">1 syyskuun, 2023<\/time><time class=\"anwp-pg-updated\" datetime=\"2024-02-27T10:57:38+00:00\">27 helmikuun, 2024<\/time>\t\t\t\t<\/div>\n\t\t\t\t\t\t<\/div>\n\n\t\t<div class=\"anwp-pg-post-teaser__excerpt mt-2\">\n\t\t\tKirjoitus Tiimalasi-lehden numerossa 3\/2023 Harvoin tulee ajatelleeksi, kuinka rikas merkityssis\u00e4lt\u00f6 on hautaamisen k\u00e4ytettyjen paikkojen nimill\u00e4. Ne kertovat paitsi kulttuurihistoriasta my\u00f6s suhtautumisesta kuolemaan. Kalmistoa k\u00e4ytet\u00e4\u00e4n varsinkin esikristillisen hautausmaan nimityksen\u00e4. Taustana on ...\t\t<\/div>\n\n\t\t\t<\/div>\n<\/div>\n<div class=\"anwp-pg-post-teaser anwp-pg-post-teaser--layout-classic anwp-row anwp-no-gutters\">\n\n\t\n\t<div class=\"anwp-pg-post-teaser__content anwp-col-12\">\n\n\t\t<div class=\"anwp-pg-post-teaser__title anwp-font-heading my-2\">\n\t\t\t<a class=\"anwp-link-without-effects\" href=\"https:\/\/seppohakkinen.fi\/wordpress\/index.php\/2023\/08\/11\/sovitus-johtaa-huolenpitoon-koko-luomakunnasta\/\" aria-hidden=\"true\" >\n\t\t\t\tSovitus johtaa huolenpitoon koko luomakunnasta\t\t\t<\/a>\n\t\t<\/div>\n\n\t\t<div class=\"anwp-pg-post-teaser__bottom-meta d-flex flex-wrap\">\n\n\t\t\t\t\t\t\t<div class=\"anwp-pg-post-teaser__bottom-meta-item d-flex align-items-center mr-4\">\n\t\t\t\t\t<svg class=\"anwp-pg-icon anwp-pg-icon--s16 mr-2\">\n\t\t\t\t\t\t<use xlink:href=\"#icon-anwp-pg-person\"><\/use>\n\t\t\t\t\t<\/svg>\n\t\t\t\t\tadmin\t\t\t\t<\/div>\n\t\t\t\n\t\t\t\t\t\t\t<div class=\"anwp-pg-post-teaser__bottom-meta-item d-flex align-items-center mr-4\">\n\t\t\t\t\t<svg class=\"anwp-pg-icon anwp-pg-icon--s16 mr-2\">\n\t\t\t\t\t\t<use xlink:href=\"#icon-anwp-pg-calendar\"><\/use>\n\t\t\t\t\t<\/svg>\n\t\t\t\t\t<span class=\"screen-reader-text\">Posted on<\/span><time class=\"anwp-pg-published\" datetime=\"2023-08-11T16:04:50+00:00\">11 elokuun, 2023<\/time><time class=\"anwp-pg-updated\" datetime=\"2024-02-09T14:20:32+00:00\">9 helmikuun, 2024<\/time>\t\t\t\t<\/div>\n\t\t\t\t\t\t<\/div>\n\n\t\t<div class=\"anwp-pg-post-teaser__excerpt mt-2\">\n\t\t\tKirjoitus Kontti-lehden numerossa 3-2023 \u201dHerran on maa ja kaikki mit\u00e4 siin\u00e4 on, maanpiiri ja ne jotka siin\u00e4 asuvat.\u201d (Ps. 24:1). Voiko sit\u00e4 selvemmin sanoa? Me nykyajan ihmiset olemme unohtaneet t\u00e4m\u00e4n ...\t\t<\/div>\n\n\t\t\t<\/div>\n<\/div>\n<div class=\"anwp-pg-post-teaser anwp-pg-post-teaser--layout-classic anwp-row anwp-no-gutters\">\n\n\t\n\t<div class=\"anwp-pg-post-teaser__content anwp-col-12\">\n\n\t\t<div class=\"anwp-pg-post-teaser__title anwp-font-heading my-2\">\n\t\t\t<a class=\"anwp-link-without-effects\" href=\"https:\/\/seppohakkinen.fi\/wordpress\/index.php\/2023\/07\/01\/konservatiivi-vai-liberaali\/\" aria-hidden=\"true\" >\n\t\t\t\tKonservatiivi vai liberaali\t\t\t<\/a>\n\t\t<\/div>\n\n\t\t<div class=\"anwp-pg-post-teaser__bottom-meta d-flex flex-wrap\">\n\n\t\t\t\t\t\t\t<div class=\"anwp-pg-post-teaser__bottom-meta-item d-flex align-items-center mr-4\">\n\t\t\t\t\t<svg class=\"anwp-pg-icon anwp-pg-icon--s16 mr-2\">\n\t\t\t\t\t\t<use xlink:href=\"#icon-anwp-pg-person\"><\/use>\n\t\t\t\t\t<\/svg>\n\t\t\t\t\tadmin\t\t\t\t<\/div>\n\t\t\t\n\t\t\t\t\t\t\t<div class=\"anwp-pg-post-teaser__bottom-meta-item d-flex align-items-center mr-4\">\n\t\t\t\t\t<svg class=\"anwp-pg-icon anwp-pg-icon--s16 mr-2\">\n\t\t\t\t\t\t<use xlink:href=\"#icon-anwp-pg-calendar\"><\/use>\n\t\t\t\t\t<\/svg>\n\t\t\t\t\t<span class=\"screen-reader-text\">Posted on<\/span><time class=\"anwp-pg-published\" datetime=\"2023-07-01T16:04:50+00:00\">1 hein\u00e4kuun, 2023<\/time><time class=\"anwp-pg-updated\" datetime=\"2024-02-09T14:20:54+00:00\">9 helmikuun, 2024<\/time>\t\t\t\t<\/div>\n\t\t\t\t\t\t\t\t\t<div class=\"anwp-pg-post-teaser__bottom-meta-item d-flex align-items-center mr-4\">\n\t\t\t\t\t\t<svg class=\"anwp-pg-icon anwp-pg-icon--s16 mr-2\">\n\t\t\t\t\t\t\t<use xlink:href=\"#icon-anwp-pg-comment-discussion\"><\/use>\n\t\t\t\t\t\t<\/svg>\n\t\t\t\t\t\t0\t\t\t\t\t<\/div>\n\t\t\t\t\t\t\t<\/div>\n\n\t\t<div class=\"anwp-pg-post-teaser__excerpt mt-2\">\n\t\t\tP\u00e4iv\u00e4n vieras -kirjoitus It\u00e4-H\u00e4me -lehdess\u00e4 1.7.2023 Kirkosta k\u00e4yt\u00e4v\u00e4\u00e4 keskustelua s\u00e4vytt\u00e4\u00e4 jaottelu konservatiiveihin ja liberaaleihin tai vanhoillisiin ja uudistusmielisiin. T\u00e4m\u00e4 n\u00e4kyi selv\u00e4sti esimerkiksi tuoreessa Mikkelin piispanvaalissa arvioitaessa sek\u00e4 hiippakuntaa ett\u00e4 ehdokkaita. ...\t\t<\/div>\n\n\t\t\t<\/div>\n<\/div>\n<div class=\"anwp-pg-post-teaser anwp-pg-post-teaser--layout-classic anwp-row anwp-no-gutters\">\n\n\t\n\t<div class=\"anwp-pg-post-teaser__content anwp-col-12\">\n\n\t\t<div class=\"anwp-pg-post-teaser__title anwp-font-heading my-2\">\n\t\t\t<a class=\"anwp-link-without-effects\" href=\"https:\/\/seppohakkinen.fi\/wordpress\/index.php\/2023\/06\/22\/nuorena-opittu-kantaa-lapi-elaman\/\" aria-hidden=\"true\" >\n\t\t\t\tNuorena opittu kantaa l\u00e4pi el\u00e4m\u00e4n\t\t\t<\/a>\n\t\t<\/div>\n\n\t\t<div class=\"anwp-pg-post-teaser__bottom-meta d-flex flex-wrap\">\n\n\t\t\t\t\t\t\t<div class=\"anwp-pg-post-teaser__bottom-meta-item d-flex align-items-center mr-4\">\n\t\t\t\t\t<svg class=\"anwp-pg-icon anwp-pg-icon--s16 mr-2\">\n\t\t\t\t\t\t<use xlink:href=\"#icon-anwp-pg-person\"><\/use>\n\t\t\t\t\t<\/svg>\n\t\t\t\t\tadmin\t\t\t\t<\/div>\n\t\t\t\n\t\t\t\t\t\t\t<div class=\"anwp-pg-post-teaser__bottom-meta-item d-flex align-items-center mr-4\">\n\t\t\t\t\t<svg class=\"anwp-pg-icon anwp-pg-icon--s16 mr-2\">\n\t\t\t\t\t\t<use xlink:href=\"#icon-anwp-pg-calendar\"><\/use>\n\t\t\t\t\t<\/svg>\n\t\t\t\t\t<span class=\"screen-reader-text\">Posted on<\/span><time class=\"anwp-pg-published\" datetime=\"2023-06-22T16:04:50+00:00\">22 kes\u00e4kuun, 2023<\/time><time class=\"anwp-pg-updated\" datetime=\"2024-02-09T14:21:13+00:00\">9 helmikuun, 2024<\/time>\t\t\t\t<\/div>\n\t\t\t\t\t\t<\/div>\n\n\t\t<div class=\"anwp-pg-post-teaser__excerpt mt-2\">\n\t\t\tTervehdyskirjoitus Sotilaspoika-lehteen 2-2023 \u201dParasta, mik\u00e4 miehess\u00e4 s\u00e4ilyy hautaan saakka, on h\u00e4ness\u00e4 asuva poika!\u201d N\u00e4in muistan opetusneuvos, rovasti Pentti Tapion usein toistaneen. H\u00e4n teki el\u00e4m\u00e4nty\u00f6ns\u00e4 poikien ja sotaveteraanien pappina ja siksi ...\t\t<\/div>\n\n\t\t\t<\/div>\n<\/div>\n<div class=\"anwp-pg-post-teaser anwp-pg-post-teaser--layout-classic anwp-row anwp-no-gutters\">\n\n\t\n\t<div class=\"anwp-pg-post-teaser__content anwp-col-12\">\n\n\t\t<div class=\"anwp-pg-post-teaser__title anwp-font-heading my-2\">\n\t\t\t<a class=\"anwp-link-without-effects\" href=\"https:\/\/seppohakkinen.fi\/wordpress\/index.php\/2023\/06\/15\/mita-tehda-kaytosta-poistuville-hautakiville\/\" aria-hidden=\"true\" >\n\t\t\t\tMit\u00e4 tehd\u00e4 k\u00e4yt\u00f6st\u00e4 poistuville hautakiville?\t\t\t<\/a>\n\t\t<\/div>\n\n\t\t<div class=\"anwp-pg-post-teaser__bottom-meta d-flex flex-wrap\">\n\n\t\t\t\t\t\t\t<div class=\"anwp-pg-post-teaser__bottom-meta-item d-flex align-items-center mr-4\">\n\t\t\t\t\t<svg class=\"anwp-pg-icon anwp-pg-icon--s16 mr-2\">\n\t\t\t\t\t\t<use xlink:href=\"#icon-anwp-pg-person\"><\/use>\n\t\t\t\t\t<\/svg>\n\t\t\t\t\tadmin\t\t\t\t<\/div>\n\t\t\t\n\t\t\t\t\t\t\t<div class=\"anwp-pg-post-teaser__bottom-meta-item d-flex align-items-center mr-4\">\n\t\t\t\t\t<svg class=\"anwp-pg-icon anwp-pg-icon--s16 mr-2\">\n\t\t\t\t\t\t<use xlink:href=\"#icon-anwp-pg-calendar\"><\/use>\n\t\t\t\t\t<\/svg>\n\t\t\t\t\t<span class=\"screen-reader-text\">Posted on<\/span><time class=\"anwp-pg-published\" datetime=\"2023-06-15T16:04:50+00:00\">15 kes\u00e4kuun, 2023<\/time><time class=\"anwp-pg-updated\" datetime=\"2024-02-09T14:21:25+00:00\">9 helmikuun, 2024<\/time>\t\t\t\t<\/div>\n\t\t\t\t\t\t<\/div>\n\n\t\t<div class=\"anwp-pg-post-teaser__excerpt mt-2\">\n\t\t\tKirjoitus Tiimalasi-lehden numerossa 2\/2023 Hautamuistomerkki kuuluu hautaoikeuden haltijalle. Omaiset hankkivat, pit\u00e4v\u00e4t kunnossa ja my\u00f6s aikanaan poistavat hautakiven tai muun muistomerkin sen j\u00e4lkeen, kun hautaoikeus on lakannut. K\u00e4yt\u00e4nn\u00f6ss\u00e4 tilanne on usein ...\t\t<\/div>\n\n\t\t\t<\/div>\n<\/div>\n<div class=\"anwp-pg-post-teaser anwp-pg-post-teaser--layout-classic anwp-row anwp-no-gutters\">\n\n\t\n\t<div class=\"anwp-pg-post-teaser__content anwp-col-12\">\n\n\t\t<div class=\"anwp-pg-post-teaser__title anwp-font-heading my-2\">\n\t\t\t<a class=\"anwp-link-without-effects\" href=\"https:\/\/seppohakkinen.fi\/wordpress\/index.php\/2023\/06\/09\/rippikoulu-vaikutti-elamanpolkuuni\/\" aria-hidden=\"true\" >\n\t\t\t\tRippikoulu vaikutti el\u00e4m\u00e4npolkuuni\t\t\t<\/a>\n\t\t<\/div>\n\n\t\t<div class=\"anwp-pg-post-teaser__bottom-meta d-flex flex-wrap\">\n\n\t\t\t\t\t\t\t<div class=\"anwp-pg-post-teaser__bottom-meta-item d-flex align-items-center mr-4\">\n\t\t\t\t\t<svg class=\"anwp-pg-icon anwp-pg-icon--s16 mr-2\">\n\t\t\t\t\t\t<use xlink:href=\"#icon-anwp-pg-person\"><\/use>\n\t\t\t\t\t<\/svg>\n\t\t\t\t\tadmin\t\t\t\t<\/div>\n\t\t\t\n\t\t\t\t\t\t\t<div class=\"anwp-pg-post-teaser__bottom-meta-item d-flex align-items-center mr-4\">\n\t\t\t\t\t<svg class=\"anwp-pg-icon anwp-pg-icon--s16 mr-2\">\n\t\t\t\t\t\t<use xlink:href=\"#icon-anwp-pg-calendar\"><\/use>\n\t\t\t\t\t<\/svg>\n\t\t\t\t\t<span class=\"screen-reader-text\">Posted on<\/span><time class=\"anwp-pg-published\" datetime=\"2023-06-09T16:04:50+00:00\">9 kes\u00e4kuun, 2023<\/time><time class=\"anwp-pg-updated\" datetime=\"2024-01-21T17:58:15+00:00\">21 tammikuun, 2024<\/time>\t\t\t\t<\/div>\n\t\t\t\t\t\t<\/div>\n\n\t\t<div class=\"anwp-pg-post-teaser__excerpt mt-2\">\n\t\t\t2023-06-09 06:00:29 P\u00e4iv\u00e4n vieras -kirjoitus It\u00e4-H\u00e4me -lehdess\u00e4 9.6.2023 Onko siit\u00e4 jo niin kauan? Havahduin kes\u00e4kuun alussa muistoon, ett\u00e4 viisikymment\u00e4 vuotta sitten olin rippikoulussa Oronmyllyn leirikeskuksessa Parikkalassa. Meit\u00e4 oli seitsemisenkymment\u00e4 nuorta ...\t\t<\/div>\n\n\t\t\t<\/div>\n<\/div>\n<div class=\"anwp-pg-post-teaser anwp-pg-post-teaser--layout-classic anwp-row anwp-no-gutters\">\n\n\t\n\t<div class=\"anwp-pg-post-teaser__content anwp-col-12\">\n\n\t\t<div class=\"anwp-pg-post-teaser__title anwp-font-heading my-2\">\n\t\t\t<a class=\"anwp-link-without-effects\" href=\"https:\/\/seppohakkinen.fi\/wordpress\/index.php\/2023\/05\/27\/helluntai-kutsuu-rakentamaan-yhteytta\/\" aria-hidden=\"true\" >\n\t\t\t\tHelluntai kutsuu rakentamaan yhteytt\u00e4\t\t\t<\/a>\n\t\t<\/div>\n\n\t\t<div class=\"anwp-pg-post-teaser__bottom-meta d-flex flex-wrap\">\n\n\t\t\t\t\t\t\t<div class=\"anwp-pg-post-teaser__bottom-meta-item d-flex align-items-center mr-4\">\n\t\t\t\t\t<svg class=\"anwp-pg-icon anwp-pg-icon--s16 mr-2\">\n\t\t\t\t\t\t<use xlink:href=\"#icon-anwp-pg-person\"><\/use>\n\t\t\t\t\t<\/svg>\n\t\t\t\t\tadmin\t\t\t\t<\/div>\n\t\t\t\n\t\t\t\t\t\t\t<div class=\"anwp-pg-post-teaser__bottom-meta-item d-flex align-items-center mr-4\">\n\t\t\t\t\t<svg class=\"anwp-pg-icon anwp-pg-icon--s16 mr-2\">\n\t\t\t\t\t\t<use xlink:href=\"#icon-anwp-pg-calendar\"><\/use>\n\t\t\t\t\t<\/svg>\n\t\t\t\t\t<span class=\"screen-reader-text\">Posted on<\/span><time class=\"anwp-pg-published\" datetime=\"2023-05-27T16:04:50+00:00\">27 toukokuun, 2023<\/time><time class=\"anwp-pg-updated\" datetime=\"2024-01-21T17:52:30+00:00\">21 tammikuun, 2024<\/time>\t\t\t\t<\/div>\n\t\t\t\t\t\t<\/div>\n\n\t\t<div class=\"anwp-pg-post-teaser__excerpt mt-2\">\n\t\t\t2023-05-27 08:55:12 Helluntaikirjoitus helluntaina 2023 Polarisaatio on k\u00e4site, joka toistuu usein julkisessa keskustelussa, uutisissa, ajankohtaisohjelmissa ja tieteellisess\u00e4 tutkimuksessa. Termill\u00e4 viitataan yhteiskunnalliseen kahtiajakautumiseen. Se ilmenee muun muassa asenne-erojen k\u00e4rjistymisen\u00e4 ja vuorovaikutuksen ...\t\t<\/div>\n\n\t\t\t<\/div>\n<\/div>\n<div class=\"anwp-pg-post-teaser anwp-pg-post-teaser--layout-classic anwp-row anwp-no-gutters\">\n\n\t\n\t<div class=\"anwp-pg-post-teaser__content anwp-col-12\">\n\n\t\t<div class=\"anwp-pg-post-teaser__title anwp-font-heading my-2\">\n\t\t\t<a class=\"anwp-link-without-effects\" href=\"https:\/\/seppohakkinen.fi\/wordpress\/index.php\/2023\/04\/14\/ilman-pyhaa-on-vain-arkea\/\" aria-hidden=\"true\" >\n\t\t\t\tIlman pyh\u00e4\u00e4 on vain arkea\t\t\t<\/a>\n\t\t<\/div>\n\n\t\t<div class=\"anwp-pg-post-teaser__bottom-meta d-flex flex-wrap\">\n\n\t\t\t\t\t\t\t<div class=\"anwp-pg-post-teaser__bottom-meta-item d-flex align-items-center mr-4\">\n\t\t\t\t\t<svg class=\"anwp-pg-icon anwp-pg-icon--s16 mr-2\">\n\t\t\t\t\t\t<use xlink:href=\"#icon-anwp-pg-person\"><\/use>\n\t\t\t\t\t<\/svg>\n\t\t\t\t\tadmin\t\t\t\t<\/div>\n\t\t\t\n\t\t\t\t\t\t\t<div class=\"anwp-pg-post-teaser__bottom-meta-item d-flex align-items-center mr-4\">\n\t\t\t\t\t<svg class=\"anwp-pg-icon anwp-pg-icon--s16 mr-2\">\n\t\t\t\t\t\t<use xlink:href=\"#icon-anwp-pg-calendar\"><\/use>\n\t\t\t\t\t<\/svg>\n\t\t\t\t\t<span class=\"screen-reader-text\">Posted on<\/span><time class=\"anwp-pg-published\" datetime=\"2023-04-14T16:04:50+00:00\">14 huhtikuun, 2023<\/time><time class=\"anwp-pg-updated\" datetime=\"2024-01-21T17:51:00+00:00\">21 tammikuun, 2024<\/time>\t\t\t\t<\/div>\n\t\t\t\t\t\t<\/div>\n\n\t\t<div class=\"anwp-pg-post-teaser__excerpt mt-2\">\n\t\t\t2023-04-14 06:00:11 4 P\u00e4iv\u00e4n vieras -kirjoitus It\u00e4-H\u00e4me -lehdess\u00e4 14.4.2023 field_585a3aac9f478 Kirkkovuosi on rytmitt\u00e4nyt kansamme el\u00e4m\u00e4\u00e4 vuosisatojen ajan. Sen merkitys n\u00e4kyy yh\u00e4 juhla- ja tapakulttuurissamme, vaikka el\u00e4m\u00e4ntavoiltaan pirstoutunut nykyaika ei sit\u00e4 ...\t\t<\/div>\n\n\t\t\t<\/div>\n<\/div>\n<div class=\"anwp-pg-post-teaser anwp-pg-post-teaser--layout-classic anwp-row anwp-no-gutters\">\n\n\t\n\t<div class=\"anwp-pg-post-teaser__content anwp-col-12\">\n\n\t\t<div class=\"anwp-pg-post-teaser__title anwp-font-heading my-2\">\n\t\t\t<a class=\"anwp-link-without-effects\" href=\"https:\/\/seppohakkinen.fi\/wordpress\/index.php\/2023\/04\/11\/ylikulutuspaiva-meni-jo-talta-vuodelta\/\" aria-hidden=\"true\" >\n\t\t\t\tYlikulutusp\u00e4iv\u00e4 meni jo t\u00e4lt\u00e4 vuodelta\t\t\t<\/a>\n\t\t<\/div>\n\n\t\t<div class=\"anwp-pg-post-teaser__bottom-meta d-flex flex-wrap\">\n\n\t\t\t\t\t\t\t<div class=\"anwp-pg-post-teaser__bottom-meta-item d-flex align-items-center mr-4\">\n\t\t\t\t\t<svg class=\"anwp-pg-icon anwp-pg-icon--s16 mr-2\">\n\t\t\t\t\t\t<use xlink:href=\"#icon-anwp-pg-person\"><\/use>\n\t\t\t\t\t<\/svg>\n\t\t\t\t\tadmin\t\t\t\t<\/div>\n\t\t\t\n\t\t\t\t\t\t\t<div class=\"anwp-pg-post-teaser__bottom-meta-item d-flex align-items-center mr-4\">\n\t\t\t\t\t<svg class=\"anwp-pg-icon anwp-pg-icon--s16 mr-2\">\n\t\t\t\t\t\t<use xlink:href=\"#icon-anwp-pg-calendar\"><\/use>\n\t\t\t\t\t<\/svg>\n\t\t\t\t\t<span class=\"screen-reader-text\">Posted on<\/span><time class=\"anwp-pg-published\" datetime=\"2023-04-11T16:04:50+00:00\">11 huhtikuun, 2023<\/time><time class=\"anwp-pg-updated\" datetime=\"2024-01-21T17:59:53+00:00\">21 tammikuun, 2024<\/time>\t\t\t\t<\/div>\n\t\t\t\t\t\t<\/div>\n\n\t\t<div class=\"anwp-pg-post-teaser__excerpt mt-2\">\n\t\t\t2023-04-11 06:00:17 Kirkonseudun vieraskolumni 11.4.2023 Suomalaisten ylikulutusp\u00e4iv\u00e4 sijoittuu maaliskuun loppuun. Se tarkoittaa, ett\u00e4 olemme laskennallisesti kuluttaneet kolmessa kuukaudessa osamme maapallon uusiutuvista luonnonvaroista t\u00e4lt\u00e4 vuodelta. Laskennallisuus tarkoittaa, ett\u00e4 luonnonvarojen kulutusta arvioidaan ...\t\t<\/div>\n\n\t\t\t<\/div>\n<\/div>\n<div class=\"anwp-pg-post-teaser anwp-pg-post-teaser--layout-classic anwp-row anwp-no-gutters\">\n\n\t\n\t<div class=\"anwp-pg-post-teaser__content anwp-col-12\">\n\n\t\t<div class=\"anwp-pg-post-teaser__title anwp-font-heading my-2\">\n\t\t\t<a class=\"anwp-link-without-effects\" href=\"https:\/\/seppohakkinen.fi\/wordpress\/index.php\/2023\/03\/29\/kirkonkellojen-tehtava-kuolemassa-ja-hautauksessa\/\" aria-hidden=\"true\" >\n\t\t\t\tKirkonkellojen teht\u00e4v\u00e4 kuolemassa ja hautauksessa\t\t\t<\/a>\n\t\t<\/div>\n\n\t\t<div class=\"anwp-pg-post-teaser__bottom-meta d-flex flex-wrap\">\n\n\t\t\t\t\t\t\t<div class=\"anwp-pg-post-teaser__bottom-meta-item d-flex align-items-center mr-4\">\n\t\t\t\t\t<svg class=\"anwp-pg-icon anwp-pg-icon--s16 mr-2\">\n\t\t\t\t\t\t<use xlink:href=\"#icon-anwp-pg-person\"><\/use>\n\t\t\t\t\t<\/svg>\n\t\t\t\t\tadmin\t\t\t\t<\/div>\n\t\t\t\n\t\t\t\t\t\t\t<div class=\"anwp-pg-post-teaser__bottom-meta-item d-flex align-items-center mr-4\">\n\t\t\t\t\t<svg class=\"anwp-pg-icon anwp-pg-icon--s16 mr-2\">\n\t\t\t\t\t\t<use xlink:href=\"#icon-anwp-pg-calendar\"><\/use>\n\t\t\t\t\t<\/svg>\n\t\t\t\t\t<span class=\"screen-reader-text\">Posted on<\/span><time class=\"anwp-pg-published\" datetime=\"2023-03-29T16:04:50+00:00\">29 maaliskuun, 2023<\/time><time class=\"anwp-pg-updated\" datetime=\"2024-01-21T17:58:48+00:00\">21 tammikuun, 2024<\/time>\t\t\t\t<\/div>\n\t\t\t\t\t\t<\/div>\n\n\t\t<div class=\"anwp-pg-post-teaser__excerpt mt-2\">\n\t\t\t2023-03-29 Kirjoitus Tiimalasi-lehden numerossa 1\/2022 Kirkonkellojen soittaminen kuoleman ja hautauksen yhteydess\u00e4 on vuosisatoja vanha traditio. K\u00e4yt\u00e4nn\u00f6t ovat vaihdelleet eri aikoina ja yh\u00e4 vaihtelevat eri seurakunnissa. Maassamme tunnetaan ainakin kuusi kuolemaan ...\t\t<\/div>\n\n\t\t\t<\/div>\n<\/div>\n<div class=\"anwp-pg-post-teaser anwp-pg-post-teaser--layout-classic anwp-row anwp-no-gutters\">\n\n\t\n\t<div class=\"anwp-pg-post-teaser__content anwp-col-12\">\n\n\t\t<div class=\"anwp-pg-post-teaser__title anwp-font-heading my-2\">\n\t\t\t<a class=\"anwp-link-without-effects\" href=\"https:\/\/seppohakkinen.fi\/wordpress\/index.php\/2023\/03\/23\/kirkon-tehtava-turvallisuusympariston-muutoksessa\/\" aria-hidden=\"true\" >\n\t\t\t\tKirkon teht\u00e4v\u00e4 turvallisuusymp\u00e4rist\u00f6n muutoksessa\t\t\t<\/a>\n\t\t<\/div>\n\n\t\t<div class=\"anwp-pg-post-teaser__bottom-meta d-flex flex-wrap\">\n\n\t\t\t\t\t\t\t<div class=\"anwp-pg-post-teaser__bottom-meta-item d-flex align-items-center mr-4\">\n\t\t\t\t\t<svg class=\"anwp-pg-icon anwp-pg-icon--s16 mr-2\">\n\t\t\t\t\t\t<use xlink:href=\"#icon-anwp-pg-person\"><\/use>\n\t\t\t\t\t<\/svg>\n\t\t\t\t\tadmin\t\t\t\t<\/div>\n\t\t\t\n\t\t\t\t\t\t\t<div class=\"anwp-pg-post-teaser__bottom-meta-item d-flex align-items-center mr-4\">\n\t\t\t\t\t<svg class=\"anwp-pg-icon anwp-pg-icon--s16 mr-2\">\n\t\t\t\t\t\t<use xlink:href=\"#icon-anwp-pg-calendar\"><\/use>\n\t\t\t\t\t<\/svg>\n\t\t\t\t\t<span class=\"screen-reader-text\">Posted on<\/span><time class=\"anwp-pg-published\" datetime=\"2023-03-23T16:04:49+00:00\">23 maaliskuun, 2023<\/time><time class=\"anwp-pg-updated\" datetime=\"2024-01-21T18:23:08+00:00\">21 tammikuun, 2024<\/time>\t\t\t\t<\/div>\n\t\t\t\t\t\t<\/div>\n\n\t\t<div class=\"anwp-pg-post-teaser__excerpt mt-2\">\n\t\t\tKirjoitus Crux-lehdess\u00e4 1\/2023 \u201dKylm\u00e4n sodan\u00a0j\u00e4lkeisen vedenjakaja-ajan p\u00e4\u00e4tti koronaviruspandemia ja sit\u00e4kin selvemmin Ven\u00e4j\u00e4n hy\u00f6kk\u00e4ys Ukrainaan. Alkaa uusi aikakausi, jonka koko olemus ei viel\u00e4 n\u00e4y.\u201d N\u00e4in totesi hiljakkoin poliittisen historian emeritusprofessori Kimmo ...\t\t<\/div>\n\n\t\t\t<\/div>\n<\/div>\n<div class=\"anwp-pg-post-teaser anwp-pg-post-teaser--layout-classic anwp-row anwp-no-gutters\">\n\n\t\n\t<div class=\"anwp-pg-post-teaser__content anwp-col-12\">\n\n\t\t<div class=\"anwp-pg-post-teaser__title anwp-font-heading my-2\">\n\t\t\t<a class=\"anwp-link-without-effects\" href=\"https:\/\/seppohakkinen.fi\/wordpress\/index.php\/2023\/03\/18\/pilkka-ja-kritiikki-ovat-eri-asioita\/\" aria-hidden=\"true\" >\n\t\t\t\tPilkka ja kritiikki ovat eri asioita\t\t\t<\/a>\n\t\t<\/div>\n\n\t\t<div class=\"anwp-pg-post-teaser__bottom-meta d-flex flex-wrap\">\n\n\t\t\t\t\t\t\t<div class=\"anwp-pg-post-teaser__bottom-meta-item d-flex align-items-center mr-4\">\n\t\t\t\t\t<svg class=\"anwp-pg-icon anwp-pg-icon--s16 mr-2\">\n\t\t\t\t\t\t<use xlink:href=\"#icon-anwp-pg-person\"><\/use>\n\t\t\t\t\t<\/svg>\n\t\t\t\t\tadmin\t\t\t\t<\/div>\n\t\t\t\n\t\t\t\t\t\t\t<div class=\"anwp-pg-post-teaser__bottom-meta-item d-flex align-items-center mr-4\">\n\t\t\t\t\t<svg class=\"anwp-pg-icon anwp-pg-icon--s16 mr-2\">\n\t\t\t\t\t\t<use xlink:href=\"#icon-anwp-pg-calendar\"><\/use>\n\t\t\t\t\t<\/svg>\n\t\t\t\t\t<span class=\"screen-reader-text\">Posted on<\/span><time class=\"anwp-pg-published\" datetime=\"2023-03-18T16:04:50+00:00\">18 maaliskuun, 2023<\/time><time class=\"anwp-pg-updated\" datetime=\"2024-01-21T17:59:19+00:00\">21 tammikuun, 2024<\/time>\t\t\t\t<\/div>\n\t\t\t\t\t\t<\/div>\n\n\t\t<div class=\"anwp-pg-post-teaser__excerpt mt-2\">\n\t\t\t2023-08-18 14:00:34 P\u00e4iv\u00e4n vieras -kirjoitus It\u00e4-H\u00e4me -lehdess\u00e4 18.8.2023 Kes\u00e4n trendin\u00e4 on Ruotsissa ja Tanskassa ollut Koraanien polttaminen. Uutisen mukaan \u201dTanskassa tapahtuu nyt useita Koraanin polttamisia p\u00e4ivitt\u00e4in, mik\u00e4 on viem\u00e4ss\u00e4 maan ...\t\t<\/div>\n\n\t\t\t<\/div>\n<\/div>\n<div class=\"anwp-pg-post-teaser anwp-pg-post-teaser--layout-classic anwp-row anwp-no-gutters\">\n\n\t\n\t<div class=\"anwp-pg-post-teaser__content anwp-col-12\">\n\n\t\t<div class=\"anwp-pg-post-teaser__title anwp-font-heading my-2\">\n\t\t\t<a class=\"anwp-link-without-effects\" href=\"https:\/\/seppohakkinen.fi\/wordpress\/index.php\/2023\/03\/16\/arvokas-elama-arvokas-kuolema\/\" aria-hidden=\"true\" >\n\t\t\t\tArvokas el\u00e4m\u00e4 \u2013 arvokas kuolema\t\t\t<\/a>\n\t\t<\/div>\n\n\t\t<div class=\"anwp-pg-post-teaser__bottom-meta d-flex flex-wrap\">\n\n\t\t\t\t\t\t\t<div class=\"anwp-pg-post-teaser__bottom-meta-item d-flex align-items-center mr-4\">\n\t\t\t\t\t<svg class=\"anwp-pg-icon anwp-pg-icon--s16 mr-2\">\n\t\t\t\t\t\t<use xlink:href=\"#icon-anwp-pg-person\"><\/use>\n\t\t\t\t\t<\/svg>\n\t\t\t\t\tadmin\t\t\t\t<\/div>\n\t\t\t\n\t\t\t\t\t\t\t<div class=\"anwp-pg-post-teaser__bottom-meta-item d-flex align-items-center mr-4\">\n\t\t\t\t\t<svg class=\"anwp-pg-icon anwp-pg-icon--s16 mr-2\">\n\t\t\t\t\t\t<use xlink:href=\"#icon-anwp-pg-calendar\"><\/use>\n\t\t\t\t\t<\/svg>\n\t\t\t\t\t<span class=\"screen-reader-text\">Posted on<\/span><time class=\"anwp-pg-published\" datetime=\"2023-03-16T16:04:49+00:00\">16 maaliskuun, 2023<\/time><time class=\"anwp-pg-updated\" datetime=\"2024-01-21T18:25:20+00:00\">21 tammikuun, 2024<\/time>\t\t\t\t<\/div>\n\t\t\t\t\t\t<\/div>\n\n\t\t<div class=\"anwp-pg-post-teaser__excerpt mt-2\">\n\t\t\tMielipidekirjoitus yhdess\u00e4 l\u00e4\u00e4k\u00e4ri, teologian maisteri Kalle M\u00e4en kanssa L\u00e4nsi-Savo -lehdess\u00e4 15.3.2023 El\u00e4m\u00e4 on arvokkainta, mit\u00e4 meill\u00e4 on. El\u00e4m\u00e4n l\u00e4hestyess\u00e4 loppua sen arvo n\u00e4hd\u00e4\u00e4n usein selkeimmin. Ajan k\u00e4ydess\u00e4 v\u00e4hiin on hetki ...\t\t<\/div>\n\n\t\t\t<\/div>\n<\/div>\n<div class=\"anwp-pg-post-teaser anwp-pg-post-teaser--layout-classic anwp-row anwp-no-gutters\">\n\n\t\n\t<div class=\"anwp-pg-post-teaser__content anwp-col-12\">\n\n\t\t<div class=\"anwp-pg-post-teaser__title anwp-font-heading my-2\">\n\t\t\t<a class=\"anwp-link-without-effects\" href=\"https:\/\/seppohakkinen.fi\/wordpress\/index.php\/2023\/02\/17\/kuulomatka-on-hyva-neuvo-vastakkainasettelussa\/\" aria-hidden=\"true\" >\n\t\t\t\tKuulomatka on hyv\u00e4 neuvo vastakkainasettelussa\t\t\t<\/a>\n\t\t<\/div>\n\n\t\t<div class=\"anwp-pg-post-teaser__bottom-meta d-flex flex-wrap\">\n\n\t\t\t\t\t\t\t<div class=\"anwp-pg-post-teaser__bottom-meta-item d-flex align-items-center mr-4\">\n\t\t\t\t\t<svg class=\"anwp-pg-icon anwp-pg-icon--s16 mr-2\">\n\t\t\t\t\t\t<use xlink:href=\"#icon-anwp-pg-person\"><\/use>\n\t\t\t\t\t<\/svg>\n\t\t\t\t\tadmin\t\t\t\t<\/div>\n\t\t\t\n\t\t\t\t\t\t\t<div class=\"anwp-pg-post-teaser__bottom-meta-item d-flex align-items-center mr-4\">\n\t\t\t\t\t<svg class=\"anwp-pg-icon anwp-pg-icon--s16 mr-2\">\n\t\t\t\t\t\t<use xlink:href=\"#icon-anwp-pg-calendar\"><\/use>\n\t\t\t\t\t<\/svg>\n\t\t\t\t\t<span class=\"screen-reader-text\">Posted on<\/span><time class=\"anwp-pg-published\" datetime=\"2023-02-17T16:04:49+00:00\">17 helmikuun, 2023<\/time><time class=\"anwp-pg-updated\" datetime=\"2024-01-21T18:23:44+00:00\">21 tammikuun, 2024<\/time>\t\t\t\t<\/div>\n\t\t\t\t\t\t<\/div>\n\n\t\t<div class=\"anwp-pg-post-teaser__excerpt mt-2\">\n\t\t\tP\u00e4iv\u00e4n vieras -kirjoitus It\u00e4-H\u00e4me -lehdess\u00e4 17.2.2023 Julkisen keskustelun perusteella voi n\u00e4ytt\u00e4\u00e4 silt\u00e4, ett\u00e4 vastakkainasettelut ovat lis\u00e4\u00e4ntyneet maassamme. Monet poliitikot ja yhteiskunnalliset vaikuttajat toistelevat yhteiskunnallisen ilmapiirin kiristyneen. Erityisesti sosiaalisessa mediassa tapahtuu ...\t\t<\/div>\n\n\t\t\t<\/div>\n<\/div>\n<div class=\"anwp-pg-post-teaser anwp-pg-post-teaser--layout-classic anwp-row anwp-no-gutters\">\n\n\t\n\t<div class=\"anwp-pg-post-teaser__content anwp-col-12\">\n\n\t\t<div class=\"anwp-pg-post-teaser__title anwp-font-heading my-2\">\n\t\t\t<a class=\"anwp-link-without-effects\" href=\"https:\/\/seppohakkinen.fi\/wordpress\/index.php\/2023\/02\/04\/toiveita-keskusteluun-katsomusopetuksesta\/\" aria-hidden=\"true\" >\n\t\t\t\tToiveita keskusteluun katsomusopetuksesta\t\t\t<\/a>\n\t\t<\/div>\n\n\t\t<div class=\"anwp-pg-post-teaser__bottom-meta d-flex flex-wrap\">\n\n\t\t\t\t\t\t\t<div class=\"anwp-pg-post-teaser__bottom-meta-item d-flex align-items-center mr-4\">\n\t\t\t\t\t<svg class=\"anwp-pg-icon anwp-pg-icon--s16 mr-2\">\n\t\t\t\t\t\t<use xlink:href=\"#icon-anwp-pg-person\"><\/use>\n\t\t\t\t\t<\/svg>\n\t\t\t\t\tadmin\t\t\t\t<\/div>\n\t\t\t\n\t\t\t\t\t\t\t<div class=\"anwp-pg-post-teaser__bottom-meta-item d-flex align-items-center mr-4\">\n\t\t\t\t\t<svg class=\"anwp-pg-icon anwp-pg-icon--s16 mr-2\">\n\t\t\t\t\t\t<use xlink:href=\"#icon-anwp-pg-calendar\"><\/use>\n\t\t\t\t\t<\/svg>\n\t\t\t\t\t<span class=\"screen-reader-text\">Posted on<\/span><time class=\"anwp-pg-published\" datetime=\"2023-02-04T16:04:49+00:00\">4 helmikuun, 2023<\/time><time class=\"anwp-pg-updated\" datetime=\"2024-01-22T16:19:31+00:00\">22 tammikuun, 2024<\/time>\t\t\t\t<\/div>\n\t\t\t\t\t\t<\/div>\n\n\t\t<div class=\"anwp-pg-post-teaser__excerpt mt-2\">\n\t\t\tVieraskolumni Kirkonseutu-lehdess\u00e4 4.2.2023 Keskustelu koulun katsomusopetuksesta on j\u00e4lkeen kerran virinnyt. Olen seurannut keskustelua ja osallistunut siihen usean vuosikymmenen ajan. Olen nykymallin kannalla. Siihen liittyy kehitt\u00e4mistarpeita, mutta malli sin\u00e4ns\u00e4 tarjoaa kansainv\u00e4lisestikin ...\t\t<\/div>\n\n\t\t\t<\/div>\n<\/div>\n<div class=\"anwp-pg-post-teaser anwp-pg-post-teaser--layout-classic anwp-row anwp-no-gutters\">\n\n\t\n\t<div class=\"anwp-pg-post-teaser__content anwp-col-12\">\n\n\t\t<div class=\"anwp-pg-post-teaser__title anwp-font-heading my-2\">\n\t\t\t<a class=\"anwp-link-without-effects\" href=\"https:\/\/seppohakkinen.fi\/wordpress\/index.php\/2023\/01\/26\/uskonto-turvan-ja-vakauden-vahvistajana\/\" aria-hidden=\"true\" >\n\t\t\t\tUskonto turvan ja vakauden vahvistajana\t\t\t<\/a>\n\t\t<\/div>\n\n\t\t<div class=\"anwp-pg-post-teaser__bottom-meta d-flex flex-wrap\">\n\n\t\t\t\t\t\t\t<div class=\"anwp-pg-post-teaser__bottom-meta-item d-flex align-items-center mr-4\">\n\t\t\t\t\t<svg class=\"anwp-pg-icon anwp-pg-icon--s16 mr-2\">\n\t\t\t\t\t\t<use xlink:href=\"#icon-anwp-pg-person\"><\/use>\n\t\t\t\t\t<\/svg>\n\t\t\t\t\tadmin\t\t\t\t<\/div>\n\t\t\t\n\t\t\t\t\t\t\t<div class=\"anwp-pg-post-teaser__bottom-meta-item d-flex align-items-center mr-4\">\n\t\t\t\t\t<svg class=\"anwp-pg-icon anwp-pg-icon--s16 mr-2\">\n\t\t\t\t\t\t<use xlink:href=\"#icon-anwp-pg-calendar\"><\/use>\n\t\t\t\t\t<\/svg>\n\t\t\t\t\t<span class=\"screen-reader-text\">Posted on<\/span><time class=\"anwp-pg-published\" datetime=\"2023-01-26T16:04:49+00:00\">26 tammikuun, 2023<\/time><time class=\"anwp-pg-updated\" datetime=\"2024-03-11T16:15:19+00:00\">11 maaliskuun, 2024<\/time>\t\t\t\t<\/div>\n\t\t\t\t\t\t<\/div>\n\n\t\t<div class=\"anwp-pg-post-teaser__excerpt mt-2\">\n\t\t\tBlogi-kirjoitus kirkon hallitusohjelmatavoitteista Lauletaanko suvivirsi koulun kev\u00e4tjuhlassa? Esitet\u00e4\u00e4nk\u00f6 joulukuvaelma p\u00e4iv\u00e4kodin joulutilaisuudessa? Piilotetaanko kirkontornin risti festivaaliesitteest\u00e4? Leikataanko itsen\u00e4isyysp\u00e4iv\u00e4n paraatin televisiol\u00e4hetyksest\u00e4 kentt\u00e4hartaus pois? Viime aikoina on ollut lukuisia esimerkkej\u00e4 siit\u00e4, miten uskonto ...\t\t<\/div>\n\n\t\t\t<\/div>\n<\/div>\n\t<\/div>\n\t\n\t<\/div>\n\t\t\t\t<\/div>\n\t\t\t\t<\/div>\n\t\t\t\t\t<\/div>\n\t\t\t\t<\/div>\n\t\t\t\t<\/div>\n\t\t","protected":false},"excerpt":{"rendered":"<p>Sovitus johtaa huolenpitoon koko luomakunnasta admin Posted on11 elokuun, 2023 2023-08-11 06:00:09 4 Kirjoitus Kontti-lehden numerossa 3-2023 field_585a3aac9f478 \u201dHerran on maa ja kaikki mit\u00e4 siin\u00e4 on, maanpiiri ja ne jotka siin\u00e4 asuvat.\u201d (Ps. 24:1). Voiko sit\u00e4 selvemmin sanoa? Me nykyajan &#8230; Konservatiivi vai liberaali admin Posted on1 hein\u00e4kuun, 2023 0 2023-07-01 06:00:56 4 P\u00e4iv\u00e4n vieras &#8230; <a title=\"Kirjoituksia 2023\" class=\"read-more\" href=\"https:\/\/seppohakkinen.fi\/wordpress\/index.php\/kirjoituksia-2023\/\" aria-label=\"Lue lis\u00e4\u00e4 aiheesta Kirjoituksia 2023\">Lue lis\u00e4\u00e4<\/a><\/p>\n","protected":false},"author":1,"featured_media":0,"parent":0,"menu_order":0,"comment_status":"closed","ping_status":"closed","template":"","meta":{"footnotes":""},"class_list":["post-3363","page","type-page","status-publish"],"_links":{"self":[{"href":"https:\/\/seppohakkinen.fi\/wordpress\/index.php\/wp-json\/wp\/v2\/pages\/3363","targetHints":{"allow":["GET"]}}],"collection":[{"href":"https:\/\/seppohakkinen.fi\/wordpress\/index.php\/wp-json\/wp\/v2\/pages"}],"about":[{"href":"https:\/\/seppohakkinen.fi\/wordpress\/index.php\/wp-json\/wp\/v2\/types\/page"}],"author":[{"embeddable":true,"href":"https:\/\/seppohakkinen.fi\/wordpress\/index.php\/wp-json\/wp\/v2\/users\/1"}],"replies":[{"embeddable":true,"href":"https:\/\/seppohakkinen.fi\/wordpress\/index.php\/wp-json\/wp\/v2\/comments?post=3363"}],"version-history":[{"count":4,"href":"https:\/\/seppohakkinen.fi\/wordpress\/index.php\/wp-json\/wp\/v2\/pages\/3363\/revisions"}],"predecessor-version":[{"id":3367,"href":"https:\/\/seppohakkinen.fi\/wordpress\/index.php\/wp-json\/wp\/v2\/pages\/3363\/revisions\/3367"}],"wp:attachment":[{"href":"https:\/\/seppohakkinen.fi\/wordpress\/index.php\/wp-json\/wp\/v2\/media?parent=3363"}],"curies":[{"name":"wp","href":"https:\/\/api.w.org\/{rel}","templated":true}]}}