{"id":3375,"date":"2024-01-21T18:02:40","date_gmt":"2024-01-21T18:02:40","guid":{"rendered":"https:\/\/seppohakkinen.fi\/wordpress\/?page_id=3375"},"modified":"2024-01-21T18:13:14","modified_gmt":"2024-01-21T18:13:14","slug":"kirjoituksia-2020","status":"publish","type":"page","link":"https:\/\/seppohakkinen.fi\/wordpress\/index.php\/kirjoituksia-2020\/","title":{"rendered":"Kirjoituksia 2020"},"content":{"rendered":"\t\t<div data-elementor-type=\"wp-page\" data-elementor-id=\"3375\" class=\"elementor elementor-3375\">\n\t\t\t\t<div class=\"elementor-element elementor-element-4b215fb e-flex e-con-boxed e-con e-parent\" data-id=\"4b215fb\" data-element_type=\"container\" data-e-type=\"container\">\n\t\t\t\t\t<div class=\"e-con-inner\">\n\t\t\t\t<div class=\"elementor-element elementor-element-4ab437f anwp-pg-widget-header-style--b anwp-pg-post-teaser__post-icon--size-16 elementor-widget elementor-widget-anwp-pg-classic-blog\" data-id=\"4ab437f\" data-element_type=\"widget\" data-e-type=\"widget\" data-widget_type=\"anwp-pg-classic-blog.default\">\n\t\t\t\t<div class=\"elementor-widget-container\">\n\t\t\t\t\t<div class=\"anwp-pg-wrap\">\n\n\t\n\t<div class=\"anwp-pg-classic-blog anwp-pg-posts-wrapper\">\n\t\t<div class=\"anwp-pg-post-teaser anwp-pg-post-teaser--layout-classic anwp-row anwp-no-gutters\">\n\n\t\n\t<div class=\"anwp-pg-post-teaser__content anwp-col-12\">\n\n\t\t<div class=\"anwp-pg-post-teaser__title anwp-font-heading my-2\">\n\t\t\t<a class=\"anwp-link-without-effects\" href=\"https:\/\/seppohakkinen.fi\/wordpress\/index.php\/2020\/12\/15\/rippikoulun-kaynyt-ja-rokotettu\/\" aria-hidden=\"true\" >\n\t\t\t\tRippikoulun k\u00e4ynyt ja rokotettu\t\t\t<\/a>\n\t\t<\/div>\n\n\t\t<div class=\"anwp-pg-post-teaser__bottom-meta d-flex flex-wrap\">\n\n\t\t\t\t\t\t\t<div class=\"anwp-pg-post-teaser__bottom-meta-item d-flex align-items-center mr-4\">\n\t\t\t\t\t<svg class=\"anwp-pg-icon anwp-pg-icon--s16 mr-2\">\n\t\t\t\t\t\t<use xlink:href=\"#icon-anwp-pg-person\"><\/use>\n\t\t\t\t\t<\/svg>\n\t\t\t\t\tadmin\t\t\t\t<\/div>\n\t\t\t\n\t\t\t\t\t\t\t<div class=\"anwp-pg-post-teaser__bottom-meta-item d-flex align-items-center mr-4\">\n\t\t\t\t\t<svg class=\"anwp-pg-icon anwp-pg-icon--s16 mr-2\">\n\t\t\t\t\t\t<use xlink:href=\"#icon-anwp-pg-calendar\"><\/use>\n\t\t\t\t\t<\/svg>\n\t\t\t\t\t<span class=\"screen-reader-text\">Posted on<\/span><time class=\"anwp-pg-published\" datetime=\"2020-12-15T16:04:46+00:00\">15 joulukuun, 2020<\/time><time class=\"anwp-pg-updated\" datetime=\"2024-01-26T15:44:08+00:00\">26 tammikuun, 2024<\/time>\t\t\t\t<\/div>\n\t\t\t\t\t\t<\/div>\n\n\t\t<div class=\"anwp-pg-post-teaser__excerpt mt-2\">\n\t\t\tKannanotto koronarokotteesta k\u00e4yt\u00e4v\u00e4\u00e4n keskusteluun Rippikoulun k\u00e4ynyt ja rokotettu Viime viikkoina on keskusteltu vilkkaasti koronarokotuksista niin perhepiiriss\u00e4, ty\u00f6paikoilla kuin julkisuudessakin. Suomalaisista 64 prosenttia ottaisi koronarokotteen, jos se tulee saataville ja sit\u00e4 ...\t\t<\/div>\n\n\t\t\t<\/div>\n<\/div>\n<div class=\"anwp-pg-post-teaser anwp-pg-post-teaser--layout-classic anwp-row anwp-no-gutters\">\n\n\t\n\t<div class=\"anwp-pg-post-teaser__content anwp-col-12\">\n\n\t\t<div class=\"anwp-pg-post-teaser__title anwp-font-heading my-2\">\n\t\t\t<a class=\"anwp-link-without-effects\" href=\"https:\/\/seppohakkinen.fi\/wordpress\/index.php\/2020\/12\/15\/joulu-ja-hautajaisperinteiden-arvo\/\" aria-hidden=\"true\" >\n\t\t\t\tJoulu- ja hautajaisperinteiden arvo\t\t\t<\/a>\n\t\t<\/div>\n\n\t\t<div class=\"anwp-pg-post-teaser__bottom-meta d-flex flex-wrap\">\n\n\t\t\t\t\t\t\t<div class=\"anwp-pg-post-teaser__bottom-meta-item d-flex align-items-center mr-4\">\n\t\t\t\t\t<svg class=\"anwp-pg-icon anwp-pg-icon--s16 mr-2\">\n\t\t\t\t\t\t<use xlink:href=\"#icon-anwp-pg-person\"><\/use>\n\t\t\t\t\t<\/svg>\n\t\t\t\t\tadmin\t\t\t\t<\/div>\n\t\t\t\n\t\t\t\t\t\t\t<div class=\"anwp-pg-post-teaser__bottom-meta-item d-flex align-items-center mr-4\">\n\t\t\t\t\t<svg class=\"anwp-pg-icon anwp-pg-icon--s16 mr-2\">\n\t\t\t\t\t\t<use xlink:href=\"#icon-anwp-pg-calendar\"><\/use>\n\t\t\t\t\t<\/svg>\n\t\t\t\t\t<span class=\"screen-reader-text\">Posted on<\/span><time class=\"anwp-pg-published\" datetime=\"2020-12-15T16:04:46+00:00\">15 joulukuun, 2020<\/time><time class=\"anwp-pg-updated\" datetime=\"2024-01-26T15:45:23+00:00\">26 tammikuun, 2024<\/time>\t\t\t\t<\/div>\n\t\t\t\t\t\t<\/div>\n\n\t\t<div class=\"anwp-pg-post-teaser__excerpt mt-2\">\n\t\t\tKirjoitus Tiimalasi -lehdess\u00e4 15.12.2020 Joulu- ja hautajaisperinteiden arvo Sosiaalisesta erist\u00e4ytymisest\u00e4 on tullut t\u00e4n\u00e4 vuonna k\u00e4ytt\u00e4ytymisen perusmalli. V\u00e4lt\u00e4mme fyysisi\u00e4 kohtaamisia ja kosketusta. Mit\u00e4 kaikkea t\u00e4st\u00e4 seuraa ja miten koronavuosi muuttaa meit\u00e4 ...\t\t<\/div>\n\n\t\t\t<\/div>\n<\/div>\n<div class=\"anwp-pg-post-teaser anwp-pg-post-teaser--layout-classic anwp-row anwp-no-gutters\">\n\n\t\n\t<div class=\"anwp-pg-post-teaser__content anwp-col-12\">\n\n\t\t<div class=\"anwp-pg-post-teaser__title anwp-font-heading my-2\">\n\t\t\t<a class=\"anwp-link-without-effects\" href=\"https:\/\/seppohakkinen.fi\/wordpress\/index.php\/2020\/10\/20\/kissankarvat-nojatuolissa\/\" aria-hidden=\"true\" >\n\t\t\t\tKissankarvat nojatuolissa\t\t\t<\/a>\n\t\t<\/div>\n\n\t\t<div class=\"anwp-pg-post-teaser__bottom-meta d-flex flex-wrap\">\n\n\t\t\t\t\t\t\t<div class=\"anwp-pg-post-teaser__bottom-meta-item d-flex align-items-center mr-4\">\n\t\t\t\t\t<svg class=\"anwp-pg-icon anwp-pg-icon--s16 mr-2\">\n\t\t\t\t\t\t<use xlink:href=\"#icon-anwp-pg-person\"><\/use>\n\t\t\t\t\t<\/svg>\n\t\t\t\t\tadmin\t\t\t\t<\/div>\n\t\t\t\n\t\t\t\t\t\t\t<div class=\"anwp-pg-post-teaser__bottom-meta-item d-flex align-items-center mr-4\">\n\t\t\t\t\t<svg class=\"anwp-pg-icon anwp-pg-icon--s16 mr-2\">\n\t\t\t\t\t\t<use xlink:href=\"#icon-anwp-pg-calendar\"><\/use>\n\t\t\t\t\t<\/svg>\n\t\t\t\t\t<span class=\"screen-reader-text\">Posted on<\/span><time class=\"anwp-pg-published\" datetime=\"2020-10-20T16:03:00+00:00\">20 lokakuun, 2020<\/time><time class=\"anwp-pg-updated\" datetime=\"2024-03-03T18:12:53+00:00\">3 maaliskuun, 2024<\/time>\t\t\t\t<\/div>\n\t\t\t\t\t\t<\/div>\n\n\t\t<div class=\"anwp-pg-post-teaser__excerpt mt-2\">\n\t\t\tP\u00e4iv\u00e4n vieras-kirjoitus It\u00e4-H\u00e4me -lehteen 20.10.2020 \u201dLuterilaisuudesta on pikkuhiljaa tullut suomalaisessa nyky-yhteiskunnassa v\u00e4h\u00e4n niin kuin kissankarvat olohuoneeni taannoisessa nojatuolissa. Ne ovat kutoutuneet niin osaksi nojatuolin villakangasta, ett\u00e4 vaikka ne silmin erottuvat ...\t\t<\/div>\n\n\t\t\t<\/div>\n<\/div>\n<div class=\"anwp-pg-post-teaser anwp-pg-post-teaser--layout-classic anwp-row anwp-no-gutters\">\n\n\t\n\t<div class=\"anwp-pg-post-teaser__content anwp-col-12\">\n\n\t\t<div class=\"anwp-pg-post-teaser__title anwp-font-heading my-2\">\n\t\t\t<a class=\"anwp-link-without-effects\" href=\"https:\/\/seppohakkinen.fi\/wordpress\/index.php\/2020\/09\/09\/kuolleiden-hautaaminen-ja-surevien-tukeminen\/\" aria-hidden=\"true\" >\n\t\t\t\tKuolleiden hautaaminen ja surevien tukeminen\t\t\t<\/a>\n\t\t<\/div>\n\n\t\t<div class=\"anwp-pg-post-teaser__bottom-meta d-flex flex-wrap\">\n\n\t\t\t\t\t\t\t<div class=\"anwp-pg-post-teaser__bottom-meta-item d-flex align-items-center mr-4\">\n\t\t\t\t\t<svg class=\"anwp-pg-icon anwp-pg-icon--s16 mr-2\">\n\t\t\t\t\t\t<use xlink:href=\"#icon-anwp-pg-person\"><\/use>\n\t\t\t\t\t<\/svg>\n\t\t\t\t\tadmin\t\t\t\t<\/div>\n\t\t\t\n\t\t\t\t\t\t\t<div class=\"anwp-pg-post-teaser__bottom-meta-item d-flex align-items-center mr-4\">\n\t\t\t\t\t<svg class=\"anwp-pg-icon anwp-pg-icon--s16 mr-2\">\n\t\t\t\t\t\t<use xlink:href=\"#icon-anwp-pg-calendar\"><\/use>\n\t\t\t\t\t<\/svg>\n\t\t\t\t\t<span class=\"screen-reader-text\">Posted on<\/span><time class=\"anwp-pg-published\" datetime=\"2020-09-09T16:04:46+00:00\">9 syyskuun, 2020<\/time><time class=\"anwp-pg-updated\" datetime=\"2024-01-26T16:14:45+00:00\">26 tammikuun, 2024<\/time>\t\t\t\t<\/div>\n\t\t\t\t\t\t<\/div>\n\n\t\t<div class=\"anwp-pg-post-teaser__excerpt mt-2\">\n\t\t\tKolumni Tiimalasi-lehdess\u00e4 8.9.2020 Hautaustoimistoyritt\u00e4j\u00e4 kertoi, ett\u00e4 yh\u00e4 useammalla omaisella on vaikeuksia l\u00f6yt\u00e4\u00e4 aikaa hautajaisten j\u00e4rjest\u00e4miseen. Lis\u00e4ksi monet haluavat p\u00e4\u00e4st\u00e4 hautajaisista mahdollisimman v\u00e4h\u00e4ll\u00e4. Mit\u00e4 t\u00e4m\u00e4 kehitys kertoo ajastamme ja arvoistamme? Emmek\u00f6 ...\t\t<\/div>\n\n\t\t\t<\/div>\n<\/div>\n<div class=\"anwp-pg-post-teaser anwp-pg-post-teaser--layout-classic anwp-row anwp-no-gutters\">\n\n\t\n\t<div class=\"anwp-pg-post-teaser__content anwp-col-12\">\n\n\t\t<div class=\"anwp-pg-post-teaser__title anwp-font-heading my-2\">\n\t\t\t<a class=\"anwp-link-without-effects\" href=\"https:\/\/seppohakkinen.fi\/wordpress\/index.php\/2020\/08\/24\/kunnioittava-keskustelu\/\" aria-hidden=\"true\" >\n\t\t\t\tKunnioittava keskustelu\t\t\t<\/a>\n\t\t<\/div>\n\n\t\t<div class=\"anwp-pg-post-teaser__bottom-meta d-flex flex-wrap\">\n\n\t\t\t\t\t\t\t<div class=\"anwp-pg-post-teaser__bottom-meta-item d-flex align-items-center mr-4\">\n\t\t\t\t\t<svg class=\"anwp-pg-icon anwp-pg-icon--s16 mr-2\">\n\t\t\t\t\t\t<use xlink:href=\"#icon-anwp-pg-person\"><\/use>\n\t\t\t\t\t<\/svg>\n\t\t\t\t\tadmin\t\t\t\t<\/div>\n\t\t\t\n\t\t\t\t\t\t\t<div class=\"anwp-pg-post-teaser__bottom-meta-item d-flex align-items-center mr-4\">\n\t\t\t\t\t<svg class=\"anwp-pg-icon anwp-pg-icon--s16 mr-2\">\n\t\t\t\t\t\t<use xlink:href=\"#icon-anwp-pg-calendar\"><\/use>\n\t\t\t\t\t<\/svg>\n\t\t\t\t\t<span class=\"screen-reader-text\">Posted on<\/span><time class=\"anwp-pg-published\" datetime=\"2020-08-24T16:04:46+00:00\">24 elokuun, 2020<\/time><time class=\"anwp-pg-updated\" datetime=\"2024-01-26T15:43:30+00:00\">26 tammikuun, 2024<\/time>\t\t\t\t<\/div>\n\t\t\t\t\t\t<\/div>\n\n\t\t<div class=\"anwp-pg-post-teaser__excerpt mt-2\">\n\t\t\tP\u00e4iv\u00e4n vieras-kirjoitus It\u00e4-H\u00e4me -lehteen 24.8.2020 Viime aikoina on toistuvasti kiinnitetty huomiota julkisen keskustelun k\u00e4rjistymiseen. Kehityksen huomaa varsinkin sosiaalisessa mediassa, jossa mielipiteet vellovat laidasta laitaan ja keskustelu muuttuu helposti ep\u00e4asialliseksi. Ep\u00e4asialliseen ...\t\t<\/div>\n\n\t\t\t<\/div>\n<\/div>\n<div class=\"anwp-pg-post-teaser anwp-pg-post-teaser--layout-classic anwp-row anwp-no-gutters\">\n\n\t\n\t<div class=\"anwp-pg-post-teaser__content anwp-col-12\">\n\n\t\t<div class=\"anwp-pg-post-teaser__title anwp-font-heading my-2\">\n\t\t\t<a class=\"anwp-link-without-effects\" href=\"https:\/\/seppohakkinen.fi\/wordpress\/index.php\/2020\/06\/29\/luottamuksen-arvo\/\" aria-hidden=\"true\" >\n\t\t\t\tLuottamuksen arvo\t\t\t<\/a>\n\t\t<\/div>\n\n\t\t<div class=\"anwp-pg-post-teaser__bottom-meta d-flex flex-wrap\">\n\n\t\t\t\t\t\t\t<div class=\"anwp-pg-post-teaser__bottom-meta-item d-flex align-items-center mr-4\">\n\t\t\t\t\t<svg class=\"anwp-pg-icon anwp-pg-icon--s16 mr-2\">\n\t\t\t\t\t\t<use xlink:href=\"#icon-anwp-pg-person\"><\/use>\n\t\t\t\t\t<\/svg>\n\t\t\t\t\tadmin\t\t\t\t<\/div>\n\t\t\t\n\t\t\t\t\t\t\t<div class=\"anwp-pg-post-teaser__bottom-meta-item d-flex align-items-center mr-4\">\n\t\t\t\t\t<svg class=\"anwp-pg-icon anwp-pg-icon--s16 mr-2\">\n\t\t\t\t\t\t<use xlink:href=\"#icon-anwp-pg-calendar\"><\/use>\n\t\t\t\t\t<\/svg>\n\t\t\t\t\t<span class=\"screen-reader-text\">Posted on<\/span><time class=\"anwp-pg-published\" datetime=\"2020-06-29T16:04:46+00:00\">29 kes\u00e4kuun, 2020<\/time><time class=\"anwp-pg-updated\" datetime=\"2024-01-26T15:44:41+00:00\">26 tammikuun, 2024<\/time>\t\t\t\t<\/div>\n\t\t\t\t\t\t<\/div>\n\n\t\t<div class=\"anwp-pg-post-teaser__excerpt mt-2\">\n\t\t\tKoronaviruskriisiin liittyv\u00e4 piispan kirjoitus Mitk\u00e4 maat ovat selviytyneet koronakriisist\u00e4 parhaiten? Kysymykseen saatiin vastauksia Tampereen yliopiston sosiaalipsykologian professorin Atte Oksasen johtamasta tutkimuksesta, jossa analysoitiin koronavirukseen kuolleisuutta 25 maassa. Tutkimuksessa huomattiin, ett\u00e4 ...\t\t<\/div>\n\n\t\t\t<\/div>\n<\/div>\n<div class=\"anwp-pg-post-teaser anwp-pg-post-teaser--layout-classic anwp-row anwp-no-gutters\">\n\n\t\n\t<div class=\"anwp-pg-post-teaser__content anwp-col-12\">\n\n\t\t<div class=\"anwp-pg-post-teaser__title anwp-font-heading my-2\">\n\t\t\t<a class=\"anwp-link-without-effects\" href=\"https:\/\/seppohakkinen.fi\/wordpress\/index.php\/2020\/06\/29\/sumussa-suunnistaminen\/\" aria-hidden=\"true\" >\n\t\t\t\tSumussa suunnistaminen\t\t\t<\/a>\n\t\t<\/div>\n\n\t\t<div class=\"anwp-pg-post-teaser__bottom-meta d-flex flex-wrap\">\n\n\t\t\t\t\t\t\t<div class=\"anwp-pg-post-teaser__bottom-meta-item d-flex align-items-center mr-4\">\n\t\t\t\t\t<svg class=\"anwp-pg-icon anwp-pg-icon--s16 mr-2\">\n\t\t\t\t\t\t<use xlink:href=\"#icon-anwp-pg-person\"><\/use>\n\t\t\t\t\t<\/svg>\n\t\t\t\t\tadmin\t\t\t\t<\/div>\n\t\t\t\n\t\t\t\t\t\t\t<div class=\"anwp-pg-post-teaser__bottom-meta-item d-flex align-items-center mr-4\">\n\t\t\t\t\t<svg class=\"anwp-pg-icon anwp-pg-icon--s16 mr-2\">\n\t\t\t\t\t\t<use xlink:href=\"#icon-anwp-pg-calendar\"><\/use>\n\t\t\t\t\t<\/svg>\n\t\t\t\t\t<span class=\"screen-reader-text\">Posted on<\/span><time class=\"anwp-pg-published\" datetime=\"2020-06-29T16:04:46+00:00\">29 kes\u00e4kuun, 2020<\/time><time class=\"anwp-pg-updated\" datetime=\"2024-01-26T17:41:35+00:00\">26 tammikuun, 2024<\/time>\t\t\t\t<\/div>\n\t\t\t\t\t\t<\/div>\n\n\t\t<div class=\"anwp-pg-post-teaser__excerpt mt-2\">\n\t\t\tVieraskolumni Kirkonseutu-lehdess\u00e4 26.9.2020 Sumussa suunnistaminen \u201dEl\u00e4m\u00e4 on nykyisin kuin sumussa suunnistamista, niin ep\u00e4varmaksi kaikki on mennyt.\u201d Keskustelukumppanini kuvasi osuvasti syksyn alkua jatkuvien koronauutisten tulvassa. El\u00e4m\u00e4 on nopeasti muuttunut. Nyt ei ...\t\t<\/div>\n\n\t\t\t<\/div>\n<\/div>\n<div class=\"anwp-pg-post-teaser anwp-pg-post-teaser--layout-classic anwp-row anwp-no-gutters\">\n\n\t\n\t<div class=\"anwp-pg-post-teaser__content anwp-col-12\">\n\n\t\t<div class=\"anwp-pg-post-teaser__title anwp-font-heading my-2\">\n\t\t\t<a class=\"anwp-link-without-effects\" href=\"https:\/\/seppohakkinen.fi\/wordpress\/index.php\/2020\/06\/16\/kuoleman-varjon-maa\/\" aria-hidden=\"true\" >\n\t\t\t\tKuoleman varjon maa\t\t\t<\/a>\n\t\t<\/div>\n\n\t\t<div class=\"anwp-pg-post-teaser__bottom-meta d-flex flex-wrap\">\n\n\t\t\t\t\t\t\t<div class=\"anwp-pg-post-teaser__bottom-meta-item d-flex align-items-center mr-4\">\n\t\t\t\t\t<svg class=\"anwp-pg-icon anwp-pg-icon--s16 mr-2\">\n\t\t\t\t\t\t<use xlink:href=\"#icon-anwp-pg-person\"><\/use>\n\t\t\t\t\t<\/svg>\n\t\t\t\t\tadmin\t\t\t\t<\/div>\n\t\t\t\n\t\t\t\t\t\t\t<div class=\"anwp-pg-post-teaser__bottom-meta-item d-flex align-items-center mr-4\">\n\t\t\t\t\t<svg class=\"anwp-pg-icon anwp-pg-icon--s16 mr-2\">\n\t\t\t\t\t\t<use xlink:href=\"#icon-anwp-pg-calendar\"><\/use>\n\t\t\t\t\t<\/svg>\n\t\t\t\t\t<span class=\"screen-reader-text\">Posted on<\/span><time class=\"anwp-pg-published\" datetime=\"2020-06-16T16:04:44+00:00\">16 kes\u00e4kuun, 2020<\/time><time class=\"anwp-pg-updated\" datetime=\"2024-01-26T20:31:17+00:00\">26 tammikuun, 2024<\/time>\t\t\t\t<\/div>\n\t\t\t\t\t\t<\/div>\n\n\t\t<div class=\"anwp-pg-post-teaser__excerpt mt-2\">\n\t\t\tKirjoitus Tiimalasi-lehteen 16.6.2020 Paljaalle silm\u00e4lle n\u00e4kym\u00e4t\u00f6n virus on tehnyt yhteiskunnastamme kuoleman varjon maan. Lehdet julkaisevat p\u00e4ivitt\u00e4in tietoja covid-19 -tautiin sairastuneiden ja kuolleiden m\u00e4\u00e4r\u00e4st\u00e4 samaan tapaan kuin sodassa merkittiin tappiot haavoittuneista ...\t\t<\/div>\n\n\t\t\t<\/div>\n<\/div>\n<div class=\"anwp-pg-post-teaser anwp-pg-post-teaser--layout-classic anwp-row anwp-no-gutters\">\n\n\t\n\t<div class=\"anwp-pg-post-teaser__content anwp-col-12\">\n\n\t\t<div class=\"anwp-pg-post-teaser__title anwp-font-heading my-2\">\n\t\t\t<a class=\"anwp-link-without-effects\" href=\"https:\/\/seppohakkinen.fi\/wordpress\/index.php\/2020\/05\/30\/korona-ja-lohdutus\/\" aria-hidden=\"true\" >\n\t\t\t\tKorona ja lohdutus\t\t\t<\/a>\n\t\t<\/div>\n\n\t\t<div class=\"anwp-pg-post-teaser__bottom-meta d-flex flex-wrap\">\n\n\t\t\t\t\t\t\t<div class=\"anwp-pg-post-teaser__bottom-meta-item d-flex align-items-center mr-4\">\n\t\t\t\t\t<svg class=\"anwp-pg-icon anwp-pg-icon--s16 mr-2\">\n\t\t\t\t\t\t<use xlink:href=\"#icon-anwp-pg-person\"><\/use>\n\t\t\t\t\t<\/svg>\n\t\t\t\t\tadmin\t\t\t\t<\/div>\n\t\t\t\n\t\t\t\t\t\t\t<div class=\"anwp-pg-post-teaser__bottom-meta-item d-flex align-items-center mr-4\">\n\t\t\t\t\t<svg class=\"anwp-pg-icon anwp-pg-icon--s16 mr-2\">\n\t\t\t\t\t\t<use xlink:href=\"#icon-anwp-pg-calendar\"><\/use>\n\t\t\t\t\t<\/svg>\n\t\t\t\t\t<span class=\"screen-reader-text\">Posted on<\/span><time class=\"anwp-pg-published\" datetime=\"2020-05-30T16:04:44+00:00\">30 toukokuun, 2020<\/time><time class=\"anwp-pg-updated\" datetime=\"2024-01-26T20:32:20+00:00\">26 tammikuun, 2024<\/time>\t\t\t\t<\/div>\n\t\t\t\t\t\t<\/div>\n\n\t\t<div class=\"anwp-pg-post-teaser__excerpt mt-2\">\n\t\t\tPiispan helluntaikirjoitus Tehokkain keino tartuntojen ehk\u00e4isemiseksi on kohtaamisten v\u00e4ltt\u00e4minen, riitt\u00e4v\u00e4 hygienia ja et\u00e4isyys. Koronakev\u00e4t on opettanut meid\u00e4t pit\u00e4m\u00e4\u00e4n et\u00e4isyytt\u00e4 toisiimme. N\u00e4kym\u00e4t\u00f6n pieni virus on pakottanut erist\u00e4ytym\u00e4\u00e4n. Viime aikoina on puhuttu ...\t\t<\/div>\n\n\t\t\t<\/div>\n<\/div>\n<div class=\"anwp-pg-post-teaser anwp-pg-post-teaser--layout-classic anwp-row anwp-no-gutters\">\n\n\t\n\t<div class=\"anwp-pg-post-teaser__content anwp-col-12\">\n\n\t\t<div class=\"anwp-pg-post-teaser__title anwp-font-heading my-2\">\n\t\t\t<a class=\"anwp-link-without-effects\" href=\"https:\/\/seppohakkinen.fi\/wordpress\/index.php\/2020\/05\/16\/kutsu-rukoukseen\/\" aria-hidden=\"true\" >\n\t\t\t\tKutsu rukoukseen\t\t\t<\/a>\n\t\t<\/div>\n\n\t\t<div class=\"anwp-pg-post-teaser__bottom-meta d-flex flex-wrap\">\n\n\t\t\t\t\t\t\t<div class=\"anwp-pg-post-teaser__bottom-meta-item d-flex align-items-center mr-4\">\n\t\t\t\t\t<svg class=\"anwp-pg-icon anwp-pg-icon--s16 mr-2\">\n\t\t\t\t\t\t<use xlink:href=\"#icon-anwp-pg-person\"><\/use>\n\t\t\t\t\t<\/svg>\n\t\t\t\t\tadmin\t\t\t\t<\/div>\n\t\t\t\n\t\t\t\t\t\t\t<div class=\"anwp-pg-post-teaser__bottom-meta-item d-flex align-items-center mr-4\">\n\t\t\t\t\t<svg class=\"anwp-pg-icon anwp-pg-icon--s16 mr-2\">\n\t\t\t\t\t\t<use xlink:href=\"#icon-anwp-pg-calendar\"><\/use>\n\t\t\t\t\t<\/svg>\n\t\t\t\t\t<span class=\"screen-reader-text\">Posted on<\/span><time class=\"anwp-pg-published\" datetime=\"2020-05-16T16:04:44+00:00\">16 toukokuun, 2020<\/time><time class=\"anwp-pg-updated\" datetime=\"2024-01-26T20:29:29+00:00\">26 tammikuun, 2024<\/time>\t\t\t\t<\/div>\n\t\t\t\t\t\t<\/div>\n\n\t\t<div class=\"anwp-pg-post-teaser__excerpt mt-2\">\n\t\t\tRukousp\u00e4iv\u00e4 kutsuu kaikkia rukoilemaan El\u00e4mme erikoista ja vaativaa aikaa pandemiakriisin keskell\u00e4. Keskusteluissa korostetaan usein kriisin ainutlaatuisuutta. Helposti unohdamme, ett\u00e4 kulkutaudit, katovuodet, tulvat ja muut luonnonmullistukset, tulipalot ja sodat ovat olleet ...\t\t<\/div>\n\n\t\t\t<\/div>\n<\/div>\n<div class=\"anwp-pg-post-teaser anwp-pg-post-teaser--layout-classic anwp-row anwp-no-gutters\">\n\n\t\n\t<div class=\"anwp-pg-post-teaser__content anwp-col-12\">\n\n\t\t<div class=\"anwp-pg-post-teaser__title anwp-font-heading my-2\">\n\t\t\t<a class=\"anwp-link-without-effects\" href=\"https:\/\/seppohakkinen.fi\/wordpress\/index.php\/2020\/04\/20\/kriisi-uhka-ja-mahdollisuus\/\" aria-hidden=\"true\" >\n\t\t\t\tKriisi &#8211; uhka ja mahdollisuus\t\t\t<\/a>\n\t\t<\/div>\n\n\t\t<div class=\"anwp-pg-post-teaser__bottom-meta d-flex flex-wrap\">\n\n\t\t\t\t\t\t\t<div class=\"anwp-pg-post-teaser__bottom-meta-item d-flex align-items-center mr-4\">\n\t\t\t\t\t<svg class=\"anwp-pg-icon anwp-pg-icon--s16 mr-2\">\n\t\t\t\t\t\t<use xlink:href=\"#icon-anwp-pg-person\"><\/use>\n\t\t\t\t\t<\/svg>\n\t\t\t\t\tadmin\t\t\t\t<\/div>\n\t\t\t\n\t\t\t\t\t\t\t<div class=\"anwp-pg-post-teaser__bottom-meta-item d-flex align-items-center mr-4\">\n\t\t\t\t\t<svg class=\"anwp-pg-icon anwp-pg-icon--s16 mr-2\">\n\t\t\t\t\t\t<use xlink:href=\"#icon-anwp-pg-calendar\"><\/use>\n\t\t\t\t\t<\/svg>\n\t\t\t\t\t<span class=\"screen-reader-text\">Posted on<\/span><time class=\"anwp-pg-published\" datetime=\"2020-04-20T16:04:44+00:00\">20 huhtikuun, 2020<\/time><time class=\"anwp-pg-updated\" datetime=\"2024-01-26T20:33:14+00:00\">26 tammikuun, 2024<\/time>\t\t\t\t<\/div>\n\t\t\t\t\t\t<\/div>\n\n\t\t<div class=\"anwp-pg-post-teaser__excerpt mt-2\">\n\t\t\tKoronaviruskriisiin liittyv\u00e4 piispan kirjoitus Koronakriisi hallitsee uutisia, keskusteluja ja mielt\u00e4mme.\u00a0 N\u00e4kym\u00e4t\u00f6n virus on aiheuttanut maailmanlaajuisen kriisin. Aikaisemmat kokemukset ja opitut ongelman ratkaisukeinot eiv\u00e4t riit\u00e4 tapahtuneen ymm\u00e4rt\u00e4miseen ja hallitsemiseen. Kriisin k\u00e4site ...\t\t<\/div>\n\n\t\t\t<\/div>\n<\/div>\n<div class=\"anwp-pg-post-teaser anwp-pg-post-teaser--layout-classic anwp-row anwp-no-gutters\">\n\n\t\n\t<div class=\"anwp-pg-post-teaser__content anwp-col-12\">\n\n\t\t<div class=\"anwp-pg-post-teaser__title anwp-font-heading my-2\">\n\t\t\t<a class=\"anwp-link-without-effects\" href=\"https:\/\/seppohakkinen.fi\/wordpress\/index.php\/2020\/04\/07\/seremoniaton-hautaus\/\" aria-hidden=\"true\" >\n\t\t\t\tSeremoniaton hautaus?\t\t\t<\/a>\n\t\t<\/div>\n\n\t\t<div class=\"anwp-pg-post-teaser__bottom-meta d-flex flex-wrap\">\n\n\t\t\t\t\t\t\t<div class=\"anwp-pg-post-teaser__bottom-meta-item d-flex align-items-center mr-4\">\n\t\t\t\t\t<svg class=\"anwp-pg-icon anwp-pg-icon--s16 mr-2\">\n\t\t\t\t\t\t<use xlink:href=\"#icon-anwp-pg-person\"><\/use>\n\t\t\t\t\t<\/svg>\n\t\t\t\t\tadmin\t\t\t\t<\/div>\n\t\t\t\n\t\t\t\t\t\t\t<div class=\"anwp-pg-post-teaser__bottom-meta-item d-flex align-items-center mr-4\">\n\t\t\t\t\t<svg class=\"anwp-pg-icon anwp-pg-icon--s16 mr-2\">\n\t\t\t\t\t\t<use xlink:href=\"#icon-anwp-pg-calendar\"><\/use>\n\t\t\t\t\t<\/svg>\n\t\t\t\t\t<span class=\"screen-reader-text\">Posted on<\/span><time class=\"anwp-pg-published\" datetime=\"2020-04-07T16:04:44+00:00\">7 huhtikuun, 2020<\/time><time class=\"anwp-pg-updated\" datetime=\"2024-01-26T17:48:00+00:00\">26 tammikuun, 2024<\/time>\t\t\t\t<\/div>\n\t\t\t\t\t\t<\/div>\n\n\t\t<div class=\"anwp-pg-post-teaser__excerpt mt-2\">\n\t\t\tKolumni Tiimalasi-lehdess\u00e4 7.4.2020 Ruotsissa miltei 10 prosenttia vainajista haudataan ilman mink\u00e4\u00e4nlaisia seremonioita. Kun reilut kymmenen vuotta sitten alle kaksi prosenttia vainajista haudattiin ilman seremoniaa, nyt luku l\u00e4hentelee jo kahdeksaa prosenttia. ...\t\t<\/div>\n\n\t\t\t<\/div>\n<\/div>\n<div class=\"anwp-pg-post-teaser anwp-pg-post-teaser--layout-classic anwp-row anwp-no-gutters\">\n\n\t\n\t<div class=\"anwp-pg-post-teaser__content anwp-col-12\">\n\n\t\t<div class=\"anwp-pg-post-teaser__title anwp-font-heading my-2\">\n\t\t\t<a class=\"anwp-link-without-effects\" href=\"https:\/\/seppohakkinen.fi\/wordpress\/index.php\/2020\/04\/04\/kovassa-koulussa\/\" aria-hidden=\"true\" >\n\t\t\t\tKovassa koulussa\t\t\t<\/a>\n\t\t<\/div>\n\n\t\t<div class=\"anwp-pg-post-teaser__bottom-meta d-flex flex-wrap\">\n\n\t\t\t\t\t\t\t<div class=\"anwp-pg-post-teaser__bottom-meta-item d-flex align-items-center mr-4\">\n\t\t\t\t\t<svg class=\"anwp-pg-icon anwp-pg-icon--s16 mr-2\">\n\t\t\t\t\t\t<use xlink:href=\"#icon-anwp-pg-person\"><\/use>\n\t\t\t\t\t<\/svg>\n\t\t\t\t\tadmin\t\t\t\t<\/div>\n\t\t\t\n\t\t\t\t\t\t\t<div class=\"anwp-pg-post-teaser__bottom-meta-item d-flex align-items-center mr-4\">\n\t\t\t\t\t<svg class=\"anwp-pg-icon anwp-pg-icon--s16 mr-2\">\n\t\t\t\t\t\t<use xlink:href=\"#icon-anwp-pg-calendar\"><\/use>\n\t\t\t\t\t<\/svg>\n\t\t\t\t\t<span class=\"screen-reader-text\">Posted on<\/span><time class=\"anwp-pg-published\" datetime=\"2020-04-04T16:04:44+00:00\">4 huhtikuun, 2020<\/time><time class=\"anwp-pg-updated\" datetime=\"2024-01-26T20:32:47+00:00\">26 tammikuun, 2024<\/time>\t\t\t\t<\/div>\n\t\t\t\t\t\t<\/div>\n\n\t\t<div class=\"anwp-pg-post-teaser__excerpt mt-2\">\n\t\t\tVieraskolumni Kirkonseutu &#8211; lehdess\u00e4 4.4.2020 Mielisarjakuvani on Harald Hirmuinen. Olen leikellyt osuvia sarjakuvia lehdist\u00e4 kirjekuorellisen ja hyllyst\u00e4ni l\u00f6ytyy useampia Harald Hirmuisen albumeja. Yksi parhaita Haraldin oivalluksia mielest\u00e4ni on tuon kunnon ...\t\t<\/div>\n\n\t\t\t<\/div>\n<\/div>\n<div class=\"anwp-pg-post-teaser anwp-pg-post-teaser--layout-classic anwp-row anwp-no-gutters\">\n\n\t\n\t<div class=\"anwp-pg-post-teaser__content anwp-col-12\">\n\n\t\t<div class=\"anwp-pg-post-teaser__title anwp-font-heading my-2\">\n\t\t\t<a class=\"anwp-link-without-effects\" href=\"https:\/\/seppohakkinen.fi\/wordpress\/index.php\/2020\/03\/22\/jatkuvuus-merkitys-ja-toivo\/\" aria-hidden=\"true\" >\n\t\t\t\tJatkuvuus, merkitys ja toivo\t\t\t<\/a>\n\t\t<\/div>\n\n\t\t<div class=\"anwp-pg-post-teaser__bottom-meta d-flex flex-wrap\">\n\n\t\t\t\t\t\t\t<div class=\"anwp-pg-post-teaser__bottom-meta-item d-flex align-items-center mr-4\">\n\t\t\t\t\t<svg class=\"anwp-pg-icon anwp-pg-icon--s16 mr-2\">\n\t\t\t\t\t\t<use xlink:href=\"#icon-anwp-pg-person\"><\/use>\n\t\t\t\t\t<\/svg>\n\t\t\t\t\tadmin\t\t\t\t<\/div>\n\t\t\t\n\t\t\t\t\t\t\t<div class=\"anwp-pg-post-teaser__bottom-meta-item d-flex align-items-center mr-4\">\n\t\t\t\t\t<svg class=\"anwp-pg-icon anwp-pg-icon--s16 mr-2\">\n\t\t\t\t\t\t<use xlink:href=\"#icon-anwp-pg-calendar\"><\/use>\n\t\t\t\t\t<\/svg>\n\t\t\t\t\t<span class=\"screen-reader-text\">Posted on<\/span><time class=\"anwp-pg-published\" datetime=\"2020-03-22T16:04:44+00:00\">22 maaliskuun, 2020<\/time><time class=\"anwp-pg-updated\" datetime=\"2024-01-26T20:31:51+00:00\">26 tammikuun, 2024<\/time>\t\t\t\t<\/div>\n\t\t\t\t\t\t<\/div>\n\n\t\t<div class=\"anwp-pg-post-teaser__excerpt mt-2\">\n\t\t\tKoronavirusepidemian vuoksi edess\u00e4mme on erikoinen kev\u00e4t. Epidemia muuttaa arkeamme, se muuttaa koko maailmaa. Koronavirus on tuonut tullessaan paljon ep\u00e4varmuutta ja huolta tulevaisuudesta. Poikkeustilanteessa korostuvat el\u00e4m\u00e4n perusasiat. Tarvitsemme el\u00e4m\u00e4\u00e4mme jatkuvuutta, merkityst\u00e4 ...\t\t<\/div>\n\n\t\t\t<\/div>\n<\/div>\n<div class=\"anwp-pg-post-teaser anwp-pg-post-teaser--layout-classic anwp-row anwp-no-gutters\">\n\n\t\n\t<div class=\"anwp-pg-post-teaser__content anwp-col-12\">\n\n\t\t<div class=\"anwp-pg-post-teaser__title anwp-font-heading my-2\">\n\t\t\t<a class=\"anwp-link-without-effects\" href=\"https:\/\/seppohakkinen.fi\/wordpress\/index.php\/2020\/03\/16\/piispan-viesti-seurakunnille-16-3-2020\/\" aria-hidden=\"true\" >\n\t\t\t\tPiispan viesti seurakunnille 16.3.2020\t\t\t<\/a>\n\t\t<\/div>\n\n\t\t<div class=\"anwp-pg-post-teaser__bottom-meta d-flex flex-wrap\">\n\n\t\t\t\t\t\t\t<div class=\"anwp-pg-post-teaser__bottom-meta-item d-flex align-items-center mr-4\">\n\t\t\t\t\t<svg class=\"anwp-pg-icon anwp-pg-icon--s16 mr-2\">\n\t\t\t\t\t\t<use xlink:href=\"#icon-anwp-pg-person\"><\/use>\n\t\t\t\t\t<\/svg>\n\t\t\t\t\tadmin\t\t\t\t<\/div>\n\t\t\t\n\t\t\t\t\t\t\t<div class=\"anwp-pg-post-teaser__bottom-meta-item d-flex align-items-center mr-4\">\n\t\t\t\t\t<svg class=\"anwp-pg-icon anwp-pg-icon--s16 mr-2\">\n\t\t\t\t\t\t<use xlink:href=\"#icon-anwp-pg-calendar\"><\/use>\n\t\t\t\t\t<\/svg>\n\t\t\t\t\t<span class=\"screen-reader-text\">Posted on<\/span><time class=\"anwp-pg-published\" datetime=\"2020-03-16T16:04:44+00:00\">16 maaliskuun, 2020<\/time><time class=\"anwp-pg-updated\" datetime=\"2024-01-26T20:28:58+00:00\">26 tammikuun, 2024<\/time>\t\t\t\t<\/div>\n\t\t\t\t\t\t<\/div>\n\n\t\t<div class=\"anwp-pg-post-teaser__excerpt mt-2\">\n\t\t\tKoronaviruksen levi\u00e4misen vaikutukset Koronaviruksen levi\u00e4misen vuoksi edess\u00e4mme on erikoinen kev\u00e4t. Koronavirus muuttaa arkeamme, se muuttaa koko maailmaa. Nyt pyrit\u00e4\u00e4n ennen muuta hidastamaan epidemian levi\u00e4mist\u00e4, jotta terveydenhuolto pystyy huolehtimaan vakavia oireita ...\t\t<\/div>\n\n\t\t\t<\/div>\n<\/div>\n<div class=\"anwp-pg-post-teaser anwp-pg-post-teaser--layout-classic anwp-row anwp-no-gutters\">\n\n\t\n\t<div class=\"anwp-pg-post-teaser__content anwp-col-12\">\n\n\t\t<div class=\"anwp-pg-post-teaser__title anwp-font-heading my-2\">\n\t\t\t<a class=\"anwp-link-without-effects\" href=\"https:\/\/seppohakkinen.fi\/wordpress\/index.php\/2020\/03\/12\/virsien-arvokas-paaoma\/\" aria-hidden=\"true\" >\n\t\t\t\tVirsien arvokas p\u00e4\u00e4oma\t\t\t<\/a>\n\t\t<\/div>\n\n\t\t<div class=\"anwp-pg-post-teaser__bottom-meta d-flex flex-wrap\">\n\n\t\t\t\t\t\t\t<div class=\"anwp-pg-post-teaser__bottom-meta-item d-flex align-items-center mr-4\">\n\t\t\t\t\t<svg class=\"anwp-pg-icon anwp-pg-icon--s16 mr-2\">\n\t\t\t\t\t\t<use xlink:href=\"#icon-anwp-pg-person\"><\/use>\n\t\t\t\t\t<\/svg>\n\t\t\t\t\tadmin\t\t\t\t<\/div>\n\t\t\t\n\t\t\t\t\t\t\t<div class=\"anwp-pg-post-teaser__bottom-meta-item d-flex align-items-center mr-4\">\n\t\t\t\t\t<svg class=\"anwp-pg-icon anwp-pg-icon--s16 mr-2\">\n\t\t\t\t\t\t<use xlink:href=\"#icon-anwp-pg-calendar\"><\/use>\n\t\t\t\t\t<\/svg>\n\t\t\t\t\t<span class=\"screen-reader-text\">Posted on<\/span><time class=\"anwp-pg-published\" datetime=\"2020-03-12T16:04:44+00:00\">12 maaliskuun, 2020<\/time><time class=\"anwp-pg-updated\" datetime=\"2024-01-26T17:48:35+00:00\">26 tammikuun, 2024<\/time>\t\t\t\t<\/div>\n\t\t\t\t\t\t<\/div>\n\n\t\t<div class=\"anwp-pg-post-teaser__excerpt mt-2\">\n\t\t\tP\u00e4iv\u00e4n vieras -kirjoitus It\u00e4-H\u00e4me -lehteen 12.3.2020 Virsien arvokas p\u00e4\u00e4oma \u201dVirsi\u00e4 ei tunneilla en\u00e4\u00e4 veisata \u2013 kouluissa raikaavat rokki, poppi ja r\u00e4ppi\u201d. N\u00e4in otsikoi Aamuposti 2.3.2020 uutisensa koulujen musiikkiopetuksesta. Kirjoituksessa haastateltiin ...\t\t<\/div>\n\n\t\t\t<\/div>\n<\/div>\n<div class=\"anwp-pg-post-teaser anwp-pg-post-teaser--layout-classic anwp-row anwp-no-gutters\">\n\n\t\n\t<div class=\"anwp-pg-post-teaser__content anwp-col-12\">\n\n\t\t<div class=\"anwp-pg-post-teaser__title anwp-font-heading my-2\">\n\t\t\t<a class=\"anwp-link-without-effects\" href=\"https:\/\/seppohakkinen.fi\/wordpress\/index.php\/2020\/01\/30\/yksinaisyys-ei-ole-kohtalo\/\" aria-hidden=\"true\" >\n\t\t\t\tYksin\u00e4isyys ei ole kohtalo\t\t\t<\/a>\n\t\t<\/div>\n\n\t\t<div class=\"anwp-pg-post-teaser__bottom-meta d-flex flex-wrap\">\n\n\t\t\t\t\t\t\t<div class=\"anwp-pg-post-teaser__bottom-meta-item d-flex align-items-center mr-4\">\n\t\t\t\t\t<svg class=\"anwp-pg-icon anwp-pg-icon--s16 mr-2\">\n\t\t\t\t\t\t<use xlink:href=\"#icon-anwp-pg-person\"><\/use>\n\t\t\t\t\t<\/svg>\n\t\t\t\t\tadmin\t\t\t\t<\/div>\n\t\t\t\n\t\t\t\t\t\t\t<div class=\"anwp-pg-post-teaser__bottom-meta-item d-flex align-items-center mr-4\">\n\t\t\t\t\t<svg class=\"anwp-pg-icon anwp-pg-icon--s16 mr-2\">\n\t\t\t\t\t\t<use xlink:href=\"#icon-anwp-pg-calendar\"><\/use>\n\t\t\t\t\t<\/svg>\n\t\t\t\t\t<span class=\"screen-reader-text\">Posted on<\/span><time class=\"anwp-pg-published\" datetime=\"2020-01-30T16:04:44+00:00\">30 tammikuun, 2020<\/time><time class=\"anwp-pg-updated\" datetime=\"2024-01-26T17:47:29+00:00\">26 tammikuun, 2024<\/time>\t\t\t\t<\/div>\n\t\t\t\t\t\t<\/div>\n\n\t\t<div class=\"anwp-pg-post-teaser__excerpt mt-2\">\n\t\t\tP\u00e4iv\u00e4n vieras -kirjoitus It\u00e4-H\u00e4me -lehteen 30.1.2020 Vuonna 2019 kirkon keskusteluapu tavoitti aiempaa enemm\u00e4n tarvitsijoita. Keskusteluavun puhelimessa k\u00e4ytiin l\u00e4hes 50 000 keskustelua. Niiden m\u00e4\u00e4r\u00e4 kasvoi vuodessa 19 prosenttia. Yhteenlaskettuna puhelimessa puhuttiin ...\t\t<\/div>\n\n\t\t\t<\/div>\n<\/div>\n<div class=\"anwp-pg-post-teaser anwp-pg-post-teaser--layout-classic anwp-row anwp-no-gutters\">\n\n\t\n\t<div class=\"anwp-pg-post-teaser__content anwp-col-12\">\n\n\t\t<div class=\"anwp-pg-post-teaser__title anwp-font-heading my-2\">\n\t\t\t<a class=\"anwp-link-without-effects\" href=\"https:\/\/seppohakkinen.fi\/wordpress\/index.php\/2020\/01\/24\/joulu-merkitsee-hyvan-voittoa\/\" aria-hidden=\"true\" >\n\t\t\t\tJoulu merkitsee hyv\u00e4n voittoa\t\t\t<\/a>\n\t\t<\/div>\n\n\t\t<div class=\"anwp-pg-post-teaser__bottom-meta d-flex flex-wrap\">\n\n\t\t\t\t\t\t\t<div class=\"anwp-pg-post-teaser__bottom-meta-item d-flex align-items-center mr-4\">\n\t\t\t\t\t<svg class=\"anwp-pg-icon anwp-pg-icon--s16 mr-2\">\n\t\t\t\t\t\t<use xlink:href=\"#icon-anwp-pg-person\"><\/use>\n\t\t\t\t\t<\/svg>\n\t\t\t\t\tadmin\t\t\t\t<\/div>\n\t\t\t\n\t\t\t\t\t\t\t<div class=\"anwp-pg-post-teaser__bottom-meta-item d-flex align-items-center mr-4\">\n\t\t\t\t\t<svg class=\"anwp-pg-icon anwp-pg-icon--s16 mr-2\">\n\t\t\t\t\t\t<use xlink:href=\"#icon-anwp-pg-calendar\"><\/use>\n\t\t\t\t\t<\/svg>\n\t\t\t\t\t<span class=\"screen-reader-text\">Posted on<\/span><time class=\"anwp-pg-published\" datetime=\"2020-01-24T16:04:46+00:00\">24 tammikuun, 2020<\/time><time class=\"anwp-pg-updated\" datetime=\"2024-01-26T15:46:04+00:00\">26 tammikuun, 2024<\/time>\t\t\t\t<\/div>\n\t\t\t\t\t\t<\/div>\n\n\t\t<div class=\"anwp-pg-post-teaser__excerpt mt-2\">\n\t\t\tIt\u00e4-H\u00e4me -lehti 24.12.2020 Joulu merkitsee hyv\u00e4n voittoa Jouluaattona 24.12. nimip\u00e4iv\u00e4\u00e4ns\u00e4 viett\u00e4v\u00e4t Aatami ja Eeva. Kirkollisen perinteen mukaan heill\u00e4 on yhteinen nimip\u00e4iv\u00e4, sill\u00e4 Jumala loi heid\u00e4t samana p\u00e4iv\u00e4n\u00e4. Kalenterissa heill\u00e4 on ...\t\t<\/div>\n\n\t\t\t<\/div>\n<\/div>\n\t<\/div>\n\t\n\t<\/div>\n\t\t\t\t<\/div>\n\t\t\t\t<\/div>\n\t\t\t\t\t<\/div>\n\t\t\t\t<\/div>\n\t\t\t\t<\/div>\n\t\t","protected":false},"excerpt":{"rendered":"","protected":false},"author":1,"featured_media":0,"parent":0,"menu_order":0,"comment_status":"closed","ping_status":"closed","template":"","meta":{"footnotes":""},"class_list":["post-3375","page","type-page","status-publish"],"_links":{"self":[{"href":"https:\/\/seppohakkinen.fi\/wordpress\/index.php\/wp-json\/wp\/v2\/pages\/3375","targetHints":{"allow":["GET"]}}],"collection":[{"href":"https:\/\/seppohakkinen.fi\/wordpress\/index.php\/wp-json\/wp\/v2\/pages"}],"about":[{"href":"https:\/\/seppohakkinen.fi\/wordpress\/index.php\/wp-json\/wp\/v2\/types\/page"}],"author":[{"embeddable":true,"href":"https:\/\/seppohakkinen.fi\/wordpress\/index.php\/wp-json\/wp\/v2\/users\/1"}],"replies":[{"embeddable":true,"href":"https:\/\/seppohakkinen.fi\/wordpress\/index.php\/wp-json\/wp\/v2\/comments?post=3375"}],"version-history":[{"count":4,"href":"https:\/\/seppohakkinen.fi\/wordpress\/index.php\/wp-json\/wp\/v2\/pages\/3375\/revisions"}],"predecessor-version":[{"id":3420,"href":"https:\/\/seppohakkinen.fi\/wordpress\/index.php\/wp-json\/wp\/v2\/pages\/3375\/revisions\/3420"}],"wp:attachment":[{"href":"https:\/\/seppohakkinen.fi\/wordpress\/index.php\/wp-json\/wp\/v2\/media?parent=3375"}],"curies":[{"name":"wp","href":"https:\/\/api.w.org\/{rel}","templated":true}]}}