{"id":3385,"date":"2024-01-21T18:03:52","date_gmt":"2024-01-21T18:03:52","guid":{"rendered":"https:\/\/seppohakkinen.fi\/wordpress\/?page_id=3385"},"modified":"2024-01-21T18:05:55","modified_gmt":"2024-01-21T18:05:55","slug":"kirjoituksia-2015","status":"publish","type":"page","link":"https:\/\/seppohakkinen.fi\/wordpress\/index.php\/kirjoituksia-2015\/","title":{"rendered":"Kirjoituksia 2015"},"content":{"rendered":"\t\t<div data-elementor-type=\"wp-page\" data-elementor-id=\"3385\" class=\"elementor elementor-3385\">\n\t\t\t\t<div class=\"elementor-element elementor-element-782da0b e-flex e-con-boxed e-con e-parent\" data-id=\"782da0b\" data-element_type=\"container\" data-e-type=\"container\">\n\t\t\t\t\t<div class=\"e-con-inner\">\n\t\t\t\t<div class=\"elementor-element elementor-element-0e5e7a2 anwp-pg-widget-header-style--b anwp-pg-post-teaser__post-icon--size-16 elementor-widget elementor-widget-anwp-pg-classic-blog\" data-id=\"0e5e7a2\" data-element_type=\"widget\" data-e-type=\"widget\" data-widget_type=\"anwp-pg-classic-blog.default\">\n\t\t\t\t<div class=\"elementor-widget-container\">\n\t\t\t\t\t<div class=\"anwp-pg-wrap\">\n\n\t\n\t<div class=\"anwp-pg-classic-blog anwp-pg-posts-wrapper\">\n\t\t<div class=\"anwp-pg-post-teaser anwp-pg-post-teaser--layout-classic anwp-row anwp-no-gutters\">\n\n\t\n\t<div class=\"anwp-pg-post-teaser__content anwp-col-12\">\n\n\t\t<div class=\"anwp-pg-post-teaser__title anwp-font-heading my-2\">\n\t\t\t<a class=\"anwp-link-without-effects\" href=\"https:\/\/seppohakkinen.fi\/wordpress\/index.php\/2015\/11\/25\/luterilais-ortodoksisen-teologisen-dialogin-ja-ekumenian-tulevaisuuden-nakymia\/\" aria-hidden=\"true\" >\n\t\t\t\tLuterilais-ortodoksisen teologisen dialogin ja ekumenian tulevaisuuden n\u00e4kymi\u00e4\t\t\t<\/a>\n\t\t<\/div>\n\n\t\t<div class=\"anwp-pg-post-teaser__bottom-meta d-flex flex-wrap\">\n\n\t\t\t\t\t\t\t<div class=\"anwp-pg-post-teaser__bottom-meta-item d-flex align-items-center mr-4\">\n\t\t\t\t\t<svg class=\"anwp-pg-icon anwp-pg-icon--s16 mr-2\">\n\t\t\t\t\t\t<use xlink:href=\"#icon-anwp-pg-person\"><\/use>\n\t\t\t\t\t<\/svg>\n\t\t\t\t\tadmin\t\t\t\t<\/div>\n\t\t\t\n\t\t\t\t\t\t\t<div class=\"anwp-pg-post-teaser__bottom-meta-item d-flex align-items-center mr-4\">\n\t\t\t\t\t<svg class=\"anwp-pg-icon anwp-pg-icon--s16 mr-2\">\n\t\t\t\t\t\t<use xlink:href=\"#icon-anwp-pg-calendar\"><\/use>\n\t\t\t\t\t<\/svg>\n\t\t\t\t\t<span class=\"screen-reader-text\">Posted on<\/span><time class=\"anwp-pg-published\" datetime=\"2015-11-25T16:04:38+00:00\">25 marraskuun, 2015<\/time><time class=\"anwp-pg-updated\" datetime=\"2024-02-11T12:07:07+00:00\">11 helmikuun, 2024<\/time>\t\t\t\t<\/div>\n\t\t\t\t\t\t<\/div>\n\n\t\t<div class=\"anwp-pg-post-teaser__excerpt mt-2\">\n\t\t\tPuheenvuoro suomalaisen luterilais-ortodoksisen teologisen dialogin 25-vuotisjuhlaseminaarissa 25.11.2015 Helsingiss\u00e4 Konstantinopolin patriarkaatin piispainkokous kokoontui elo-syyskuun vaihteessa 2015 Turkin Istanbulissa. Karjalan ja Suomen arkkipiispa Leo totesi piispainkokouksen puheenvuorossaan, ett\u00e4 dialogissa luterilaisten kanssa on ...\t\t<\/div>\n\n\t\t\t<\/div>\n<\/div>\n<div class=\"anwp-pg-post-teaser anwp-pg-post-teaser--layout-classic anwp-row anwp-no-gutters\">\n\n\t\n\t<div class=\"anwp-pg-post-teaser__content anwp-col-12\">\n\n\t\t<div class=\"anwp-pg-post-teaser__title anwp-font-heading my-2\">\n\t\t\t<a class=\"anwp-link-without-effects\" href=\"https:\/\/seppohakkinen.fi\/wordpress\/index.php\/2015\/10\/30\/puhe-kirkkoherra-anna-tiina-jarvisen-virkaanasettamismessussa-1-11-2015-kymin-kirkossa-kotkassa\/\" aria-hidden=\"true\" >\n\t\t\t\tPuhe kirkkoherra Anna-Tiina J\u00e4rvisen virkaanasettamismessussa 1.11.2015 Kymin kirkossa Kotkassa\t\t\t<\/a>\n\t\t<\/div>\n\n\t\t<div class=\"anwp-pg-post-teaser__bottom-meta d-flex flex-wrap\">\n\n\t\t\t\t\t\t\t<div class=\"anwp-pg-post-teaser__bottom-meta-item d-flex align-items-center mr-4\">\n\t\t\t\t\t<svg class=\"anwp-pg-icon anwp-pg-icon--s16 mr-2\">\n\t\t\t\t\t\t<use xlink:href=\"#icon-anwp-pg-person\"><\/use>\n\t\t\t\t\t<\/svg>\n\t\t\t\t\tadmin\t\t\t\t<\/div>\n\t\t\t\n\t\t\t\t\t\t\t<div class=\"anwp-pg-post-teaser__bottom-meta-item d-flex align-items-center mr-4\">\n\t\t\t\t\t<svg class=\"anwp-pg-icon anwp-pg-icon--s16 mr-2\">\n\t\t\t\t\t\t<use xlink:href=\"#icon-anwp-pg-calendar\"><\/use>\n\t\t\t\t\t<\/svg>\n\t\t\t\t\t<span class=\"screen-reader-text\">Posted on<\/span><time class=\"anwp-pg-published\" datetime=\"2015-10-30T16:04:38+00:00\">30 lokakuun, 2015<\/time><time class=\"anwp-pg-updated\" datetime=\"2024-01-23T17:52:51+00:00\">23 tammikuun, 2024<\/time>\t\t\t\t<\/div>\n\t\t\t\t\t\t<\/div>\n\n\t\t<div class=\"anwp-pg-post-teaser__excerpt mt-2\">\n\t\t\tRakkaat kristityt, hyv\u00e4 Anna-Tiina. Kymin seurakunnassa on t\u00e4n\u00e4\u00e4n juhlap\u00e4iv\u00e4, kun kirkkoherra Anna-Tiina J\u00e4rvinen asetetaan virkaansa. H\u00e4n liittyy siihen pitk\u00e4\u00e4n ketjuun kirkkoherroja, jotka ovat hoitaneet t\u00e4t\u00e4 seurakuntaa. Kirkkoherra on seurakunnan johtaja. ...\t\t<\/div>\n\n\t\t\t<\/div>\n<\/div>\n<div class=\"anwp-pg-post-teaser anwp-pg-post-teaser--layout-classic anwp-row anwp-no-gutters\">\n\n\t\n\t<div class=\"anwp-pg-post-teaser__content anwp-col-12\">\n\n\t\t<div class=\"anwp-pg-post-teaser__title anwp-font-heading my-2\">\n\t\t\t<a class=\"anwp-link-without-effects\" href=\"https:\/\/seppohakkinen.fi\/wordpress\/index.php\/2015\/10\/28\/avauspuhe-kirkon-kasvatuksen-ja-perheasiain-toimikunnan-kokouksessa-28-10-2015-helsingissa\/\" aria-hidden=\"true\" >\n\t\t\t\tAvauspuhe Kirkon kasvatuksen ja perheasiain toimikunnan kokouksessa 28.10.2015 Helsingiss\u00e4\t\t\t<\/a>\n\t\t<\/div>\n\n\t\t<div class=\"anwp-pg-post-teaser__bottom-meta d-flex flex-wrap\">\n\n\t\t\t\t\t\t\t<div class=\"anwp-pg-post-teaser__bottom-meta-item d-flex align-items-center mr-4\">\n\t\t\t\t\t<svg class=\"anwp-pg-icon anwp-pg-icon--s16 mr-2\">\n\t\t\t\t\t\t<use xlink:href=\"#icon-anwp-pg-person\"><\/use>\n\t\t\t\t\t<\/svg>\n\t\t\t\t\tadmin\t\t\t\t<\/div>\n\t\t\t\n\t\t\t\t\t\t\t<div class=\"anwp-pg-post-teaser__bottom-meta-item d-flex align-items-center mr-4\">\n\t\t\t\t\t<svg class=\"anwp-pg-icon anwp-pg-icon--s16 mr-2\">\n\t\t\t\t\t\t<use xlink:href=\"#icon-anwp-pg-calendar\"><\/use>\n\t\t\t\t\t<\/svg>\n\t\t\t\t\t<span class=\"screen-reader-text\">Posted on<\/span><time class=\"anwp-pg-published\" datetime=\"2015-10-28T16:04:38+00:00\">28 lokakuun, 2015<\/time><time class=\"anwp-pg-updated\" datetime=\"2024-02-12T16:29:25+00:00\">12 helmikuun, 2024<\/time>\t\t\t\t<\/div>\n\t\t\t\t\t\t<\/div>\n\n\t\t<div class=\"anwp-pg-post-teaser__excerpt mt-2\">\n\t\t\tHelsingin Sanomien lokakuun 2015 kuukausiliitteess\u00e4 haastateltiin Taideyliopiston rehtorina toiminutta professori Tiina Rosenbergia. H\u00e4n mukaansa \u201dOn eritt\u00e4in t\u00e4rke\u00e4\u00e4, ett\u00e4 Suomessa on p\u00e4iv\u00e4kodit, joissa opetus tapahtuu pedagogisella otteella, eik\u00e4 niin, ett\u00e4 siell\u00e4 ...\t\t<\/div>\n\n\t\t\t<\/div>\n<\/div>\n<div class=\"anwp-pg-post-teaser anwp-pg-post-teaser--layout-classic anwp-row anwp-no-gutters\">\n\n\t\n\t<div class=\"anwp-pg-post-teaser__content anwp-col-12\">\n\n\t\t<div class=\"anwp-pg-post-teaser__title anwp-font-heading my-2\">\n\t\t\t<a class=\"anwp-link-without-effects\" href=\"https:\/\/seppohakkinen.fi\/wordpress\/index.php\/2015\/10\/08\/silmiin-katsominen-mikkelin-tuntomerkkina\/\" aria-hidden=\"true\" >\n\t\t\t\tSilmiin katsominen Mikkelin tuntomerkkin\u00e4\t\t\t<\/a>\n\t\t<\/div>\n\n\t\t<div class=\"anwp-pg-post-teaser__bottom-meta d-flex flex-wrap\">\n\n\t\t\t\t\t\t\t<div class=\"anwp-pg-post-teaser__bottom-meta-item d-flex align-items-center mr-4\">\n\t\t\t\t\t<svg class=\"anwp-pg-icon anwp-pg-icon--s16 mr-2\">\n\t\t\t\t\t\t<use xlink:href=\"#icon-anwp-pg-person\"><\/use>\n\t\t\t\t\t<\/svg>\n\t\t\t\t\tadmin\t\t\t\t<\/div>\n\t\t\t\n\t\t\t\t\t\t\t<div class=\"anwp-pg-post-teaser__bottom-meta-item d-flex align-items-center mr-4\">\n\t\t\t\t\t<svg class=\"anwp-pg-icon anwp-pg-icon--s16 mr-2\">\n\t\t\t\t\t\t<use xlink:href=\"#icon-anwp-pg-calendar\"><\/use>\n\t\t\t\t\t<\/svg>\n\t\t\t\t\t<span class=\"screen-reader-text\">Posted on<\/span><time class=\"anwp-pg-published\" datetime=\"2015-10-08T16:04:38+00:00\">8 lokakuun, 2015<\/time><time class=\"anwp-pg-updated\" datetime=\"2024-02-12T16:30:42+00:00\">12 helmikuun, 2024<\/time>\t\t\t\t<\/div>\n\t\t\t\t\t\t<\/div>\n\n\t\t<div class=\"anwp-pg-post-teaser__excerpt mt-2\">\n\t\t\tSilmiin katsominen Mikkelin tuntomerkkin\u00e4. Kannanotto 8.10.2015 Muutaman viikon kuluttua Mikkelin katukuvaan saapuu 300 uutta kasvoa. Tulijat ovat etsineet turvaa Suomesta ja oudolla paikkakunnalla he ovat h\u00e4mmentyneit\u00e4 ja ep\u00e4varmoja. My\u00f6s moni ...\t\t<\/div>\n\n\t\t\t<\/div>\n<\/div>\n<div class=\"anwp-pg-post-teaser anwp-pg-post-teaser--layout-classic anwp-row anwp-no-gutters\">\n\n\t\n\t<div class=\"anwp-pg-post-teaser__content anwp-col-12\">\n\n\t\t<div class=\"anwp-pg-post-teaser__title anwp-font-heading my-2\">\n\t\t\t<a class=\"anwp-link-without-effects\" href=\"https:\/\/seppohakkinen.fi\/wordpress\/index.php\/2015\/09\/13\/puhe-joutsenon-kirkossa-13-9-2015\/\" aria-hidden=\"true\" >\n\t\t\t\tPuhe  Joutsenon kirkossa 13.9.2015\t\t\t<\/a>\n\t\t<\/div>\n\n\t\t<div class=\"anwp-pg-post-teaser__bottom-meta d-flex flex-wrap\">\n\n\t\t\t\t\t\t\t<div class=\"anwp-pg-post-teaser__bottom-meta-item d-flex align-items-center mr-4\">\n\t\t\t\t\t<svg class=\"anwp-pg-icon anwp-pg-icon--s16 mr-2\">\n\t\t\t\t\t\t<use xlink:href=\"#icon-anwp-pg-person\"><\/use>\n\t\t\t\t\t<\/svg>\n\t\t\t\t\tadmin\t\t\t\t<\/div>\n\t\t\t\n\t\t\t\t\t\t\t<div class=\"anwp-pg-post-teaser__bottom-meta-item d-flex align-items-center mr-4\">\n\t\t\t\t\t<svg class=\"anwp-pg-icon anwp-pg-icon--s16 mr-2\">\n\t\t\t\t\t\t<use xlink:href=\"#icon-anwp-pg-calendar\"><\/use>\n\t\t\t\t\t<\/svg>\n\t\t\t\t\t<span class=\"screen-reader-text\">Posted on<\/span><time class=\"anwp-pg-published\" datetime=\"2015-09-13T16:04:38+00:00\">13 syyskuun, 2015<\/time><time class=\"anwp-pg-updated\" datetime=\"2024-02-12T16:31:52+00:00\">12 helmikuun, 2024<\/time>\t\t\t\t<\/div>\n\t\t\t\t\t\t<\/div>\n\n\t\t<div class=\"anwp-pg-post-teaser__excerpt mt-2\">\n\t\t\tKirkkoherra Tero Kalpion virkaanasettamismessu Rakkaat kristityt, hyv\u00e4 Tero. Joutsenon seurakunnassa on t\u00e4n\u00e4\u00e4n erityinen juhlap\u00e4iv\u00e4, kun pastori Tero Kalpio asetetaan kirkkoherran virkaan. Kirkkoherra on seurakunnan johtaja. H\u00e4n johtaa seurakunnan hengellist\u00e4 el\u00e4m\u00e4\u00e4 ...\t\t<\/div>\n\n\t\t\t<\/div>\n<\/div>\n<div class=\"anwp-pg-post-teaser anwp-pg-post-teaser--layout-classic anwp-row anwp-no-gutters\">\n\n\t\n\t<div class=\"anwp-pg-post-teaser__content anwp-col-12\">\n\n\t\t<div class=\"anwp-pg-post-teaser__title anwp-font-heading my-2\">\n\t\t\t<a class=\"anwp-link-without-effects\" href=\"https:\/\/seppohakkinen.fi\/wordpress\/index.php\/2015\/09\/10\/kolumni-ita-hame-lehdessa-10-9-2015\/\" aria-hidden=\"true\" >\n\t\t\t\tKolumni It\u00e4-H\u00e4me -lehdess\u00e4 10.9.2015\t\t\t<\/a>\n\t\t<\/div>\n\n\t\t<div class=\"anwp-pg-post-teaser__bottom-meta d-flex flex-wrap\">\n\n\t\t\t\t\t\t\t<div class=\"anwp-pg-post-teaser__bottom-meta-item d-flex align-items-center mr-4\">\n\t\t\t\t\t<svg class=\"anwp-pg-icon anwp-pg-icon--s16 mr-2\">\n\t\t\t\t\t\t<use xlink:href=\"#icon-anwp-pg-person\"><\/use>\n\t\t\t\t\t<\/svg>\n\t\t\t\t\tadmin\t\t\t\t<\/div>\n\t\t\t\n\t\t\t\t\t\t\t<div class=\"anwp-pg-post-teaser__bottom-meta-item d-flex align-items-center mr-4\">\n\t\t\t\t\t<svg class=\"anwp-pg-icon anwp-pg-icon--s16 mr-2\">\n\t\t\t\t\t\t<use xlink:href=\"#icon-anwp-pg-calendar\"><\/use>\n\t\t\t\t\t<\/svg>\n\t\t\t\t\t<span class=\"screen-reader-text\">Posted on<\/span><time class=\"anwp-pg-published\" datetime=\"2015-09-10T16:04:38+00:00\">10 syyskuun, 2015<\/time><time class=\"anwp-pg-updated\" datetime=\"2024-02-12T16:24:38+00:00\">12 helmikuun, 2024<\/time>\t\t\t\t<\/div>\n\t\t\t\t\t\t<\/div>\n\n\t\t<div class=\"anwp-pg-post-teaser__excerpt mt-2\">\n\t\t\tTalous &#8211; ainoa arvomme? Suomen julkinen talous on vaikeuksissa. El\u00e4mme yli varojemme ja velkaannumme yh\u00e4 enemm\u00e4n. Siksi on ymm\u00e4rrett\u00e4v\u00e4\u00e4, ett\u00e4 keinoja taloustilanteen kohentamiseksi etsit\u00e4\u00e4n. Hallituksen pyrkimys julkisen talouden tervehdytt\u00e4miseksi on ...\t\t<\/div>\n\n\t\t\t<\/div>\n<\/div>\n<div class=\"anwp-pg-post-teaser anwp-pg-post-teaser--layout-classic anwp-row anwp-no-gutters\">\n\n\t\n\t<div class=\"anwp-pg-post-teaser__content anwp-col-12\">\n\n\t\t<div class=\"anwp-pg-post-teaser__title anwp-font-heading my-2\">\n\t\t\t<a class=\"anwp-link-without-effects\" href=\"https:\/\/seppohakkinen.fi\/wordpress\/index.php\/2015\/08\/31\/otavan-rukoushuoneen-esittely-ja-muistotaulun-paljastaminen-31-8-2015-mikkelissa\/\" aria-hidden=\"true\" >\n\t\t\t\tOtavan rukoushuoneen esittely- ja muistotaulun paljastaminen 31.8.2015 Mikkeliss\u00e4\t\t\t<\/a>\n\t\t<\/div>\n\n\t\t<div class=\"anwp-pg-post-teaser__bottom-meta d-flex flex-wrap\">\n\n\t\t\t\t\t\t\t<div class=\"anwp-pg-post-teaser__bottom-meta-item d-flex align-items-center mr-4\">\n\t\t\t\t\t<svg class=\"anwp-pg-icon anwp-pg-icon--s16 mr-2\">\n\t\t\t\t\t\t<use xlink:href=\"#icon-anwp-pg-person\"><\/use>\n\t\t\t\t\t<\/svg>\n\t\t\t\t\tadmin\t\t\t\t<\/div>\n\t\t\t\n\t\t\t\t\t\t\t<div class=\"anwp-pg-post-teaser__bottom-meta-item d-flex align-items-center mr-4\">\n\t\t\t\t\t<svg class=\"anwp-pg-icon anwp-pg-icon--s16 mr-2\">\n\t\t\t\t\t\t<use xlink:href=\"#icon-anwp-pg-calendar\"><\/use>\n\t\t\t\t\t<\/svg>\n\t\t\t\t\t<span class=\"screen-reader-text\">Posted on<\/span><time class=\"anwp-pg-published\" datetime=\"2015-08-31T16:04:38+00:00\">31 elokuun, 2015<\/time><time class=\"anwp-pg-updated\" datetime=\"2024-02-27T10:31:17+00:00\">27 helmikuun, 2024<\/time>\t\t\t\t<\/div>\n\t\t\t\t\t\t<\/div>\n\n\t\t<div class=\"anwp-pg-post-teaser__excerpt mt-2\">\n\t\t\tPsalmista 78: Kuuntele, kansani, mit\u00e4 opetan, tarkatkaa sanojani, te kaikki.\u2003\u2003Min\u00e4 aion esitt\u00e4\u00e4 viisaiden mietteit\u00e4, \u2003\u2003tuon julki menneisyyden arvoituksia,vanhoja asioita, joista olemme kuulleet, joista is\u00e4mme ovat meille kertoneet.\u2003\u2003Me emme salaa niit\u00e4 ...\t\t<\/div>\n\n\t\t\t<\/div>\n<\/div>\n<div class=\"anwp-pg-post-teaser anwp-pg-post-teaser--layout-classic anwp-row anwp-no-gutters\">\n\n\t\n\t<div class=\"anwp-pg-post-teaser__content anwp-col-12\">\n\n\t\t<div class=\"anwp-pg-post-teaser__title anwp-font-heading my-2\">\n\t\t\t<a class=\"anwp-link-without-effects\" href=\"https:\/\/seppohakkinen.fi\/wordpress\/index.php\/2015\/08\/26\/pyhiinvaellus-pariisiin-ilmastokavely-26-8-2015-mikkelissa\/\" aria-hidden=\"true\" >\n\t\t\t\tPyhiinvaellus Pariisiin &ndash;ilmastok\u00e4vely 26.8.2015 Mikkeliss\u00e4\t\t\t<\/a>\n\t\t<\/div>\n\n\t\t<div class=\"anwp-pg-post-teaser__bottom-meta d-flex flex-wrap\">\n\n\t\t\t\t\t\t\t<div class=\"anwp-pg-post-teaser__bottom-meta-item d-flex align-items-center mr-4\">\n\t\t\t\t\t<svg class=\"anwp-pg-icon anwp-pg-icon--s16 mr-2\">\n\t\t\t\t\t\t<use xlink:href=\"#icon-anwp-pg-person\"><\/use>\n\t\t\t\t\t<\/svg>\n\t\t\t\t\tadmin\t\t\t\t<\/div>\n\t\t\t\n\t\t\t\t\t\t\t<div class=\"anwp-pg-post-teaser__bottom-meta-item d-flex align-items-center mr-4\">\n\t\t\t\t\t<svg class=\"anwp-pg-icon anwp-pg-icon--s16 mr-2\">\n\t\t\t\t\t\t<use xlink:href=\"#icon-anwp-pg-calendar\"><\/use>\n\t\t\t\t\t<\/svg>\n\t\t\t\t\t<span class=\"screen-reader-text\">Posted on<\/span><time class=\"anwp-pg-published\" datetime=\"2015-08-26T16:04:37+00:00\">26 elokuun, 2015<\/time><time class=\"anwp-pg-updated\" datetime=\"2024-02-27T10:33:28+00:00\">27 helmikuun, 2024<\/time>\t\t\t\t<\/div>\n\t\t\t\t\t\t<\/div>\n\n\t\t<div class=\"anwp-pg-post-teaser__excerpt mt-2\">\n\t\t\tKohta l\u00e4hdemme k\u00e4velem\u00e4\u00e4n t\u00e4\u00e4lt\u00e4 Mikkelin tuomiokirkon portailta Otavan opistolle. Miksi? Sen vuoksi, ett\u00e4 haluamme liitty\u00e4 kansainv\u00e4liseen k\u00e4velytapahtumaan \u201dPyhiinvaellus Pariisiin\u201d. Haluamme vaikuttaa siihen, ett\u00e4 marras-joulukuun taitteessa pidett\u00e4v\u00e4ss\u00e4 YK:n ilmastokokouksessa Pariisissa tehd\u00e4\u00e4n ...\t\t<\/div>\n\n\t\t\t<\/div>\n<\/div>\n<div class=\"anwp-pg-post-teaser anwp-pg-post-teaser--layout-classic anwp-row anwp-no-gutters\">\n\n\t\n\t<div class=\"anwp-pg-post-teaser__content anwp-col-12\">\n\n\t\t<div class=\"anwp-pg-post-teaser__title anwp-font-heading my-2\">\n\t\t\t<a class=\"anwp-link-without-effects\" href=\"https:\/\/seppohakkinen.fi\/wordpress\/index.php\/2015\/07\/22\/neutraliteetti-illuusio-vaaristaa-uskontoon-liittyvaa-keskustelua\/\" aria-hidden=\"true\" >\n\t\t\t\tNeutraliteetti-illuusio v\u00e4\u00e4rist\u00e4\u00e4 uskontoon liittyv\u00e4\u00e4 keskustelua\t\t\t<\/a>\n\t\t<\/div>\n\n\t\t<div class=\"anwp-pg-post-teaser__bottom-meta d-flex flex-wrap\">\n\n\t\t\t\t\t\t\t<div class=\"anwp-pg-post-teaser__bottom-meta-item d-flex align-items-center mr-4\">\n\t\t\t\t\t<svg class=\"anwp-pg-icon anwp-pg-icon--s16 mr-2\">\n\t\t\t\t\t\t<use xlink:href=\"#icon-anwp-pg-person\"><\/use>\n\t\t\t\t\t<\/svg>\n\t\t\t\t\tadmin\t\t\t\t<\/div>\n\t\t\t\n\t\t\t\t\t\t\t<div class=\"anwp-pg-post-teaser__bottom-meta-item d-flex align-items-center mr-4\">\n\t\t\t\t\t<svg class=\"anwp-pg-icon anwp-pg-icon--s16 mr-2\">\n\t\t\t\t\t\t<use xlink:href=\"#icon-anwp-pg-calendar\"><\/use>\n\t\t\t\t\t<\/svg>\n\t\t\t\t\t<span class=\"screen-reader-text\">Posted on<\/span><time class=\"anwp-pg-published\" datetime=\"2015-07-22T16:04:37+00:00\">22 hein\u00e4kuun, 2015<\/time><time class=\"anwp-pg-updated\" datetime=\"2024-02-27T10:53:35+00:00\">27 helmikuun, 2024<\/time>\t\t\t\t<\/div>\n\t\t\t\t\t\t<\/div>\n\n\t\t<div class=\"anwp-pg-post-teaser__excerpt mt-2\">\n\t\t\tBlogi Kotimaa24:ss\u00e4 Uskonto on julkisessa keskustelussa ja poliittisessa p\u00e4\u00e4t\u00f6ksenteossa jatkuvasti ajankohtainen aihe. Viime aikoina yhteiskunnan eri alueilla on korostunut pyrkimys katsomukselliseen neutraliteettiin. Esimerkiksi lains\u00e4\u00e4d\u00e4nt\u00f6hankkeissa uskonnon poistamista julkisen vallan toiminnasta perustellaan ...\t\t<\/div>\n\n\t\t\t<\/div>\n<\/div>\n<div class=\"anwp-pg-post-teaser anwp-pg-post-teaser--layout-classic anwp-row anwp-no-gutters\">\n\n\t\n\t<div class=\"anwp-pg-post-teaser__content anwp-col-12\">\n\n\t\t<div class=\"anwp-pg-post-teaser__title anwp-font-heading my-2\">\n\t\t\t<a class=\"anwp-link-without-effects\" href=\"https:\/\/seppohakkinen.fi\/wordpress\/index.php\/2015\/06\/26\/kolumni-ita-hame-lehdessa-26-6-2015\/\" aria-hidden=\"true\" >\n\t\t\t\tKolumni It\u00e4-H\u00e4me -lehdess\u00e4 26.6.2015\t\t\t<\/a>\n\t\t<\/div>\n\n\t\t<div class=\"anwp-pg-post-teaser__bottom-meta d-flex flex-wrap\">\n\n\t\t\t\t\t\t\t<div class=\"anwp-pg-post-teaser__bottom-meta-item d-flex align-items-center mr-4\">\n\t\t\t\t\t<svg class=\"anwp-pg-icon anwp-pg-icon--s16 mr-2\">\n\t\t\t\t\t\t<use xlink:href=\"#icon-anwp-pg-person\"><\/use>\n\t\t\t\t\t<\/svg>\n\t\t\t\t\tadmin\t\t\t\t<\/div>\n\t\t\t\n\t\t\t\t\t\t\t<div class=\"anwp-pg-post-teaser__bottom-meta-item d-flex align-items-center mr-4\">\n\t\t\t\t\t<svg class=\"anwp-pg-icon anwp-pg-icon--s16 mr-2\">\n\t\t\t\t\t\t<use xlink:href=\"#icon-anwp-pg-calendar\"><\/use>\n\t\t\t\t\t<\/svg>\n\t\t\t\t\t<span class=\"screen-reader-text\">Posted on<\/span><time class=\"anwp-pg-published\" datetime=\"2015-06-26T16:04:37+00:00\">26 kes\u00e4kuun, 2015<\/time><time class=\"anwp-pg-updated\" datetime=\"2024-02-27T10:56:17+00:00\">27 helmikuun, 2024<\/time>\t\t\t\t<\/div>\n\t\t\t\t\t\t<\/div>\n\n\t\t<div class=\"anwp-pg-post-teaser__excerpt mt-2\">\n\t\t\tKohtuudesta Viime viikkoina kohtuudesta on keskusteltu enemm\u00e4n kuin aikoihin. Taustalla on p\u00e4\u00e4ministeri Sipil\u00e4n hallitusneuvottelujen p\u00e4\u00e4tteeksi esitt\u00e4m\u00e4 vetoomus yhteiskunnan hyv\u00e4osaisille kohtuuden puolesta ja yhteisiin talkoisiin osallistumisesta. Keskustelu kohtuudesta on tervetullut. Ylip\u00e4\u00e4ns\u00e4 ...\t\t<\/div>\n\n\t\t\t<\/div>\n<\/div>\n<div class=\"anwp-pg-post-teaser anwp-pg-post-teaser--layout-classic anwp-row anwp-no-gutters\">\n\n\t\n\t<div class=\"anwp-pg-post-teaser__content anwp-col-12\">\n\n\t\t<div class=\"anwp-pg-post-teaser__title anwp-font-heading my-2\">\n\t\t\t<a class=\"anwp-link-without-effects\" href=\"https:\/\/seppohakkinen.fi\/wordpress\/index.php\/2015\/05\/26\/rajat-ylittava-kirkko\/\" aria-hidden=\"true\" >\n\t\t\t\tRajat ylitt\u00e4v\u00e4 kirkko\t\t\t<\/a>\n\t\t<\/div>\n\n\t\t<div class=\"anwp-pg-post-teaser__bottom-meta d-flex flex-wrap\">\n\n\t\t\t\t\t\t\t<div class=\"anwp-pg-post-teaser__bottom-meta-item d-flex align-items-center mr-4\">\n\t\t\t\t\t<svg class=\"anwp-pg-icon anwp-pg-icon--s16 mr-2\">\n\t\t\t\t\t\t<use xlink:href=\"#icon-anwp-pg-person\"><\/use>\n\t\t\t\t\t<\/svg>\n\t\t\t\t\tadmin\t\t\t\t<\/div>\n\t\t\t\n\t\t\t\t\t\t\t<div class=\"anwp-pg-post-teaser__bottom-meta-item d-flex align-items-center mr-4\">\n\t\t\t\t\t<svg class=\"anwp-pg-icon anwp-pg-icon--s16 mr-2\">\n\t\t\t\t\t\t<use xlink:href=\"#icon-anwp-pg-calendar\"><\/use>\n\t\t\t\t\t<\/svg>\n\t\t\t\t\t<span class=\"screen-reader-text\">Posted on<\/span><time class=\"anwp-pg-published\" datetime=\"2015-05-26T16:04:37+00:00\">26 toukokuun, 2015<\/time><time class=\"anwp-pg-updated\" datetime=\"2024-01-26T20:46:14+00:00\">26 tammikuun, 2024<\/time>\t\t\t\t<\/div>\n\t\t\t\t\t\t<\/div>\n\n\t\t<div class=\"anwp-pg-post-teaser__excerpt mt-2\">\n\t\t\tEnsimm\u00e4isen\u00e4 kristillisen\u00e4 helluntaina parituhatta vuotta sitten Jerusalemiin kokoontuneet ihmiset kokivat ihmeen. He kuulivat puhuttavan Jumalan suurista teoista kukin omalla kielell\u00e4\u00e4n. Kristillinen kirkko ylitti kansalliset, kielelliset ja kulttuuriset rajat jo heti ...\t\t<\/div>\n\n\t\t\t<\/div>\n<\/div>\n<div class=\"anwp-pg-post-teaser anwp-pg-post-teaser--layout-classic anwp-row anwp-no-gutters\">\n\n\t\n\t<div class=\"anwp-pg-post-teaser__content anwp-col-12\">\n\n\t\t<div class=\"anwp-pg-post-teaser__title anwp-font-heading my-2\">\n\t\t\t<a class=\"anwp-link-without-effects\" href=\"https:\/\/seppohakkinen.fi\/wordpress\/index.php\/2015\/05\/22\/puheenvuoro-kirkkopaivien-avajaisissa-22-5-2015-kouvolassa\/\" aria-hidden=\"true\" >\n\t\t\t\tPuheenvuoro Kirkkop\u00e4ivien avajaisissa 22.5.2015 Kouvolassa\t\t\t<\/a>\n\t\t<\/div>\n\n\t\t<div class=\"anwp-pg-post-teaser__bottom-meta d-flex flex-wrap\">\n\n\t\t\t\t\t\t\t<div class=\"anwp-pg-post-teaser__bottom-meta-item d-flex align-items-center mr-4\">\n\t\t\t\t\t<svg class=\"anwp-pg-icon anwp-pg-icon--s16 mr-2\">\n\t\t\t\t\t\t<use xlink:href=\"#icon-anwp-pg-person\"><\/use>\n\t\t\t\t\t<\/svg>\n\t\t\t\t\tadmin\t\t\t\t<\/div>\n\t\t\t\n\t\t\t\t\t\t\t<div class=\"anwp-pg-post-teaser__bottom-meta-item d-flex align-items-center mr-4\">\n\t\t\t\t\t<svg class=\"anwp-pg-icon anwp-pg-icon--s16 mr-2\">\n\t\t\t\t\t\t<use xlink:href=\"#icon-anwp-pg-calendar\"><\/use>\n\t\t\t\t\t<\/svg>\n\t\t\t\t\t<span class=\"screen-reader-text\">Posted on<\/span><time class=\"anwp-pg-published\" datetime=\"2015-05-22T16:04:37+00:00\">22 toukokuun, 2015<\/time><time class=\"anwp-pg-updated\" datetime=\"2024-01-26T20:46:47+00:00\">26 tammikuun, 2024<\/time>\t\t\t\t<\/div>\n\t\t\t\t\t\t<\/div>\n\n\t\t<div class=\"anwp-pg-post-teaser__excerpt mt-2\">\n\t\t\tTervetuloa Mikkelin hiippakunnan puolesta Kirkkop\u00e4iville Kouvolaan! Kirkkop\u00e4iv\u00e4t ovat merkki siit\u00e4, ett\u00e4 maassamme kristinusko ja kirkko eiv\u00e4t ole eiv\u00e4tk\u00e4 suostu olemaan marginaalissa, sys\u00e4ttyn\u00e4 merkityksett\u00f6m\u00e4n\u00e4 pois julkisesta el\u00e4m\u00e4st\u00e4 pelk\u00e4n yksityisel\u00e4m\u00e4n piiriin. T\u00e4m\u00e4n ...\t\t<\/div>\n\n\t\t\t<\/div>\n<\/div>\n<div class=\"anwp-pg-post-teaser anwp-pg-post-teaser--layout-classic anwp-row anwp-no-gutters\">\n\n\t\n\t<div class=\"anwp-pg-post-teaser__content anwp-col-12\">\n\n\t\t<div class=\"anwp-pg-post-teaser__title anwp-font-heading my-2\">\n\t\t\t<a class=\"anwp-link-without-effects\" href=\"https:\/\/seppohakkinen.fi\/wordpress\/index.php\/2015\/03\/12\/kirkko-ja-lapsen-oikeudet\/\" aria-hidden=\"true\" >\n\t\t\t\tKirkko ja lapsen oikeudet\t\t\t<\/a>\n\t\t<\/div>\n\n\t\t<div class=\"anwp-pg-post-teaser__bottom-meta d-flex flex-wrap\">\n\n\t\t\t\t\t\t\t<div class=\"anwp-pg-post-teaser__bottom-meta-item d-flex align-items-center mr-4\">\n\t\t\t\t\t<svg class=\"anwp-pg-icon anwp-pg-icon--s16 mr-2\">\n\t\t\t\t\t\t<use xlink:href=\"#icon-anwp-pg-person\"><\/use>\n\t\t\t\t\t<\/svg>\n\t\t\t\t\tadmin\t\t\t\t<\/div>\n\t\t\t\n\t\t\t\t\t\t\t<div class=\"anwp-pg-post-teaser__bottom-meta-item d-flex align-items-center mr-4\">\n\t\t\t\t\t<svg class=\"anwp-pg-icon anwp-pg-icon--s16 mr-2\">\n\t\t\t\t\t\t<use xlink:href=\"#icon-anwp-pg-calendar\"><\/use>\n\t\t\t\t\t<\/svg>\n\t\t\t\t\t<span class=\"screen-reader-text\">Posted on<\/span><time class=\"anwp-pg-published\" datetime=\"2015-03-12T16:04:37+00:00\">12 maaliskuun, 2015<\/time><time class=\"anwp-pg-updated\" datetime=\"2024-02-27T10:49:31+00:00\">27 helmikuun, 2024<\/time>\t\t\t\t<\/div>\n\t\t\t\t\t\t<\/div>\n\n\t\t<div class=\"anwp-pg-post-teaser__excerpt mt-2\">\n\t\t\tPuheenvuoro Kirkon ihmisoikeusfoorumissa 12.3.2015 Helsingiss\u00e4 Johdanto \u201dTe l\u00f6yd\u00e4tte lapsen.\u201d T\u00e4llaisen merkin enkeli ilmoitti paimenille Vapahtajasta, joka juuri oli syntynyt. Seimeen kapaloitu lapsi on Kristus, Herra. (Luuk. 2:12). Enkelin ilmoitus Luukkaan ...\t\t<\/div>\n\n\t\t\t<\/div>\n<\/div>\n<div class=\"anwp-pg-post-teaser anwp-pg-post-teaser--layout-classic anwp-row anwp-no-gutters\">\n\n\t\n\t<div class=\"anwp-pg-post-teaser__content anwp-col-12\">\n\n\t\t<div class=\"anwp-pg-post-teaser__title anwp-font-heading my-2\">\n\t\t\t<a class=\"anwp-link-without-effects\" href=\"https:\/\/seppohakkinen.fi\/wordpress\/index.php\/2015\/01\/14\/energiaa-ja-elamaniloa-10-14-vuotiaat-seurakunnan-voimavarana\/\" aria-hidden=\"true\" >\n\t\t\t\tEnergiaa ja el\u00e4m\u00e4niloa! 10&ndash;14 -vuotiaat seurakunnan voimavarana\t\t\t<\/a>\n\t\t<\/div>\n\n\t\t<div class=\"anwp-pg-post-teaser__bottom-meta d-flex flex-wrap\">\n\n\t\t\t\t\t\t\t<div class=\"anwp-pg-post-teaser__bottom-meta-item d-flex align-items-center mr-4\">\n\t\t\t\t\t<svg class=\"anwp-pg-icon anwp-pg-icon--s16 mr-2\">\n\t\t\t\t\t\t<use xlink:href=\"#icon-anwp-pg-person\"><\/use>\n\t\t\t\t\t<\/svg>\n\t\t\t\t\tadmin\t\t\t\t<\/div>\n\t\t\t\n\t\t\t\t\t\t\t<div class=\"anwp-pg-post-teaser__bottom-meta-item d-flex align-items-center mr-4\">\n\t\t\t\t\t<svg class=\"anwp-pg-icon anwp-pg-icon--s16 mr-2\">\n\t\t\t\t\t\t<use xlink:href=\"#icon-anwp-pg-calendar\"><\/use>\n\t\t\t\t\t<\/svg>\n\t\t\t\t\t<span class=\"screen-reader-text\">Posted on<\/span><time class=\"anwp-pg-published\" datetime=\"2015-01-14T16:04:37+00:00\">14 tammikuun, 2015<\/time><time class=\"anwp-pg-updated\" datetime=\"2024-02-27T10:32:26+00:00\">27 helmikuun, 2024<\/time>\t\t\t\t<\/div>\n\t\t\t\t\t\t<\/div>\n\n\t\t<div class=\"anwp-pg-post-teaser__excerpt mt-2\">\n\t\t\tPuheenvuoro Kirkon kasvatuksen p\u00e4ivill\u00e4 14.1.2015 Jyv\u00e4skyl\u00e4ss\u00e4 Minulla on tallessa punaisesta nauhasta roikkuva, puusta sahattu avain, johon on poltettu teksti: APT. 16:31. Avain on muisto Heinolan maaseurakunnasta l\u00e4hes parin vuosikymmenen takaa. ...\t\t<\/div>\n\n\t\t\t<\/div>\n<\/div>\n\t<\/div>\n\t\n\t<\/div>\n\t\t\t\t<\/div>\n\t\t\t\t<\/div>\n\t\t\t\t\t<\/div>\n\t\t\t\t<\/div>\n\t\t\t\t<\/div>\n\t\t","protected":false},"excerpt":{"rendered":"","protected":false},"author":1,"featured_media":0,"parent":0,"menu_order":0,"comment_status":"closed","ping_status":"closed","template":"","meta":{"footnotes":""},"class_list":["post-3385","page","type-page","status-publish"],"_links":{"self":[{"href":"https:\/\/seppohakkinen.fi\/wordpress\/index.php\/wp-json\/wp\/v2\/pages\/3385","targetHints":{"allow":["GET"]}}],"collection":[{"href":"https:\/\/seppohakkinen.fi\/wordpress\/index.php\/wp-json\/wp\/v2\/pages"}],"about":[{"href":"https:\/\/seppohakkinen.fi\/wordpress\/index.php\/wp-json\/wp\/v2\/types\/page"}],"author":[{"embeddable":true,"href":"https:\/\/seppohakkinen.fi\/wordpress\/index.php\/wp-json\/wp\/v2\/users\/1"}],"replies":[{"embeddable":true,"href":"https:\/\/seppohakkinen.fi\/wordpress\/index.php\/wp-json\/wp\/v2\/comments?post=3385"}],"version-history":[{"count":4,"href":"https:\/\/seppohakkinen.fi\/wordpress\/index.php\/wp-json\/wp\/v2\/pages\/3385\/revisions"}],"predecessor-version":[{"id":3397,"href":"https:\/\/seppohakkinen.fi\/wordpress\/index.php\/wp-json\/wp\/v2\/pages\/3385\/revisions\/3397"}],"wp:attachment":[{"href":"https:\/\/seppohakkinen.fi\/wordpress\/index.php\/wp-json\/wp\/v2\/media?parent=3385"}],"curies":[{"name":"wp","href":"https:\/\/api.w.org\/{rel}","templated":true}]}}