{"id":4110,"date":"2024-02-27T11:51:50","date_gmt":"2024-02-27T11:51:50","guid":{"rendered":"https:\/\/seppohakkinen.fi\/wordpress\/?page_id=4110"},"modified":"2024-03-02T12:41:38","modified_gmt":"2024-03-02T12:41:38","slug":"saarnat-2021","status":"publish","type":"page","link":"https:\/\/seppohakkinen.fi\/wordpress\/index.php\/saarnat-2021\/","title":{"rendered":"Saarnat 2021"},"content":{"rendered":"\t\t<div data-elementor-type=\"wp-page\" data-elementor-id=\"4110\" class=\"elementor elementor-4110\">\n\t\t\t\t<div class=\"elementor-element elementor-element-8e80255 e-flex e-con-boxed e-con e-parent\" data-id=\"8e80255\" data-element_type=\"container\" data-e-type=\"container\">\n\t\t\t\t\t<div class=\"e-con-inner\">\n\t\t\t\t<div class=\"elementor-element elementor-element-a60c847 anwp-pg-widget-header-style--b anwp-pg-post-teaser__post-icon--size-16 elementor-widget elementor-widget-anwp-pg-classic-blog\" data-id=\"a60c847\" data-element_type=\"widget\" data-e-type=\"widget\" data-widget_type=\"anwp-pg-classic-blog.default\">\n\t\t\t\t<div class=\"elementor-widget-container\">\n\t\t\t\t\t<div class=\"anwp-pg-wrap\">\n\n\t\n\t<div class=\"anwp-pg-classic-blog anwp-pg-posts-wrapper\">\n\t\t<div class=\"anwp-pg-post-teaser anwp-pg-post-teaser--layout-classic anwp-row anwp-no-gutters\">\n\n\t\n\t<div class=\"anwp-pg-post-teaser__content anwp-col-12\">\n\n\t\t<div class=\"anwp-pg-post-teaser__title anwp-font-heading my-2\">\n\t\t\t<a class=\"anwp-link-without-effects\" href=\"https:\/\/seppohakkinen.fi\/wordpress\/index.php\/2021\/12\/24\/saarna-jouluyon-sanajumalanpalveluksessa\/\" aria-hidden=\"true\" >\n\t\t\t\tSaarna jouluy\u00f6n sanajumalanpalveluksessa\t\t\t<\/a>\n\t\t<\/div>\n\n\t\t<div class=\"anwp-pg-post-teaser__bottom-meta d-flex flex-wrap\">\n\n\t\t\t\t\t\t\t<div class=\"anwp-pg-post-teaser__bottom-meta-item d-flex align-items-center mr-4\">\n\t\t\t\t\t<svg class=\"anwp-pg-icon anwp-pg-icon--s16 mr-2\">\n\t\t\t\t\t\t<use xlink:href=\"#icon-anwp-pg-person\"><\/use>\n\t\t\t\t\t<\/svg>\n\t\t\t\t\tadmin\t\t\t\t<\/div>\n\t\t\t\n\t\t\t\t\t\t\t<div class=\"anwp-pg-post-teaser__bottom-meta-item d-flex align-items-center mr-4\">\n\t\t\t\t\t<svg class=\"anwp-pg-icon anwp-pg-icon--s16 mr-2\">\n\t\t\t\t\t\t<use xlink:href=\"#icon-anwp-pg-calendar\"><\/use>\n\t\t\t\t\t<\/svg>\n\t\t\t\t\t<span class=\"screen-reader-text\">Posted on<\/span><time class=\"anwp-pg-published\" datetime=\"2021-12-24T16:03:35+00:00\">24 joulukuun, 2021<\/time><time class=\"anwp-pg-updated\" datetime=\"2024-02-28T09:36:20+00:00\">28 helmikuun, 2024<\/time>\t\t\t\t<\/div>\n\t\t\t\t\t\t<\/div>\n\n\t\t<div class=\"anwp-pg-post-teaser__excerpt mt-2\">\n\t\t\tMikkelin tuomiokirkossa 24.12.2021 Siihen aikaan antoi keisari Augustus k\u00e4skyn, ett\u00e4 koko valtakunnassa oli toimitettava verollepano. T\u00e4m\u00e4 verollepano oli ensimm\u00e4inen ja tapahtui Quiriniuksen ollessa Syyrian k\u00e4skynhaltijana. Kaikki meniv\u00e4t kirjoittautumaan veroluetteloon, kukin ...\t\t<\/div>\n\n\t\t\t<\/div>\n<\/div>\n<div class=\"anwp-pg-post-teaser anwp-pg-post-teaser--layout-classic anwp-row anwp-no-gutters\">\n\n\t\n\t<div class=\"anwp-pg-post-teaser__content anwp-col-12\">\n\n\t\t<div class=\"anwp-pg-post-teaser__title anwp-font-heading my-2\">\n\t\t\t<a class=\"anwp-link-without-effects\" href=\"https:\/\/seppohakkinen.fi\/wordpress\/index.php\/2021\/12\/06\/saarna-suomen-itsenaisyyspaivan-ekumeenisessa-juhlajumalanpalveluksessa\/\" aria-hidden=\"true\" >\n\t\t\t\tSaarna Suomen itsen\u00e4isyysp\u00e4iv\u00e4n ekumeenisessa juhlajumalanpalveluksessa\t\t\t<\/a>\n\t\t<\/div>\n\n\t\t<div class=\"anwp-pg-post-teaser__bottom-meta d-flex flex-wrap\">\n\n\t\t\t\t\t\t\t<div class=\"anwp-pg-post-teaser__bottom-meta-item d-flex align-items-center mr-4\">\n\t\t\t\t\t<svg class=\"anwp-pg-icon anwp-pg-icon--s16 mr-2\">\n\t\t\t\t\t\t<use xlink:href=\"#icon-anwp-pg-person\"><\/use>\n\t\t\t\t\t<\/svg>\n\t\t\t\t\tadmin\t\t\t\t<\/div>\n\t\t\t\n\t\t\t\t\t\t\t<div class=\"anwp-pg-post-teaser__bottom-meta-item d-flex align-items-center mr-4\">\n\t\t\t\t\t<svg class=\"anwp-pg-icon anwp-pg-icon--s16 mr-2\">\n\t\t\t\t\t\t<use xlink:href=\"#icon-anwp-pg-calendar\"><\/use>\n\t\t\t\t\t<\/svg>\n\t\t\t\t\t<span class=\"screen-reader-text\">Posted on<\/span><time class=\"anwp-pg-published\" datetime=\"2021-12-06T16:03:35+00:00\">6 joulukuun, 2021<\/time><time class=\"anwp-pg-updated\" datetime=\"2024-03-03T09:11:47+00:00\">3 maaliskuun, 2024<\/time>\t\t\t\t<\/div>\n\t\t\t\t\t\t<\/div>\n\n\t\t<div class=\"anwp-pg-post-teaser__excerpt mt-2\">\n\t\t\tHelsingin tuomiokirkossa 6.12.2021 Jeesus kutsui opetuslapsensa luokseen ja sanoi: \u201dTe tied\u00e4tte, ett\u00e4 hallitsijat ovat kansojensa herroja ja maan mahtavat pit\u00e4v\u00e4t kansoja valtansa alla. Niin ei saa olla teid\u00e4n keskuudessanne. Joka ...\t\t<\/div>\n\n\t\t\t<\/div>\n<\/div>\n<div class=\"anwp-pg-post-teaser anwp-pg-post-teaser--layout-classic anwp-row anwp-no-gutters\">\n\n\t\n\t<div class=\"anwp-pg-post-teaser__content anwp-col-12\">\n\n\t\t<div class=\"anwp-pg-post-teaser__title anwp-font-heading my-2\">\n\t\t\t<a class=\"anwp-link-without-effects\" href=\"https:\/\/seppohakkinen.fi\/wordpress\/index.php\/2021\/11\/21\/saarna-piispantarkastuksen-juhlamessussa-2\/\" aria-hidden=\"true\" >\n\t\t\t\tSaarna piispantarkastuksen juhlamessussa\t\t\t<\/a>\n\t\t<\/div>\n\n\t\t<div class=\"anwp-pg-post-teaser__bottom-meta d-flex flex-wrap\">\n\n\t\t\t\t\t\t\t<div class=\"anwp-pg-post-teaser__bottom-meta-item d-flex align-items-center mr-4\">\n\t\t\t\t\t<svg class=\"anwp-pg-icon anwp-pg-icon--s16 mr-2\">\n\t\t\t\t\t\t<use xlink:href=\"#icon-anwp-pg-person\"><\/use>\n\t\t\t\t\t<\/svg>\n\t\t\t\t\tadmin\t\t\t\t<\/div>\n\t\t\t\n\t\t\t\t\t\t\t<div class=\"anwp-pg-post-teaser__bottom-meta-item d-flex align-items-center mr-4\">\n\t\t\t\t\t<svg class=\"anwp-pg-icon anwp-pg-icon--s16 mr-2\">\n\t\t\t\t\t\t<use xlink:href=\"#icon-anwp-pg-calendar\"><\/use>\n\t\t\t\t\t<\/svg>\n\t\t\t\t\t<span class=\"screen-reader-text\">Posted on<\/span><time class=\"anwp-pg-published\" datetime=\"2021-11-21T16:03:35+00:00\">21 marraskuun, 2021<\/time><time class=\"anwp-pg-updated\" datetime=\"2024-03-03T12:30:42+00:00\">3 maaliskuun, 2024<\/time>\t\t\t\t<\/div>\n\t\t\t\t\t\t<\/div>\n\n\t\t<div class=\"anwp-pg-post-teaser__excerpt mt-2\">\n\t\t\tM\u00e4ntyharjun kirkossa 21.11.2021 Jeesus sanoi opetuslapsille: \u201dKun Ihmisen Poika tulee kirkkaudessaan kaikkien enkeliens\u00e4 kanssa, h\u00e4n istuutuu kirkkautensa valtaistuimelle. Kaikki kansat kootaan h\u00e4nen eteens\u00e4, ja h\u00e4n erottaa ihmiset toisistaan, niin kuin ...\t\t<\/div>\n\n\t\t\t<\/div>\n<\/div>\n<div class=\"anwp-pg-post-teaser anwp-pg-post-teaser--layout-classic anwp-row anwp-no-gutters\">\n\n\t\n\t<div class=\"anwp-pg-post-teaser__content anwp-col-12\">\n\n\t\t<div class=\"anwp-pg-post-teaser__title anwp-font-heading my-2\">\n\t\t\t<a class=\"anwp-link-without-effects\" href=\"https:\/\/seppohakkinen.fi\/wordpress\/index.php\/2021\/11\/08\/saarna-kirkolliskokouksen-avajaismessussa\/\" aria-hidden=\"true\" >\n\t\t\t\tSaarna kirkolliskokouksen avajaismessussa\t\t\t<\/a>\n\t\t<\/div>\n\n\t\t<div class=\"anwp-pg-post-teaser__bottom-meta d-flex flex-wrap\">\n\n\t\t\t\t\t\t\t<div class=\"anwp-pg-post-teaser__bottom-meta-item d-flex align-items-center mr-4\">\n\t\t\t\t\t<svg class=\"anwp-pg-icon anwp-pg-icon--s16 mr-2\">\n\t\t\t\t\t\t<use xlink:href=\"#icon-anwp-pg-person\"><\/use>\n\t\t\t\t\t<\/svg>\n\t\t\t\t\tadmin\t\t\t\t<\/div>\n\t\t\t\n\t\t\t\t\t\t\t<div class=\"anwp-pg-post-teaser__bottom-meta-item d-flex align-items-center mr-4\">\n\t\t\t\t\t<svg class=\"anwp-pg-icon anwp-pg-icon--s16 mr-2\">\n\t\t\t\t\t\t<use xlink:href=\"#icon-anwp-pg-calendar\"><\/use>\n\t\t\t\t\t<\/svg>\n\t\t\t\t\t<span class=\"screen-reader-text\">Posted on<\/span><time class=\"anwp-pg-published\" datetime=\"2021-11-08T16:03:35+00:00\">8 marraskuun, 2021<\/time><time class=\"anwp-pg-updated\" datetime=\"2024-03-02T08:38:55+00:00\">2 maaliskuun, 2024<\/time>\t\t\t\t<\/div>\n\t\t\t\t\t\t<\/div>\n\n\t\t<div class=\"anwp-pg-post-teaser__excerpt mt-2\">\n\t\t\tMaarian kirkossa Turussa 8.11.2021 Kun he saapuivat Kapernaumiin, tuli Pietarin luo temppeliveron kantajia, jotka sanoivat: \u201dKai teid\u00e4n opettajanne maksaa temppeliveroa?\u201d \u201dMaksaa kyll\u00e4\u201d, h\u00e4n vastasi. Kun h\u00e4n meni sis\u00e4lle taloon, Jeesus ...\t\t<\/div>\n\n\t\t\t<\/div>\n<\/div>\n<div class=\"anwp-pg-post-teaser anwp-pg-post-teaser--layout-classic anwp-row anwp-no-gutters\">\n\n\t\n\t<div class=\"anwp-pg-post-teaser__content anwp-col-12\">\n\n\t\t<div class=\"anwp-pg-post-teaser__title anwp-font-heading my-2\">\n\t\t\t<a class=\"anwp-link-without-effects\" href=\"https:\/\/seppohakkinen.fi\/wordpress\/index.php\/2021\/11\/06\/saarna-kirkon-140-vuotisjuhlamessussa\/\" aria-hidden=\"true\" >\n\t\t\t\tSaarna kirkon 140-vuotisjuhlamessussa\t\t\t<\/a>\n\t\t<\/div>\n\n\t\t<div class=\"anwp-pg-post-teaser__bottom-meta d-flex flex-wrap\">\n\n\t\t\t\t\t\t\t<div class=\"anwp-pg-post-teaser__bottom-meta-item d-flex align-items-center mr-4\">\n\t\t\t\t\t<svg class=\"anwp-pg-icon anwp-pg-icon--s16 mr-2\">\n\t\t\t\t\t\t<use xlink:href=\"#icon-anwp-pg-person\"><\/use>\n\t\t\t\t\t<\/svg>\n\t\t\t\t\tadmin\t\t\t\t<\/div>\n\t\t\t\n\t\t\t\t\t\t\t<div class=\"anwp-pg-post-teaser__bottom-meta-item d-flex align-items-center mr-4\">\n\t\t\t\t\t<svg class=\"anwp-pg-icon anwp-pg-icon--s16 mr-2\">\n\t\t\t\t\t\t<use xlink:href=\"#icon-anwp-pg-calendar\"><\/use>\n\t\t\t\t\t<\/svg>\n\t\t\t\t\t<span class=\"screen-reader-text\">Posted on<\/span><time class=\"anwp-pg-published\" datetime=\"2021-11-06T16:03:35+00:00\">6 marraskuun, 2021<\/time><time class=\"anwp-pg-updated\" datetime=\"2024-03-03T12:32:58+00:00\">3 maaliskuun, 2024<\/time>\t\t\t\t<\/div>\n\t\t\t\t\t\t<\/div>\n\n\t\t<div class=\"anwp-pg-post-teaser__excerpt mt-2\">\n\t\t\tMiehikk\u00e4l\u00e4n kirkossa 6.11.2021 N\u00e4hdess\u00e4\u00e4n kansanjoukot Jeesus nousi vuorelle. H\u00e4n istuutui, ja opetuslapset tulivat h\u00e4nen luokseen. Silloin h\u00e4n alkoi puhua ja opetti heit\u00e4 n\u00e4in: \u201dAutuaita ovat hengess\u00e4\u00e4n k\u00f6yh\u00e4t, sill\u00e4 heid\u00e4n on ...\t\t<\/div>\n\n\t\t\t<\/div>\n<\/div>\n<div class=\"anwp-pg-post-teaser anwp-pg-post-teaser--layout-classic anwp-row anwp-no-gutters\">\n\n\t\n\t<div class=\"anwp-pg-post-teaser__content anwp-col-12\">\n\n\t\t<div class=\"anwp-pg-post-teaser__title anwp-font-heading my-2\">\n\t\t\t<a class=\"anwp-link-without-effects\" href=\"https:\/\/seppohakkinen.fi\/wordpress\/index.php\/2021\/10\/31\/kangasniemen-seurakunnan-piispantarkastus\/\" aria-hidden=\"true\" >\n\t\t\t\tKangasniemen seurakunnan piispantarkastus\t\t\t<\/a>\n\t\t<\/div>\n\n\t\t<div class=\"anwp-pg-post-teaser__bottom-meta d-flex flex-wrap\">\n\n\t\t\t\t\t\t\t<div class=\"anwp-pg-post-teaser__bottom-meta-item d-flex align-items-center mr-4\">\n\t\t\t\t\t<svg class=\"anwp-pg-icon anwp-pg-icon--s16 mr-2\">\n\t\t\t\t\t\t<use xlink:href=\"#icon-anwp-pg-person\"><\/use>\n\t\t\t\t\t<\/svg>\n\t\t\t\t\tadmin\t\t\t\t<\/div>\n\t\t\t\n\t\t\t\t\t\t\t<div class=\"anwp-pg-post-teaser__bottom-meta-item d-flex align-items-center mr-4\">\n\t\t\t\t\t<svg class=\"anwp-pg-icon anwp-pg-icon--s16 mr-2\">\n\t\t\t\t\t\t<use xlink:href=\"#icon-anwp-pg-calendar\"><\/use>\n\t\t\t\t\t<\/svg>\n\t\t\t\t\t<span class=\"screen-reader-text\">Posted on<\/span><time class=\"anwp-pg-published\" datetime=\"2021-10-31T16:03:00+00:00\">31 lokakuun, 2021<\/time><time class=\"anwp-pg-updated\" datetime=\"2024-03-03T18:11:39+00:00\">3 maaliskuun, 2024<\/time>\t\t\t\t<\/div>\n\t\t\t\t\t\t<\/div>\n\n\t\t<div class=\"anwp-pg-post-teaser__excerpt mt-2\">\n\t\t\tSaarna piispantarkastuksen juhlamessussa 31.10.2021 Kangasniemen kirkossa Jeesus sanoo: \u201dJos te annatte toisille ihmisille anteeksi heid\u00e4n rikkomuksensa, antaa my\u00f6s taivaallinen Is\u00e4nne teille anteeksi. Mutta jos te ette anna anteeksi toisille, ei ...\t\t<\/div>\n\n\t\t\t<\/div>\n<\/div>\n<div class=\"anwp-pg-post-teaser anwp-pg-post-teaser--layout-classic anwp-row anwp-no-gutters\">\n\n\t\n\t<div class=\"anwp-pg-post-teaser__content anwp-col-12\">\n\n\t\t<div class=\"anwp-pg-post-teaser__title anwp-font-heading my-2\">\n\t\t\t<a class=\"anwp-link-without-effects\" href=\"https:\/\/seppohakkinen.fi\/wordpress\/index.php\/2021\/10\/24\/saarna-pappisvihkimysmessussa-2\/\" aria-hidden=\"true\" >\n\t\t\t\tSaarna pappisvihkimysmessussa\t\t\t<\/a>\n\t\t<\/div>\n\n\t\t<div class=\"anwp-pg-post-teaser__bottom-meta d-flex flex-wrap\">\n\n\t\t\t\t\t\t\t<div class=\"anwp-pg-post-teaser__bottom-meta-item d-flex align-items-center mr-4\">\n\t\t\t\t\t<svg class=\"anwp-pg-icon anwp-pg-icon--s16 mr-2\">\n\t\t\t\t\t\t<use xlink:href=\"#icon-anwp-pg-person\"><\/use>\n\t\t\t\t\t<\/svg>\n\t\t\t\t\tadmin\t\t\t\t<\/div>\n\t\t\t\n\t\t\t\t\t\t\t<div class=\"anwp-pg-post-teaser__bottom-meta-item d-flex align-items-center mr-4\">\n\t\t\t\t\t<svg class=\"anwp-pg-icon anwp-pg-icon--s16 mr-2\">\n\t\t\t\t\t\t<use xlink:href=\"#icon-anwp-pg-calendar\"><\/use>\n\t\t\t\t\t<\/svg>\n\t\t\t\t\t<span class=\"screen-reader-text\">Posted on<\/span><time class=\"anwp-pg-published\" datetime=\"2021-10-24T16:03:34+00:00\">24 lokakuun, 2021<\/time><time class=\"anwp-pg-updated\" datetime=\"2024-03-02T17:51:28+00:00\">2 maaliskuun, 2024<\/time>\t\t\t\t<\/div>\n\t\t\t\t\t\t<\/div>\n\n\t\t<div class=\"anwp-pg-post-teaser__excerpt mt-2\">\n\t\t\tMikkelin tuomiokirkossa 24.10.2021\t\t<\/div>\n\n\t\t\t<\/div>\n<\/div>\n<div class=\"anwp-pg-post-teaser anwp-pg-post-teaser--layout-classic anwp-row anwp-no-gutters\">\n\n\t\n\t<div class=\"anwp-pg-post-teaser__content anwp-col-12\">\n\n\t\t<div class=\"anwp-pg-post-teaser__title anwp-font-heading my-2\">\n\t\t\t<a class=\"anwp-link-without-effects\" href=\"https:\/\/seppohakkinen.fi\/wordpress\/index.php\/2021\/10\/17\/imatran-kirkkoherran-ja-kappalaisen-virkaanasettaminen\/\" aria-hidden=\"true\" >\n\t\t\t\tImatran kirkkoherran ja kappalaisen virkaanasettaminen\t\t\t<\/a>\n\t\t<\/div>\n\n\t\t<div class=\"anwp-pg-post-teaser__bottom-meta d-flex flex-wrap\">\n\n\t\t\t\t\t\t\t<div class=\"anwp-pg-post-teaser__bottom-meta-item d-flex align-items-center mr-4\">\n\t\t\t\t\t<svg class=\"anwp-pg-icon anwp-pg-icon--s16 mr-2\">\n\t\t\t\t\t\t<use xlink:href=\"#icon-anwp-pg-person\"><\/use>\n\t\t\t\t\t<\/svg>\n\t\t\t\t\tadmin\t\t\t\t<\/div>\n\t\t\t\n\t\t\t\t\t\t\t<div class=\"anwp-pg-post-teaser__bottom-meta-item d-flex align-items-center mr-4\">\n\t\t\t\t\t<svg class=\"anwp-pg-icon anwp-pg-icon--s16 mr-2\">\n\t\t\t\t\t\t<use xlink:href=\"#icon-anwp-pg-calendar\"><\/use>\n\t\t\t\t\t<\/svg>\n\t\t\t\t\t<span class=\"screen-reader-text\">Posted on<\/span><time class=\"anwp-pg-published\" datetime=\"2021-10-17T16:03:00+00:00\">17 lokakuun, 2021<\/time><time class=\"anwp-pg-updated\" datetime=\"2024-03-03T18:07:37+00:00\">3 maaliskuun, 2024<\/time>\t\t\t\t<\/div>\n\t\t\t\t\t\t<\/div>\n\n\t\t<div class=\"anwp-pg-post-teaser__excerpt mt-2\">\n\t\t\tTainionkosken kirkossa Imatralla 17.10.2021 Rakkaat kristityt, hyv\u00e4 Mari ja Arto. Imatran seurakunnassa on t\u00e4n\u00e4\u00e4n erityinen juhlap\u00e4iv\u00e4, kun pastori Mari Parkkinen asetetaan kirkkoherran virkaan. Kirkkoherra on seurakunnan johtaja. H\u00e4n johtaa seurakunnan ...\t\t<\/div>\n\n\t\t\t<\/div>\n<\/div>\n<div class=\"anwp-pg-post-teaser anwp-pg-post-teaser--layout-classic anwp-row anwp-no-gutters\">\n\n\t\n\t<div class=\"anwp-pg-post-teaser__content anwp-col-12\">\n\n\t\t<div class=\"anwp-pg-post-teaser__title anwp-font-heading my-2\">\n\t\t\t<a class=\"anwp-link-without-effects\" href=\"https:\/\/seppohakkinen.fi\/wordpress\/index.php\/2021\/10\/03\/saarna-sukupolvimessussa-seurakunta-padasjoella-550-vuotta\/\" aria-hidden=\"true\" >\n\t\t\t\tSaarna sukupolvimessussa (seurakunta Padasjoella 550 vuotta)\t\t\t<\/a>\n\t\t<\/div>\n\n\t\t<div class=\"anwp-pg-post-teaser__bottom-meta d-flex flex-wrap\">\n\n\t\t\t\t\t\t\t<div class=\"anwp-pg-post-teaser__bottom-meta-item d-flex align-items-center mr-4\">\n\t\t\t\t\t<svg class=\"anwp-pg-icon anwp-pg-icon--s16 mr-2\">\n\t\t\t\t\t\t<use xlink:href=\"#icon-anwp-pg-person\"><\/use>\n\t\t\t\t\t<\/svg>\n\t\t\t\t\tadmin\t\t\t\t<\/div>\n\t\t\t\n\t\t\t\t\t\t\t<div class=\"anwp-pg-post-teaser__bottom-meta-item d-flex align-items-center mr-4\">\n\t\t\t\t\t<svg class=\"anwp-pg-icon anwp-pg-icon--s16 mr-2\">\n\t\t\t\t\t\t<use xlink:href=\"#icon-anwp-pg-calendar\"><\/use>\n\t\t\t\t\t<\/svg>\n\t\t\t\t\t<span class=\"screen-reader-text\">Posted on<\/span><time class=\"anwp-pg-published\" datetime=\"2021-10-03T16:03:34+00:00\">3 lokakuun, 2021<\/time><time class=\"anwp-pg-updated\" datetime=\"2024-03-03T09:09:09+00:00\">3 maaliskuun, 2024<\/time>\t\t\t\t<\/div>\n\t\t\t\t\t\t<\/div>\n\n\t\t<div class=\"anwp-pg-post-teaser__excerpt mt-2\">\n\t\t\tPadasjoen kirkossa 3.10.2021 Opetuslapset tulivat Jeesuksen luo ja kysyiv\u00e4t: \u201dKuka on suurin taivasten valtakunnassa?\u201d Silloin Jeesus kutsui luokseen lapsen, asetti h\u00e4net heid\u00e4n keskelleen ja sanoi: \u201dTotisesti: ellette k\u00e4\u00e4nny ja tule ...\t\t<\/div>\n\n\t\t\t<\/div>\n<\/div>\n<div class=\"anwp-pg-post-teaser anwp-pg-post-teaser--layout-classic anwp-row anwp-no-gutters\">\n\n\t\n\t<div class=\"anwp-pg-post-teaser__content anwp-col-12\">\n\n\t\t<div class=\"anwp-pg-post-teaser__title anwp-font-heading my-2\">\n\t\t\t<a class=\"anwp-link-without-effects\" href=\"https:\/\/seppohakkinen.fi\/wordpress\/index.php\/2021\/09\/29\/saarna-myo-ja-tyo-hiippakuntapaivien-messussa\/\" aria-hidden=\"true\" >\n\t\t\t\tSaarna My\u00f6 ja ty\u00f6 -hiippakuntap\u00e4ivien messussa\t\t\t<\/a>\n\t\t<\/div>\n\n\t\t<div class=\"anwp-pg-post-teaser__bottom-meta d-flex flex-wrap\">\n\n\t\t\t\t\t\t\t<div class=\"anwp-pg-post-teaser__bottom-meta-item d-flex align-items-center mr-4\">\n\t\t\t\t\t<svg class=\"anwp-pg-icon anwp-pg-icon--s16 mr-2\">\n\t\t\t\t\t\t<use xlink:href=\"#icon-anwp-pg-person\"><\/use>\n\t\t\t\t\t<\/svg>\n\t\t\t\t\tadmin\t\t\t\t<\/div>\n\t\t\t\n\t\t\t\t\t\t\t<div class=\"anwp-pg-post-teaser__bottom-meta-item d-flex align-items-center mr-4\">\n\t\t\t\t\t<svg class=\"anwp-pg-icon anwp-pg-icon--s16 mr-2\">\n\t\t\t\t\t\t<use xlink:href=\"#icon-anwp-pg-calendar\"><\/use>\n\t\t\t\t\t<\/svg>\n\t\t\t\t\t<span class=\"screen-reader-text\">Posted on<\/span><time class=\"anwp-pg-published\" datetime=\"2021-09-29T16:03:00+00:00\">29 syyskuun, 2021<\/time><time class=\"anwp-pg-updated\" datetime=\"2024-03-03T12:46:13+00:00\">3 maaliskuun, 2024<\/time>\t\t\t\t<\/div>\n\t\t\t\t\t\t<\/div>\n\n\t\t<div class=\"anwp-pg-post-teaser__excerpt mt-2\">\n\t\t\tMikkelin tuomiokirkossa 29.9.2021 Minulla on omat suunnitelmani teit\u00e4 varten, sanoo Herra. Minun ajatukseni ovat rauhan eiv\u00e4tk\u00e4 tuhon ajatuksia: min\u00e4 annan teille tulevaisuuden ja toivon. Silloin te huudatte minua avuksenne, te ...\t\t<\/div>\n\n\t\t\t<\/div>\n<\/div>\n<div class=\"anwp-pg-post-teaser anwp-pg-post-teaser--layout-classic anwp-row anwp-no-gutters\">\n\n\t\n\t<div class=\"anwp-pg-post-teaser__content anwp-col-12\">\n\n\t\t<div class=\"anwp-pg-post-teaser__title anwp-font-heading my-2\">\n\t\t\t<a class=\"anwp-link-without-effects\" href=\"https:\/\/seppohakkinen.fi\/wordpress\/index.php\/2021\/09\/12\/saarna-apostolin-kyydilla-tapahtuman-perhemessussa\/\" aria-hidden=\"true\" >\n\t\t\t\tSaarna Apostolin kyydill\u00e4 -tapahtuman perhemessussa\t\t\t<\/a>\n\t\t<\/div>\n\n\t\t<div class=\"anwp-pg-post-teaser__bottom-meta d-flex flex-wrap\">\n\n\t\t\t\t\t\t\t<div class=\"anwp-pg-post-teaser__bottom-meta-item d-flex align-items-center mr-4\">\n\t\t\t\t\t<svg class=\"anwp-pg-icon anwp-pg-icon--s16 mr-2\">\n\t\t\t\t\t\t<use xlink:href=\"#icon-anwp-pg-person\"><\/use>\n\t\t\t\t\t<\/svg>\n\t\t\t\t\tadmin\t\t\t\t<\/div>\n\t\t\t\n\t\t\t\t\t\t\t<div class=\"anwp-pg-post-teaser__bottom-meta-item d-flex align-items-center mr-4\">\n\t\t\t\t\t<svg class=\"anwp-pg-icon anwp-pg-icon--s16 mr-2\">\n\t\t\t\t\t\t<use xlink:href=\"#icon-anwp-pg-calendar\"><\/use>\n\t\t\t\t\t<\/svg>\n\t\t\t\t\t<span class=\"screen-reader-text\">Posted on<\/span><time class=\"anwp-pg-published\" datetime=\"2021-09-12T16:03:34+00:00\">12 syyskuun, 2021<\/time><time class=\"anwp-pg-updated\" datetime=\"2024-02-27T18:20:24+00:00\">27 helmikuun, 2024<\/time>\t\t\t\t<\/div>\n\t\t\t\t\t\t<\/div>\n\n\t\t<div class=\"anwp-pg-post-teaser__excerpt mt-2\">\n\t\t\tRistikiven kirkossa Partaharjulla Pieks\u00e4m\u00e4ell\u00e4 12.9.2021 Jeesus sanoo: \u201d\u00c4lk\u00e4\u00e4 kootko itsellenne aarteita maan p\u00e4\u00e4lle. T\u00e4\u00e4ll\u00e4 tekev\u00e4t koi ja ruoste tuhojaan ja varkaat murtautuvat sis\u00e4\u00e4n ja varastavat. Kootkaa itsellenne aarteita taivaaseen. Siell\u00e4 ...\t\t<\/div>\n\n\t\t\t<\/div>\n<\/div>\n<div class=\"anwp-pg-post-teaser anwp-pg-post-teaser--layout-classic anwp-row anwp-no-gutters\">\n\n\t\n\t<div class=\"anwp-pg-post-teaser__content anwp-col-12\">\n\n\t\t<div class=\"anwp-pg-post-teaser__title anwp-font-heading my-2\">\n\t\t\t<a class=\"anwp-link-without-effects\" href=\"https:\/\/seppohakkinen.fi\/wordpress\/index.php\/2021\/09\/05\/saarna-oronmyllyn-jyvakirkon-kayttoonottomessussa\/\" aria-hidden=\"true\" >\n\t\t\t\tSaarna Oronmyllyn Jyv\u00e4kirkon k\u00e4ytt\u00f6\u00f6nottomessussa\t\t\t<\/a>\n\t\t<\/div>\n\n\t\t<div class=\"anwp-pg-post-teaser__bottom-meta d-flex flex-wrap\">\n\n\t\t\t\t\t\t\t<div class=\"anwp-pg-post-teaser__bottom-meta-item d-flex align-items-center mr-4\">\n\t\t\t\t\t<svg class=\"anwp-pg-icon anwp-pg-icon--s16 mr-2\">\n\t\t\t\t\t\t<use xlink:href=\"#icon-anwp-pg-person\"><\/use>\n\t\t\t\t\t<\/svg>\n\t\t\t\t\tadmin\t\t\t\t<\/div>\n\t\t\t\n\t\t\t\t\t\t\t<div class=\"anwp-pg-post-teaser__bottom-meta-item d-flex align-items-center mr-4\">\n\t\t\t\t\t<svg class=\"anwp-pg-icon anwp-pg-icon--s16 mr-2\">\n\t\t\t\t\t\t<use xlink:href=\"#icon-anwp-pg-calendar\"><\/use>\n\t\t\t\t\t<\/svg>\n\t\t\t\t\t<span class=\"screen-reader-text\">Posted on<\/span><time class=\"anwp-pg-published\" datetime=\"2021-09-05T16:03:00+00:00\">5 syyskuun, 2021<\/time><time class=\"anwp-pg-updated\" datetime=\"2024-03-03T12:47:28+00:00\">3 maaliskuun, 2024<\/time>\t\t\t\t<\/div>\n\t\t\t\t\t\t<\/div>\n\n\t\t<div class=\"anwp-pg-post-teaser__excerpt mt-2\">\n\t\t\tParikkalassa 5.9.2021 Tuohon aikaan Jeesus kerran puhkesi puhumaan ja sanoi: \u201dMin\u00e4 ylist\u00e4n sinua, Is\u00e4, taivaan ja maan Herra, siit\u00e4 ett\u00e4 olet salannut t\u00e4m\u00e4n viisailta ja oppineilta mutta ilmoittanut sen lapsenmielisille. ...\t\t<\/div>\n\n\t\t\t<\/div>\n<\/div>\n<div class=\"anwp-pg-post-teaser anwp-pg-post-teaser--layout-classic anwp-row anwp-no-gutters\">\n\n\t\n\t<div class=\"anwp-pg-post-teaser__content anwp-col-12\">\n\n\t\t<div class=\"anwp-pg-post-teaser__title anwp-font-heading my-2\">\n\t\t\t<a class=\"anwp-link-without-effects\" href=\"https:\/\/seppohakkinen.fi\/wordpress\/index.php\/2021\/08\/29\/saarna-piispantarkastuksen-juhlamessussa\/\" aria-hidden=\"true\" >\n\t\t\t\tSaarna piispantarkastuksen juhlamessussa\t\t\t<\/a>\n\t\t<\/div>\n\n\t\t<div class=\"anwp-pg-post-teaser__bottom-meta d-flex flex-wrap\">\n\n\t\t\t\t\t\t\t<div class=\"anwp-pg-post-teaser__bottom-meta-item d-flex align-items-center mr-4\">\n\t\t\t\t\t<svg class=\"anwp-pg-icon anwp-pg-icon--s16 mr-2\">\n\t\t\t\t\t\t<use xlink:href=\"#icon-anwp-pg-person\"><\/use>\n\t\t\t\t\t<\/svg>\n\t\t\t\t\tadmin\t\t\t\t<\/div>\n\t\t\t\n\t\t\t\t\t\t\t<div class=\"anwp-pg-post-teaser__bottom-meta-item d-flex align-items-center mr-4\">\n\t\t\t\t\t<svg class=\"anwp-pg-icon anwp-pg-icon--s16 mr-2\">\n\t\t\t\t\t\t<use xlink:href=\"#icon-anwp-pg-calendar\"><\/use>\n\t\t\t\t\t<\/svg>\n\t\t\t\t\t<span class=\"screen-reader-text\">Posted on<\/span><time class=\"anwp-pg-published\" datetime=\"2021-08-29T16:03:34+00:00\">29 elokuun, 2021<\/time><time class=\"anwp-pg-updated\" datetime=\"2024-03-03T12:30:01+00:00\">3 maaliskuun, 2024<\/time>\t\t\t\t<\/div>\n\t\t\t\t\t\t<\/div>\n\n\t\t<div class=\"anwp-pg-post-teaser__excerpt mt-2\">\n\t\t\tHeinolan pit\u00e4j\u00e4nkirkossa 29.8.2021 Jeesus istuutui vastap\u00e4\u00e4t\u00e4 uhriarkkua ja katseli, kuinka ihmiset panivat siihen rahaa. Monet rikkaat antoivat paljon. Sitten tuli k\u00f6yh\u00e4 leskivaimo ja pani arkkuun kaksi pient\u00e4 lanttia, yhteens\u00e4 kuparikolikon ...\t\t<\/div>\n\n\t\t\t<\/div>\n<\/div>\n<div class=\"anwp-pg-post-teaser anwp-pg-post-teaser--layout-classic anwp-row anwp-no-gutters\">\n\n\t\n\t<div class=\"anwp-pg-post-teaser__content anwp-col-12\">\n\n\t\t<div class=\"anwp-pg-post-teaser__title anwp-font-heading my-2\">\n\t\t\t<a class=\"anwp-link-without-effects\" href=\"https:\/\/seppohakkinen.fi\/wordpress\/index.php\/2021\/08\/22\/saarna-kirkon-100-vuotisjuhlajumalanpalveluksessa\/\" aria-hidden=\"true\" >\n\t\t\t\tSaarna kirkon 100-vuotisjuhlajumalanpalveluksessa\t\t\t<\/a>\n\t\t<\/div>\n\n\t\t<div class=\"anwp-pg-post-teaser__bottom-meta d-flex flex-wrap\">\n\n\t\t\t\t\t\t\t<div class=\"anwp-pg-post-teaser__bottom-meta-item d-flex align-items-center mr-4\">\n\t\t\t\t\t<svg class=\"anwp-pg-icon anwp-pg-icon--s16 mr-2\">\n\t\t\t\t\t\t<use xlink:href=\"#icon-anwp-pg-person\"><\/use>\n\t\t\t\t\t<\/svg>\n\t\t\t\t\tadmin\t\t\t\t<\/div>\n\t\t\t\n\t\t\t\t\t\t\t<div class=\"anwp-pg-post-teaser__bottom-meta-item d-flex align-items-center mr-4\">\n\t\t\t\t\t<svg class=\"anwp-pg-icon anwp-pg-icon--s16 mr-2\">\n\t\t\t\t\t\t<use xlink:href=\"#icon-anwp-pg-calendar\"><\/use>\n\t\t\t\t\t<\/svg>\n\t\t\t\t\t<span class=\"screen-reader-text\">Posted on<\/span><time class=\"anwp-pg-published\" datetime=\"2021-08-22T16:03:34+00:00\">22 elokuun, 2021<\/time><time class=\"anwp-pg-updated\" datetime=\"2024-03-02T08:40:29+00:00\">2 maaliskuun, 2024<\/time>\t\t\t\t<\/div>\n\t\t\t\t\t\t<\/div>\n\n\t\t<div class=\"anwp-pg-post-teaser__excerpt mt-2\">\n\t\t\tJoutsenon kirkossa 22.8.2021 Jeesus n\u00e4ki tien sivussa miehen, joka oli syntym\u00e4st\u00e4\u00e4n saakka ollut sokea. Opetuslapset kysyiv\u00e4t h\u00e4nelt\u00e4: \u201dRabbi, kuka on tehnyt sen synnin, jonka vuoksi h\u00e4n on syntynyt sokeana? H\u00e4n ...\t\t<\/div>\n\n\t\t\t<\/div>\n<\/div>\n<div class=\"anwp-pg-post-teaser anwp-pg-post-teaser--layout-classic anwp-row anwp-no-gutters\">\n\n\t\n\t<div class=\"anwp-pg-post-teaser__content anwp-col-12\">\n\n\t\t<div class=\"anwp-pg-post-teaser__title anwp-font-heading my-2\">\n\t\t\t<a class=\"anwp-link-without-effects\" href=\"https:\/\/seppohakkinen.fi\/wordpress\/index.php\/2021\/08\/12\/saarna-piispantarkastuksen-viikkomessussa\/\" aria-hidden=\"true\" >\n\t\t\t\tSaarna piispantarkastuksen viikkomessussa\t\t\t<\/a>\n\t\t<\/div>\n\n\t\t<div class=\"anwp-pg-post-teaser__bottom-meta d-flex flex-wrap\">\n\n\t\t\t\t\t\t\t<div class=\"anwp-pg-post-teaser__bottom-meta-item d-flex align-items-center mr-4\">\n\t\t\t\t\t<svg class=\"anwp-pg-icon anwp-pg-icon--s16 mr-2\">\n\t\t\t\t\t\t<use xlink:href=\"#icon-anwp-pg-person\"><\/use>\n\t\t\t\t\t<\/svg>\n\t\t\t\t\tadmin\t\t\t\t<\/div>\n\t\t\t\n\t\t\t\t\t\t\t<div class=\"anwp-pg-post-teaser__bottom-meta-item d-flex align-items-center mr-4\">\n\t\t\t\t\t<svg class=\"anwp-pg-icon anwp-pg-icon--s16 mr-2\">\n\t\t\t\t\t\t<use xlink:href=\"#icon-anwp-pg-calendar\"><\/use>\n\t\t\t\t\t<\/svg>\n\t\t\t\t\t<span class=\"screen-reader-text\">Posted on<\/span><time class=\"anwp-pg-published\" datetime=\"2021-08-12T16:03:00+00:00\">12 elokuun, 2021<\/time><time class=\"anwp-pg-updated\" datetime=\"2024-03-03T12:51:43+00:00\">3 maaliskuun, 2024<\/time>\t\t\t\t<\/div>\n\t\t\t\t\t\t<\/div>\n\n\t\t<div class=\"anwp-pg-post-teaser__excerpt mt-2\">\n\t\t\tHeinolan pit\u00e4j\u00e4nkirkossa 12.8.2021 Kun Jeesus tuli l\u00e4hemm\u00e4ksi ja n\u00e4ki kaupungin, h\u00e4n puhkesi itkuun sen t\u00e4hden ja sanoi: \u201dKunpa sin\u00e4kin t\u00e4n\u00e4 p\u00e4iv\u00e4n\u00e4 ymm\u00e4rt\u00e4isit, miss\u00e4 turvasi on! Mutta nyt se on sinun ...\t\t<\/div>\n\n\t\t\t<\/div>\n<\/div>\n<div class=\"anwp-pg-post-teaser anwp-pg-post-teaser--layout-classic anwp-row anwp-no-gutters\">\n\n\t\n\t<div class=\"anwp-pg-post-teaser__content anwp-col-12\">\n\n\t\t<div class=\"anwp-pg-post-teaser__title anwp-font-heading my-2\">\n\t\t\t<a class=\"anwp-link-without-effects\" href=\"https:\/\/seppohakkinen.fi\/wordpress\/index.php\/2021\/08\/08\/saarna-taipalsaaren-450-vuotisjuhlajumalanpalveluksessa\/\" aria-hidden=\"true\" >\n\t\t\t\tSaarna Taipalsaaren 450-vuotisjuhlajumalanpalveluksessa\t\t\t<\/a>\n\t\t<\/div>\n\n\t\t<div class=\"anwp-pg-post-teaser__bottom-meta d-flex flex-wrap\">\n\n\t\t\t\t\t\t\t<div class=\"anwp-pg-post-teaser__bottom-meta-item d-flex align-items-center mr-4\">\n\t\t\t\t\t<svg class=\"anwp-pg-icon anwp-pg-icon--s16 mr-2\">\n\t\t\t\t\t\t<use xlink:href=\"#icon-anwp-pg-person\"><\/use>\n\t\t\t\t\t<\/svg>\n\t\t\t\t\tadmin\t\t\t\t<\/div>\n\t\t\t\n\t\t\t\t\t\t\t<div class=\"anwp-pg-post-teaser__bottom-meta-item d-flex align-items-center mr-4\">\n\t\t\t\t\t<svg class=\"anwp-pg-icon anwp-pg-icon--s16 mr-2\">\n\t\t\t\t\t\t<use xlink:href=\"#icon-anwp-pg-calendar\"><\/use>\n\t\t\t\t\t<\/svg>\n\t\t\t\t\t<span class=\"screen-reader-text\">Posted on<\/span><time class=\"anwp-pg-published\" datetime=\"2021-08-08T16:03:34+00:00\">8 elokuun, 2021<\/time><time class=\"anwp-pg-updated\" datetime=\"2024-03-03T09:14:18+00:00\">3 maaliskuun, 2024<\/time>\t\t\t\t<\/div>\n\t\t\t\t\t\t<\/div>\n\n\t\t<div class=\"anwp-pg-post-teaser__excerpt mt-2\">\n\t\t\tTaipalsaaren kirkossa 8.8.2021 Jeesus alkoi soimata niit\u00e4 kaupunkeja, joissa h\u00e4n oli useimmat voimatekonsa tehnyt, siit\u00e4 etteiv\u00e4t ne olleet tehneet parannusta: \u201dVoi sinua, Korasin! Voi sinua, Betsaida! Jos teid\u00e4n kaduillanne tehdyt ...\t\t<\/div>\n\n\t\t\t<\/div>\n<\/div>\n<div class=\"anwp-pg-post-teaser anwp-pg-post-teaser--layout-classic anwp-row anwp-no-gutters\">\n\n\t\n\t<div class=\"anwp-pg-post-teaser__content anwp-col-12\">\n\n\t\t<div class=\"anwp-pg-post-teaser__title anwp-font-heading my-2\">\n\t\t\t<a class=\"anwp-link-without-effects\" href=\"https:\/\/seppohakkinen.fi\/wordpress\/index.php\/2021\/06\/13\/saarna-jatkosodan-alkamisen-muistomessussa\/\" aria-hidden=\"true\" >\n\t\t\t\tSaarna jatkosodan alkamisen muistomessussa\t\t\t<\/a>\n\t\t<\/div>\n\n\t\t<div class=\"anwp-pg-post-teaser__bottom-meta d-flex flex-wrap\">\n\n\t\t\t\t\t\t\t<div class=\"anwp-pg-post-teaser__bottom-meta-item d-flex align-items-center mr-4\">\n\t\t\t\t\t<svg class=\"anwp-pg-icon anwp-pg-icon--s16 mr-2\">\n\t\t\t\t\t\t<use xlink:href=\"#icon-anwp-pg-person\"><\/use>\n\t\t\t\t\t<\/svg>\n\t\t\t\t\tadmin\t\t\t\t<\/div>\n\t\t\t\n\t\t\t\t\t\t\t<div class=\"anwp-pg-post-teaser__bottom-meta-item d-flex align-items-center mr-4\">\n\t\t\t\t\t<svg class=\"anwp-pg-icon anwp-pg-icon--s16 mr-2\">\n\t\t\t\t\t\t<use xlink:href=\"#icon-anwp-pg-calendar\"><\/use>\n\t\t\t\t\t<\/svg>\n\t\t\t\t\t<span class=\"screen-reader-text\">Posted on<\/span><time class=\"anwp-pg-published\" datetime=\"2021-06-13T16:03:34+00:00\">13 kes\u00e4kuun, 2021<\/time><time class=\"anwp-pg-updated\" datetime=\"2024-02-28T09:22:33+00:00\">28 helmikuun, 2024<\/time>\t\t\t\t<\/div>\n\t\t\t\t\t\t<\/div>\n\n\t\t<div class=\"anwp-pg-post-teaser__excerpt mt-2\">\n\t\t\tNuijamaan kirkossa 13.6.2021 Kun he tekiv\u00e4t taivalta, muuan mies sanoi Jeesukselle: \u201dMin\u00e4 seuraan sinua, minne ikin\u00e4 menetkin.\u201d Jeesus sanoi h\u00e4nelle: \u201dKetuilla on luolansa ja taivaan linnuilla pes\u00e4ns\u00e4, mutta Ihmisen Pojalla ...\t\t<\/div>\n\n\t\t\t<\/div>\n<\/div>\n<div class=\"anwp-pg-post-teaser anwp-pg-post-teaser--layout-classic anwp-row anwp-no-gutters\">\n\n\t\n\t<div class=\"anwp-pg-post-teaser__content anwp-col-12\">\n\n\t\t<div class=\"anwp-pg-post-teaser__title anwp-font-heading my-2\">\n\t\t\t<a class=\"anwp-link-without-effects\" href=\"https:\/\/seppohakkinen.fi\/wordpress\/index.php\/2021\/05\/30\/saarna-pappisvihkimysmessussa\/\" aria-hidden=\"true\" >\n\t\t\t\tSaarna pappisvihkimysmessussa\t\t\t<\/a>\n\t\t<\/div>\n\n\t\t<div class=\"anwp-pg-post-teaser__bottom-meta d-flex flex-wrap\">\n\n\t\t\t\t\t\t\t<div class=\"anwp-pg-post-teaser__bottom-meta-item d-flex align-items-center mr-4\">\n\t\t\t\t\t<svg class=\"anwp-pg-icon anwp-pg-icon--s16 mr-2\">\n\t\t\t\t\t\t<use xlink:href=\"#icon-anwp-pg-person\"><\/use>\n\t\t\t\t\t<\/svg>\n\t\t\t\t\tadmin\t\t\t\t<\/div>\n\t\t\t\n\t\t\t\t\t\t\t<div class=\"anwp-pg-post-teaser__bottom-meta-item d-flex align-items-center mr-4\">\n\t\t\t\t\t<svg class=\"anwp-pg-icon anwp-pg-icon--s16 mr-2\">\n\t\t\t\t\t\t<use xlink:href=\"#icon-anwp-pg-calendar\"><\/use>\n\t\t\t\t\t<\/svg>\n\t\t\t\t\t<span class=\"screen-reader-text\">Posted on<\/span><time class=\"anwp-pg-published\" datetime=\"2021-05-30T16:03:34+00:00\">30 toukokuun, 2021<\/time><time class=\"anwp-pg-updated\" datetime=\"2024-03-02T17:48:56+00:00\">2 maaliskuun, 2024<\/time>\t\t\t\t<\/div>\n\t\t\t\t\t\t<\/div>\n\n\t\t<div class=\"anwp-pg-post-teaser__excerpt mt-2\">\n\t\t\tMikkelin tuomiokirkossa 30.5.2021 Kaikki yksitoista opetuslasta l\u00e4htiv\u00e4t Galileaan ja nousivat vuorelle, minne Jeesus oli k\u00e4skenyt heid\u00e4n menn\u00e4. Kun he n\u00e4kiv\u00e4t h\u00e4net, he kumarsivat h\u00e4nt\u00e4, joskin muutamat ep\u00e4iliv\u00e4t. Jeesus tuli heid\u00e4n ...\t\t<\/div>\n\n\t\t\t<\/div>\n<\/div>\n<div class=\"anwp-pg-post-teaser anwp-pg-post-teaser--layout-classic anwp-row anwp-no-gutters\">\n\n\t\n\t<div class=\"anwp-pg-post-teaser__content anwp-col-12\">\n\n\t\t<div class=\"anwp-pg-post-teaser__title anwp-font-heading my-2\">\n\t\t\t<a class=\"anwp-link-without-effects\" href=\"https:\/\/seppohakkinen.fi\/wordpress\/index.php\/2021\/05\/23\/saarna-23-5-2021-asikkalassa\/\" aria-hidden=\"true\" >\n\t\t\t\tSaarna 23.5.2021 Asikkalassa\t\t\t<\/a>\n\t\t<\/div>\n\n\t\t<div class=\"anwp-pg-post-teaser__bottom-meta d-flex flex-wrap\">\n\n\t\t\t\t\t\t\t<div class=\"anwp-pg-post-teaser__bottom-meta-item d-flex align-items-center mr-4\">\n\t\t\t\t\t<svg class=\"anwp-pg-icon anwp-pg-icon--s16 mr-2\">\n\t\t\t\t\t\t<use xlink:href=\"#icon-anwp-pg-person\"><\/use>\n\t\t\t\t\t<\/svg>\n\t\t\t\t\tadmin\t\t\t\t<\/div>\n\t\t\t\n\t\t\t\t\t\t\t<div class=\"anwp-pg-post-teaser__bottom-meta-item d-flex align-items-center mr-4\">\n\t\t\t\t\t<svg class=\"anwp-pg-icon anwp-pg-icon--s16 mr-2\">\n\t\t\t\t\t\t<use xlink:href=\"#icon-anwp-pg-calendar\"><\/use>\n\t\t\t\t\t<\/svg>\n\t\t\t\t\t<span class=\"screen-reader-text\">Posted on<\/span><time class=\"anwp-pg-published\" datetime=\"2021-05-23T16:03:33+00:00\">23 toukokuun, 2021<\/time><time class=\"anwp-pg-updated\" datetime=\"2024-02-27T15:34:25+00:00\">27 helmikuun, 2024<\/time>\t\t\t\t<\/div>\n\t\t\t\t\t\t<\/div>\n\n\t\t<div class=\"anwp-pg-post-teaser__excerpt mt-2\">\n\t\t\tSeurakuntakodin vihkimismessussa Jeesus sanoi Nikodemokselle: \u201dJumala on rakastanut maailmaa niin paljon, ett\u00e4 antoi ainoan Poikansa, jottei yksik\u00e4\u00e4n, joka h\u00e4neen uskoo, joutuisi kadotukseen, vaan saisi iankaikkisen el\u00e4m\u00e4n. Ei Jumala l\u00e4hett\u00e4nyt Poikaansa ...\t\t<\/div>\n\n\t\t\t<\/div>\n<\/div>\n<div class=\"anwp-pg-post-teaser anwp-pg-post-teaser--layout-classic anwp-row anwp-no-gutters\">\n\n\t\n\t<div class=\"anwp-pg-post-teaser__content anwp-col-12\">\n\n\t\t<div class=\"anwp-pg-post-teaser__title anwp-font-heading my-2\">\n\t\t\t<a class=\"anwp-link-without-effects\" href=\"https:\/\/seppohakkinen.fi\/wordpress\/index.php\/2021\/04\/04\/paasiaisaamun-saarna\/\" aria-hidden=\"true\" >\n\t\t\t\tP\u00e4\u00e4si\u00e4isaamun saarna\t\t\t<\/a>\n\t\t<\/div>\n\n\t\t<div class=\"anwp-pg-post-teaser__bottom-meta d-flex flex-wrap\">\n\n\t\t\t\t\t\t\t<div class=\"anwp-pg-post-teaser__bottom-meta-item d-flex align-items-center mr-4\">\n\t\t\t\t\t<svg class=\"anwp-pg-icon anwp-pg-icon--s16 mr-2\">\n\t\t\t\t\t\t<use xlink:href=\"#icon-anwp-pg-person\"><\/use>\n\t\t\t\t\t<\/svg>\n\t\t\t\t\tadmin\t\t\t\t<\/div>\n\t\t\t\n\t\t\t\t\t\t\t<div class=\"anwp-pg-post-teaser__bottom-meta-item d-flex align-items-center mr-4\">\n\t\t\t\t\t<svg class=\"anwp-pg-icon anwp-pg-icon--s16 mr-2\">\n\t\t\t\t\t\t<use xlink:href=\"#icon-anwp-pg-calendar\"><\/use>\n\t\t\t\t\t<\/svg>\n\t\t\t\t\t<span class=\"screen-reader-text\">Posted on<\/span><time class=\"anwp-pg-published\" datetime=\"2021-04-04T16:03:00+00:00\">4 huhtikuun, 2021<\/time><time class=\"anwp-pg-updated\" datetime=\"2024-03-03T18:23:03+00:00\">3 maaliskuun, 2024<\/time>\t\t\t\t<\/div>\n\t\t\t\t\t\t<\/div>\n\n\t\t<div class=\"anwp-pg-post-teaser__excerpt mt-2\">\n\t\t\tHirvensalmen kirkossa 4.4.2021 Sapatin p\u00e4\u00e4tytty\u00e4, viikon ensimm\u00e4isen p\u00e4iv\u00e4n koittaessa, tulivat Magdalan Maria ja se toinen Maria katsomaan hautaa. \u00c4kki\u00e4 maa alkoi vavahdella ja j\u00e4rist\u00e4, sill\u00e4 Herran enkeli laskeutui taivaasta. H\u00e4n ...\t\t<\/div>\n\n\t\t\t<\/div>\n<\/div>\n<div class=\"anwp-pg-post-teaser anwp-pg-post-teaser--layout-classic anwp-row anwp-no-gutters\">\n\n\t\n\t<div class=\"anwp-pg-post-teaser__content anwp-col-12\">\n\n\t\t<div class=\"anwp-pg-post-teaser__title anwp-font-heading my-2\">\n\t\t\t<a class=\"anwp-link-without-effects\" href=\"https:\/\/seppohakkinen.fi\/wordpress\/index.php\/2021\/04\/02\/pitkaperjantain-saarna\/\" aria-hidden=\"true\" >\n\t\t\t\tPitk\u00e4perjantain saarna\t\t\t<\/a>\n\t\t<\/div>\n\n\t\t<div class=\"anwp-pg-post-teaser__bottom-meta d-flex flex-wrap\">\n\n\t\t\t\t\t\t\t<div class=\"anwp-pg-post-teaser__bottom-meta-item d-flex align-items-center mr-4\">\n\t\t\t\t\t<svg class=\"anwp-pg-icon anwp-pg-icon--s16 mr-2\">\n\t\t\t\t\t\t<use xlink:href=\"#icon-anwp-pg-person\"><\/use>\n\t\t\t\t\t<\/svg>\n\t\t\t\t\tadmin\t\t\t\t<\/div>\n\t\t\t\n\t\t\t\t\t\t\t<div class=\"anwp-pg-post-teaser__bottom-meta-item d-flex align-items-center mr-4\">\n\t\t\t\t\t<svg class=\"anwp-pg-icon anwp-pg-icon--s16 mr-2\">\n\t\t\t\t\t\t<use xlink:href=\"#icon-anwp-pg-calendar\"><\/use>\n\t\t\t\t\t<\/svg>\n\t\t\t\t\t<span class=\"screen-reader-text\">Posted on<\/span><time class=\"anwp-pg-published\" datetime=\"2021-04-02T16:03:00+00:00\">2 huhtikuun, 2021<\/time><time class=\"anwp-pg-updated\" datetime=\"2024-03-03T18:22:13+00:00\">3 maaliskuun, 2024<\/time>\t\t\t\t<\/div>\n\t\t\t\t\t\t<\/div>\n\n\t\t<div class=\"anwp-pg-post-teaser__excerpt mt-2\">\n\t\t\tLemin kirkossa 2.4.2021 Kun he tulivat paikkaan, jota kutsutaan Golgataksi, P\u00e4\u00e4kallonpaikaksi, he tarjosivat Jeesukselle juotavaksi viini\u00e4, johon oli sekoitettu sappea. H\u00e4n maistoi sit\u00e4, mutta ei halunnut juoda. Kun he olivat ...\t\t<\/div>\n\n\t\t\t<\/div>\n<\/div>\n<div class=\"anwp-pg-post-teaser anwp-pg-post-teaser--layout-classic anwp-row anwp-no-gutters\">\n\n\t\n\t<div class=\"anwp-pg-post-teaser__content anwp-col-12\">\n\n\t\t<div class=\"anwp-pg-post-teaser__title anwp-font-heading my-2\">\n\t\t\t<a class=\"anwp-link-without-effects\" href=\"https:\/\/seppohakkinen.fi\/wordpress\/index.php\/2021\/03\/14\/saarna-ekumeenisessa-sanajumalanpalveluksessa\/\" aria-hidden=\"true\" >\n\t\t\t\tSaarna ekumeenisessa sanajumalanpalveluksessa\t\t\t<\/a>\n\t\t<\/div>\n\n\t\t<div class=\"anwp-pg-post-teaser__bottom-meta d-flex flex-wrap\">\n\n\t\t\t\t\t\t\t<div class=\"anwp-pg-post-teaser__bottom-meta-item d-flex align-items-center mr-4\">\n\t\t\t\t\t<svg class=\"anwp-pg-icon anwp-pg-icon--s16 mr-2\">\n\t\t\t\t\t\t<use xlink:href=\"#icon-anwp-pg-person\"><\/use>\n\t\t\t\t\t<\/svg>\n\t\t\t\t\tadmin\t\t\t\t<\/div>\n\t\t\t\n\t\t\t\t\t\t\t<div class=\"anwp-pg-post-teaser__bottom-meta-item d-flex align-items-center mr-4\">\n\t\t\t\t\t<svg class=\"anwp-pg-icon anwp-pg-icon--s16 mr-2\">\n\t\t\t\t\t\t<use xlink:href=\"#icon-anwp-pg-calendar\"><\/use>\n\t\t\t\t\t<\/svg>\n\t\t\t\t\t<span class=\"screen-reader-text\">Posted on<\/span><time class=\"anwp-pg-published\" datetime=\"2021-03-14T16:03:33+00:00\">14 maaliskuun, 2021<\/time><time class=\"anwp-pg-updated\" datetime=\"2024-02-27T18:24:30+00:00\">27 helmikuun, 2024<\/time>\t\t\t\t<\/div>\n\t\t\t\t\t\t<\/div>\n\n\t\t<div class=\"anwp-pg-post-teaser__excerpt mt-2\">\n\t\t\tMikkelin tuomiokirkossa 14.3.2021 Jeesus sanoi: \u201dMin\u00e4 olen el\u00e4m\u00e4n leip\u00e4. Teid\u00e4n is\u00e4nne s\u00f6iv\u00e4t autiomaassa mannaa, ja silti he ovat kuolleet. Mutta t\u00e4m\u00e4 leip\u00e4 tulee taivaasta, ja se, joka t\u00e4t\u00e4 sy\u00f6, ei ...\t\t<\/div>\n\n\t\t\t<\/div>\n<\/div>\n<div class=\"anwp-pg-post-teaser anwp-pg-post-teaser--layout-classic anwp-row anwp-no-gutters\">\n\n\t\n\t<div class=\"anwp-pg-post-teaser__content anwp-col-12\">\n\n\t\t<div class=\"anwp-pg-post-teaser__title anwp-font-heading my-2\">\n\t\t\t<a class=\"anwp-link-without-effects\" href=\"https:\/\/seppohakkinen.fi\/wordpress\/index.php\/2021\/02\/14\/saarna-diakoniavihkimysmessussa-14-2-2021-mikkelin-pitajankirkossa\/\" aria-hidden=\"true\" >\n\t\t\t\tSaarna diakoniavihkimysmessussa 14.2.2021 Mikkelin pit\u00e4j\u00e4nkirkossa\t\t\t<\/a>\n\t\t<\/div>\n\n\t\t<div class=\"anwp-pg-post-teaser__bottom-meta d-flex flex-wrap\">\n\n\t\t\t\t\t\t\t<div class=\"anwp-pg-post-teaser__bottom-meta-item d-flex align-items-center mr-4\">\n\t\t\t\t\t<svg class=\"anwp-pg-icon anwp-pg-icon--s16 mr-2\">\n\t\t\t\t\t\t<use xlink:href=\"#icon-anwp-pg-person\"><\/use>\n\t\t\t\t\t<\/svg>\n\t\t\t\t\tadmin\t\t\t\t<\/div>\n\t\t\t\n\t\t\t\t\t\t\t<div class=\"anwp-pg-post-teaser__bottom-meta-item d-flex align-items-center mr-4\">\n\t\t\t\t\t<svg class=\"anwp-pg-icon anwp-pg-icon--s16 mr-2\">\n\t\t\t\t\t\t<use xlink:href=\"#icon-anwp-pg-calendar\"><\/use>\n\t\t\t\t\t<\/svg>\n\t\t\t\t\t<span class=\"screen-reader-text\">Posted on<\/span><time class=\"anwp-pg-published\" datetime=\"2021-02-14T16:03:33+00:00\">14 helmikuun, 2021<\/time><time class=\"anwp-pg-updated\" datetime=\"2024-02-27T18:23:41+00:00\">27 helmikuun, 2024<\/time>\t\t\t\t<\/div>\n\t\t\t\t\t\t<\/div>\n\n\t\t<div class=\"anwp-pg-post-teaser__excerpt mt-2\">\n\t\t\tSaarna diakoniavihkimysmessussa 14.2.2021 Kun he sitten nousivat Jerusalemiin viev\u00e4\u00e4 tiet\u00e4, Jeesus kulki muiden edell\u00e4. Opetuslapset olivat ymm\u00e4ll\u00e4, ja heid\u00e4n per\u00e4ss\u00e4\u00e4n kulkevat ihmiset alkoivat pel\u00e4t\u00e4. Silloin Jeesus kutsui taas luokseen kaksitoista ...\t\t<\/div>\n\n\t\t\t<\/div>\n<\/div>\n<div class=\"anwp-pg-post-teaser anwp-pg-post-teaser--layout-classic anwp-row anwp-no-gutters\">\n\n\t\n\t<div class=\"anwp-pg-post-teaser__content anwp-col-12\">\n\n\t\t<div class=\"anwp-pg-post-teaser__title anwp-font-heading my-2\">\n\t\t\t<a class=\"anwp-link-without-effects\" href=\"https:\/\/seppohakkinen.fi\/wordpress\/index.php\/2021\/01\/24\/saarna-pappisvihkimysmessussa-24-1-2021-mikkelin-tuomiokirkossa\/\" aria-hidden=\"true\" >\n\t\t\t\tSaarna pappisvihkimysmessussa 24.1.2021 Mikkelin tuomiokirkossa\t\t\t<\/a>\n\t\t<\/div>\n\n\t\t<div class=\"anwp-pg-post-teaser__bottom-meta d-flex flex-wrap\">\n\n\t\t\t\t\t\t\t<div class=\"anwp-pg-post-teaser__bottom-meta-item d-flex align-items-center mr-4\">\n\t\t\t\t\t<svg class=\"anwp-pg-icon anwp-pg-icon--s16 mr-2\">\n\t\t\t\t\t\t<use xlink:href=\"#icon-anwp-pg-person\"><\/use>\n\t\t\t\t\t<\/svg>\n\t\t\t\t\tadmin\t\t\t\t<\/div>\n\t\t\t\n\t\t\t\t\t\t\t<div class=\"anwp-pg-post-teaser__bottom-meta-item d-flex align-items-center mr-4\">\n\t\t\t\t\t<svg class=\"anwp-pg-icon anwp-pg-icon--s16 mr-2\">\n\t\t\t\t\t\t<use xlink:href=\"#icon-anwp-pg-calendar\"><\/use>\n\t\t\t\t\t<\/svg>\n\t\t\t\t\t<span class=\"screen-reader-text\">Posted on<\/span><time class=\"anwp-pg-published\" datetime=\"2021-01-24T16:03:00+00:00\">24 tammikuun, 2021<\/time><time class=\"anwp-pg-updated\" datetime=\"2024-03-03T12:49:18+00:00\">3 maaliskuun, 2024<\/time>\t\t\t\t<\/div>\n\t\t\t\t\t\t<\/div>\n\n\t\t<div class=\"anwp-pg-post-teaser__excerpt mt-2\">\n\t\t\tSaarna pappisvihkimysmessussa 24.1.2021 Synagogasta he meniv\u00e4t suoraan Simonin ja Andreaksen kotiin. Jaakob ja Johannes olivat mukana. Simonin anoppi makasi kuumeessa, ja h\u00e4nest\u00e4 kerrottiin heti Jeesukselle. Jeesus meni h\u00e4nen luokseen, otti ...\t\t<\/div>\n\n\t\t\t<\/div>\n<\/div>\n<div class=\"anwp-pg-post-teaser anwp-pg-post-teaser--layout-classic anwp-row anwp-no-gutters\">\n\n\t\n\t<div class=\"anwp-pg-post-teaser__content anwp-col-12\">\n\n\t\t<div class=\"anwp-pg-post-teaser__title anwp-font-heading my-2\">\n\t\t\t<a class=\"anwp-link-without-effects\" href=\"https:\/\/seppohakkinen.fi\/wordpress\/index.php\/2021\/01\/17\/saarna-imatran-piispantarkastuksen-jumalanpalveluksessa-tainionkosken-kirkossa\/\" aria-hidden=\"true\" >\n\t\t\t\tSaarna Imatran piispantarkastuksen jumalanpalveluksessa Tainionkosken kirkossa\t\t\t<\/a>\n\t\t<\/div>\n\n\t\t<div class=\"anwp-pg-post-teaser__bottom-meta d-flex flex-wrap\">\n\n\t\t\t\t\t\t\t<div class=\"anwp-pg-post-teaser__bottom-meta-item d-flex align-items-center mr-4\">\n\t\t\t\t\t<svg class=\"anwp-pg-icon anwp-pg-icon--s16 mr-2\">\n\t\t\t\t\t\t<use xlink:href=\"#icon-anwp-pg-person\"><\/use>\n\t\t\t\t\t<\/svg>\n\t\t\t\t\tadmin\t\t\t\t<\/div>\n\t\t\t\n\t\t\t\t\t\t\t<div class=\"anwp-pg-post-teaser__bottom-meta-item d-flex align-items-center mr-4\">\n\t\t\t\t\t<svg class=\"anwp-pg-icon anwp-pg-icon--s16 mr-2\">\n\t\t\t\t\t\t<use xlink:href=\"#icon-anwp-pg-calendar\"><\/use>\n\t\t\t\t\t<\/svg>\n\t\t\t\t\t<span class=\"screen-reader-text\">Posted on<\/span><time class=\"anwp-pg-published\" datetime=\"2021-01-17T16:03:33+00:00\">17 tammikuun, 2021<\/time><time class=\"anwp-pg-updated\" datetime=\"2024-02-28T09:15:58+00:00\">28 helmikuun, 2024<\/time>\t\t\t\t<\/div>\n\t\t\t\t\t\t\t\t\t<div class=\"anwp-pg-post-teaser__bottom-meta-item d-flex align-items-center mr-4\">\n\t\t\t\t\t\t<svg class=\"anwp-pg-icon anwp-pg-icon--s16 mr-2\">\n\t\t\t\t\t\t\t<use xlink:href=\"#icon-anwp-pg-comment-discussion\"><\/use>\n\t\t\t\t\t\t<\/svg>\n\t\t\t\t\t\t0\t\t\t\t\t<\/div>\n\t\t\t\t\t\t\t<\/div>\n\n\t\t<div class=\"anwp-pg-post-teaser__excerpt mt-2\">\n\t\t\tImatran piispantarkastuksen saarna 17.1.2021 Saarna Imatran piispantarkastuksen jumalanpalveluksessa 17.1.2021 Tainionkosken kirkossa Jeesus tuli Nasaretiin, miss\u00e4 h\u00e4n oli kasvanut, ja meni sapattina tapansa mukaan synagogaan. H\u00e4n nousi lukemaan, ja h\u00e4nelle ojennettiin ...\t\t<\/div>\n\n\t\t\t<\/div>\n<\/div>\n\t<\/div>\n\t\n\t<\/div>\n\t\t\t\t<\/div>\n\t\t\t\t<\/div>\n\t\t\t\t\t<\/div>\n\t\t\t\t<\/div>\n\t\t\t\t<\/div>\n\t\t","protected":false},"excerpt":{"rendered":"<p>Saarna jouluy\u00f6n sanajumalanpalveluksessa admin Posted on24 joulukuun, 202128 helmikuun, 2024 Mikkelin tuomiokirkossa 24.12.2021 Siihen aikaan antoi keisari Augustus k\u00e4skyn, ett\u00e4 koko valtakunnassa oli toimitettava verollepano. T\u00e4m\u00e4 verollepano oli ensimm\u00e4inen ja tapahtui Quiriniuksen ollessa Syyrian k\u00e4skynhaltijana. Kaikki meniv\u00e4t kirjoittautumaan veroluetteloon, kukin &#8230; Saarna kirkolliskokouksen avajaismessussa admin Posted on8 marraskuun, 20212 maaliskuun, 2024 Maarian kirkossa Turussa 8.11.2021 &#8230; <a title=\"Saarnat 2021\" class=\"read-more\" href=\"https:\/\/seppohakkinen.fi\/wordpress\/index.php\/saarnat-2021\/\" aria-label=\"Lue lis\u00e4\u00e4 aiheesta Saarnat 2021\">Lue lis\u00e4\u00e4<\/a><\/p>\n","protected":false},"author":1,"featured_media":0,"parent":0,"menu_order":0,"comment_status":"closed","ping_status":"closed","template":"","meta":{"footnotes":""},"class_list":["post-4110","page","type-page","status-publish"],"_links":{"self":[{"href":"https:\/\/seppohakkinen.fi\/wordpress\/index.php\/wp-json\/wp\/v2\/pages\/4110","targetHints":{"allow":["GET"]}}],"collection":[{"href":"https:\/\/seppohakkinen.fi\/wordpress\/index.php\/wp-json\/wp\/v2\/pages"}],"about":[{"href":"https:\/\/seppohakkinen.fi\/wordpress\/index.php\/wp-json\/wp\/v2\/types\/page"}],"author":[{"embeddable":true,"href":"https:\/\/seppohakkinen.fi\/wordpress\/index.php\/wp-json\/wp\/v2\/users\/1"}],"replies":[{"embeddable":true,"href":"https:\/\/seppohakkinen.fi\/wordpress\/index.php\/wp-json\/wp\/v2\/comments?post=4110"}],"version-history":[{"count":7,"href":"https:\/\/seppohakkinen.fi\/wordpress\/index.php\/wp-json\/wp\/v2\/pages\/4110\/revisions"}],"predecessor-version":[{"id":4283,"href":"https:\/\/seppohakkinen.fi\/wordpress\/index.php\/wp-json\/wp\/v2\/pages\/4110\/revisions\/4283"}],"wp:attachment":[{"href":"https:\/\/seppohakkinen.fi\/wordpress\/index.php\/wp-json\/wp\/v2\/media?parent=4110"}],"curies":[{"name":"wp","href":"https:\/\/api.w.org\/{rel}","templated":true}]}}