{"id":4135,"date":"2024-02-27T11:55:22","date_gmt":"2024-02-27T11:55:22","guid":{"rendered":"https:\/\/seppohakkinen.fi\/wordpress\/?page_id=4135"},"modified":"2024-03-02T12:40:35","modified_gmt":"2024-03-02T12:40:35","slug":"saarnat-2016","status":"publish","type":"page","link":"https:\/\/seppohakkinen.fi\/wordpress\/index.php\/saarnat-2016\/","title":{"rendered":"Saarnat 2016"},"content":{"rendered":"\t\t<div data-elementor-type=\"wp-page\" data-elementor-id=\"4135\" class=\"elementor elementor-4135\">\n\t\t\t\t<div class=\"elementor-element elementor-element-5bae24f e-flex e-con-boxed e-con e-parent\" data-id=\"5bae24f\" data-element_type=\"container\" data-e-type=\"container\">\n\t\t\t\t\t<div class=\"e-con-inner\">\n\t\t\t\t<div class=\"elementor-element elementor-element-866a0f3 anwp-pg-widget-header-style--b anwp-pg-post-teaser__post-icon--size-16 elementor-widget elementor-widget-anwp-pg-classic-blog\" data-id=\"866a0f3\" data-element_type=\"widget\" data-e-type=\"widget\" data-widget_type=\"anwp-pg-classic-blog.default\">\n\t\t\t\t<div class=\"elementor-widget-container\">\n\t\t\t\t\t<div class=\"anwp-pg-wrap\">\n\n\t\n\t<div class=\"anwp-pg-classic-blog anwp-pg-posts-wrapper\">\n\t\t<div class=\"anwp-pg-post-teaser anwp-pg-post-teaser--layout-classic anwp-row anwp-no-gutters\">\n\n\t\n\t<div class=\"anwp-pg-post-teaser__content anwp-col-12\">\n\n\t\t<div class=\"anwp-pg-post-teaser__title anwp-font-heading my-2\">\n\t\t\t<a class=\"anwp-link-without-effects\" href=\"https:\/\/seppohakkinen.fi\/wordpress\/index.php\/2016\/11\/27\/saarna-virsikirjan-lisavihkon-ja-liturgisen-vaatetuksen-kayttoonottomessussa-27-11-2016-pyhtaan-kirkossa\/\" aria-hidden=\"true\" >\n\t\t\t\tSaarna virsikirjan lis\u00e4vihkon ja liturgisen vaatetuksen k\u00e4ytt\u00f6\u00f6nottomessussa 27.11.2016 Pyht\u00e4\u00e4n kirkossa\t\t\t<\/a>\n\t\t<\/div>\n\n\t\t<div class=\"anwp-pg-post-teaser__bottom-meta d-flex flex-wrap\">\n\n\t\t\t\t\t\t\t<div class=\"anwp-pg-post-teaser__bottom-meta-item d-flex align-items-center mr-4\">\n\t\t\t\t\t<svg class=\"anwp-pg-icon anwp-pg-icon--s16 mr-2\">\n\t\t\t\t\t\t<use xlink:href=\"#icon-anwp-pg-person\"><\/use>\n\t\t\t\t\t<\/svg>\n\t\t\t\t\tadmin\t\t\t\t<\/div>\n\t\t\t\n\t\t\t\t\t\t\t<div class=\"anwp-pg-post-teaser__bottom-meta-item d-flex align-items-center mr-4\">\n\t\t\t\t\t<svg class=\"anwp-pg-icon anwp-pg-icon--s16 mr-2\">\n\t\t\t\t\t\t<use xlink:href=\"#icon-anwp-pg-calendar\"><\/use>\n\t\t\t\t\t<\/svg>\n\t\t\t\t\t<span class=\"screen-reader-text\">Posted on<\/span><time class=\"anwp-pg-published\" datetime=\"2016-11-27T16:03:24+00:00\">27 marraskuun, 2016<\/time><time class=\"anwp-pg-updated\" datetime=\"2024-03-03T08:56:31+00:00\">3 maaliskuun, 2024<\/time>\t\t\t\t<\/div>\n\t\t\t\t\t\t<\/div>\n\n\t\t<div class=\"anwp-pg-post-teaser__excerpt mt-2\">\n\t\t\tKun he l\u00e4hestyiv\u00e4t Jerusalemia ja tulivat Betfageen ja Betaniaan \u00d6ljym\u00e4en rinteelle, Jeesus l\u00e4hetti edelt\u00e4 kaksi opetuslastaan ja sanoi heille: \u201dMenk\u00e4\u00e4 tuolla n\u00e4kyv\u00e4\u00e4n kyl\u00e4\u00e4n. Heti kun te tulette sinne, te n\u00e4ette ...\t\t<\/div>\n\n\t\t\t<\/div>\n<\/div>\n<div class=\"anwp-pg-post-teaser anwp-pg-post-teaser--layout-classic anwp-row anwp-no-gutters\">\n\n\t\n\t<div class=\"anwp-pg-post-teaser__content anwp-col-12\">\n\n\t\t<div class=\"anwp-pg-post-teaser__title anwp-font-heading my-2\">\n\t\t\t<a class=\"anwp-link-without-effects\" href=\"https:\/\/seppohakkinen.fi\/wordpress\/index.php\/2016\/11\/11\/saarna-kirkolliskokouksen-viikkomessussa-11-11-2016-maarian-kirkossa\/\" aria-hidden=\"true\" >\n\t\t\t\tSaarna kirkolliskokouksen viikkomessussa 11.11.2016 Maarian kirkossa\t\t\t<\/a>\n\t\t<\/div>\n\n\t\t<div class=\"anwp-pg-post-teaser__bottom-meta d-flex flex-wrap\">\n\n\t\t\t\t\t\t\t<div class=\"anwp-pg-post-teaser__bottom-meta-item d-flex align-items-center mr-4\">\n\t\t\t\t\t<svg class=\"anwp-pg-icon anwp-pg-icon--s16 mr-2\">\n\t\t\t\t\t\t<use xlink:href=\"#icon-anwp-pg-person\"><\/use>\n\t\t\t\t\t<\/svg>\n\t\t\t\t\tadmin\t\t\t\t<\/div>\n\t\t\t\n\t\t\t\t\t\t\t<div class=\"anwp-pg-post-teaser__bottom-meta-item d-flex align-items-center mr-4\">\n\t\t\t\t\t<svg class=\"anwp-pg-icon anwp-pg-icon--s16 mr-2\">\n\t\t\t\t\t\t<use xlink:href=\"#icon-anwp-pg-calendar\"><\/use>\n\t\t\t\t\t<\/svg>\n\t\t\t\t\t<span class=\"screen-reader-text\">Posted on<\/span><time class=\"anwp-pg-published\" datetime=\"2016-11-11T16:03:24+00:00\">11 marraskuun, 2016<\/time><time class=\"anwp-pg-updated\" datetime=\"2024-03-02T08:39:46+00:00\">2 maaliskuun, 2024<\/time>\t\t\t\t<\/div>\n\t\t\t\t\t\t<\/div>\n\n\t\t<div class=\"anwp-pg-post-teaser__excerpt mt-2\">\n\t\t\t\u00c4lk\u00e4\u00e4, rakkaat yst\u00e4v\u00e4t, unohtako t\u00e4t\u00e4: Herralle yksi p\u00e4iv\u00e4 on kuin tuhat vuotta ja tuhat vuotta kuin yksi p\u00e4iv\u00e4. Ei Herra vitkastele t\u00e4ytt\u00e4ess\u00e4\u00e4n lupaustaan, vaikka h\u00e4n joidenkin mielest\u00e4 on my\u00f6h\u00e4ss\u00e4. P\u00e4invastoin: ...\t\t<\/div>\n\n\t\t\t<\/div>\n<\/div>\n<div class=\"anwp-pg-post-teaser anwp-pg-post-teaser--layout-classic anwp-row anwp-no-gutters\">\n\n\t\n\t<div class=\"anwp-pg-post-teaser__content anwp-col-12\">\n\n\t\t<div class=\"anwp-pg-post-teaser__title anwp-font-heading my-2\">\n\t\t\t<a class=\"anwp-link-without-effects\" href=\"https:\/\/seppohakkinen.fi\/wordpress\/index.php\/2016\/11\/06\/saarna-pappisvihkimysmessussa-6-11-2016-mikkelin-tuomiokirkossa\/\" aria-hidden=\"true\" >\n\t\t\t\tSaarna pappisvihkimysmessussa 6.11.2016 Mikkelin tuomiokirkossa\t\t\t<\/a>\n\t\t<\/div>\n\n\t\t<div class=\"anwp-pg-post-teaser__bottom-meta d-flex flex-wrap\">\n\n\t\t\t\t\t\t\t<div class=\"anwp-pg-post-teaser__bottom-meta-item d-flex align-items-center mr-4\">\n\t\t\t\t\t<svg class=\"anwp-pg-icon anwp-pg-icon--s16 mr-2\">\n\t\t\t\t\t\t<use xlink:href=\"#icon-anwp-pg-person\"><\/use>\n\t\t\t\t\t<\/svg>\n\t\t\t\t\tadmin\t\t\t\t<\/div>\n\t\t\t\n\t\t\t\t\t\t\t<div class=\"anwp-pg-post-teaser__bottom-meta-item d-flex align-items-center mr-4\">\n\t\t\t\t\t<svg class=\"anwp-pg-icon anwp-pg-icon--s16 mr-2\">\n\t\t\t\t\t\t<use xlink:href=\"#icon-anwp-pg-calendar\"><\/use>\n\t\t\t\t\t<\/svg>\n\t\t\t\t\t<span class=\"screen-reader-text\">Posted on<\/span><time class=\"anwp-pg-published\" datetime=\"2016-11-06T16:03:00+00:00\">6 marraskuun, 2016<\/time><time class=\"anwp-pg-updated\" datetime=\"2024-03-09T09:29:38+00:00\">9 maaliskuun, 2024<\/time>\t\t\t\t<\/div>\n\t\t\t\t\t\t<\/div>\n\n\t\t<div class=\"anwp-pg-post-teaser__excerpt mt-2\">\n\t\t\tKun Jeesus viel\u00e4 puhui heille, sinne tuli er\u00e4s synagogan esimies. H\u00e4n kumartui maahan Jeesuksen edess\u00e4 ja sanoi: \u201dTytt\u00e4reni on kuollut juuri \u00e4sken, mutta tule ja pane k\u00e4tesi h\u00e4nen p\u00e4\u00e4lleen, niin ...\t\t<\/div>\n\n\t\t\t<\/div>\n<\/div>\n<div class=\"anwp-pg-post-teaser anwp-pg-post-teaser--layout-classic anwp-row anwp-no-gutters\">\n\n\t\n\t<div class=\"anwp-pg-post-teaser__content anwp-col-12\">\n\n\t\t<div class=\"anwp-pg-post-teaser__title anwp-font-heading my-2\">\n\t\t\t<a class=\"anwp-link-without-effects\" href=\"https:\/\/seppohakkinen.fi\/wordpress\/index.php\/2016\/10\/16\/saarna-piispantarkastuksen-juhlamessussa-16-10-2016-marian-kirkossa-haminassa\/\" aria-hidden=\"true\" >\n\t\t\t\tSaarna piispantarkastuksen juhlamessussa 16.10.2016 Marian kirkossa Haminassa\t\t\t<\/a>\n\t\t<\/div>\n\n\t\t<div class=\"anwp-pg-post-teaser__bottom-meta d-flex flex-wrap\">\n\n\t\t\t\t\t\t\t<div class=\"anwp-pg-post-teaser__bottom-meta-item d-flex align-items-center mr-4\">\n\t\t\t\t\t<svg class=\"anwp-pg-icon anwp-pg-icon--s16 mr-2\">\n\t\t\t\t\t\t<use xlink:href=\"#icon-anwp-pg-person\"><\/use>\n\t\t\t\t\t<\/svg>\n\t\t\t\t\tadmin\t\t\t\t<\/div>\n\t\t\t\n\t\t\t\t\t\t\t<div class=\"anwp-pg-post-teaser__bottom-meta-item d-flex align-items-center mr-4\">\n\t\t\t\t\t<svg class=\"anwp-pg-icon anwp-pg-icon--s16 mr-2\">\n\t\t\t\t\t\t<use xlink:href=\"#icon-anwp-pg-calendar\"><\/use>\n\t\t\t\t\t<\/svg>\n\t\t\t\t\t<span class=\"screen-reader-text\">Posted on<\/span><time class=\"anwp-pg-published\" datetime=\"2016-10-16T16:03:00+00:00\">16 lokakuun, 2016<\/time><time class=\"anwp-pg-updated\" datetime=\"2024-03-09T09:28:53+00:00\">9 maaliskuun, 2024<\/time>\t\t\t\t<\/div>\n\t\t\t\t\t\t<\/div>\n\n\t\t<div class=\"anwp-pg-post-teaser__excerpt mt-2\">\n\t\t\tKapernaumissa oli kuninkaan virkamies, jonka poika oli sairaana. Kuultuaan Jeesuksen tulleen Juudeasta Galileaan h\u00e4n l\u00e4hti Jeesuksen luo ja pyysi, ett\u00e4 t\u00e4m\u00e4 tulisi parantamaan pojan, joka oli kuolemaisillaan. Jeesus sanoi h\u00e4nelle: ...\t\t<\/div>\n\n\t\t\t<\/div>\n<\/div>\n<div class=\"anwp-pg-post-teaser anwp-pg-post-teaser--layout-classic anwp-row anwp-no-gutters\">\n\n\t\n\t<div class=\"anwp-pg-post-teaser__content anwp-col-12\">\n\n\t\t<div class=\"anwp-pg-post-teaser__title anwp-font-heading my-2\">\n\t\t\t<a class=\"anwp-link-without-effects\" href=\"https:\/\/seppohakkinen.fi\/wordpress\/index.php\/2016\/10\/02\/saarna-kiteen-evankelisen-kansanopiston-70-vuotisjuhlamessussa-2-10-2016-kiteen-kirkossa\/\" aria-hidden=\"true\" >\n\t\t\t\tSaarna Kiteen Evankelisen Kansanopiston 70-vuotisjuhlamessussa 2.10.2016 Kiteen kirkossa\t\t\t<\/a>\n\t\t<\/div>\n\n\t\t<div class=\"anwp-pg-post-teaser__bottom-meta d-flex flex-wrap\">\n\n\t\t\t\t\t\t\t<div class=\"anwp-pg-post-teaser__bottom-meta-item d-flex align-items-center mr-4\">\n\t\t\t\t\t<svg class=\"anwp-pg-icon anwp-pg-icon--s16 mr-2\">\n\t\t\t\t\t\t<use xlink:href=\"#icon-anwp-pg-person\"><\/use>\n\t\t\t\t\t<\/svg>\n\t\t\t\t\tadmin\t\t\t\t<\/div>\n\t\t\t\n\t\t\t\t\t\t\t<div class=\"anwp-pg-post-teaser__bottom-meta-item d-flex align-items-center mr-4\">\n\t\t\t\t\t<svg class=\"anwp-pg-icon anwp-pg-icon--s16 mr-2\">\n\t\t\t\t\t\t<use xlink:href=\"#icon-anwp-pg-calendar\"><\/use>\n\t\t\t\t\t<\/svg>\n\t\t\t\t\t<span class=\"screen-reader-text\">Posted on<\/span><time class=\"anwp-pg-published\" datetime=\"2016-10-02T16:03:00+00:00\">2 lokakuun, 2016<\/time><time class=\"anwp-pg-updated\" datetime=\"2024-03-06T16:16:25+00:00\">6 maaliskuun, 2024<\/time>\t\t\t\t<\/div>\n\t\t\t\t\t\t<\/div>\n\n\t\t<div class=\"anwp-pg-post-teaser__excerpt mt-2\">\n\t\t\tOpetuslapset tulivat Jeesuksen luo ja kysyiv\u00e4t: \u201dKuka on suurin taivasten valtakunnassa?\u201d Silloin Jeesus kutsui luokseen lapsen, asetti h\u00e4net heid\u00e4n keskelleen ja sanoi: \u201dTotisesti: ellette k\u00e4\u00e4nny ja tule lasten kaltaisiksi, te ...\t\t<\/div>\n\n\t\t\t<\/div>\n<\/div>\n<div class=\"anwp-pg-post-teaser anwp-pg-post-teaser--layout-classic anwp-row anwp-no-gutters\">\n\n\t\n\t<div class=\"anwp-pg-post-teaser__content anwp-col-12\">\n\n\t\t<div class=\"anwp-pg-post-teaser__title anwp-font-heading my-2\">\n\t\t\t<a class=\"anwp-link-without-effects\" href=\"https:\/\/seppohakkinen.fi\/wordpress\/index.php\/2016\/09\/18\/saarna-apostolin-kyydilla-liikuntatapahtuman-jumalanpalveluksessa-18-9-2016-mantyharjun-kirkossa\/\" aria-hidden=\"true\" >\n\t\t\t\tSaarna Apostolin kyydill\u00e4 &ndash;liikuntatapahtuman jumalanpalveluksessa 18.9.2016 M\u00e4ntyharjun kirkossa\t\t\t<\/a>\n\t\t<\/div>\n\n\t\t<div class=\"anwp-pg-post-teaser__bottom-meta d-flex flex-wrap\">\n\n\t\t\t\t\t\t\t<div class=\"anwp-pg-post-teaser__bottom-meta-item d-flex align-items-center mr-4\">\n\t\t\t\t\t<svg class=\"anwp-pg-icon anwp-pg-icon--s16 mr-2\">\n\t\t\t\t\t\t<use xlink:href=\"#icon-anwp-pg-person\"><\/use>\n\t\t\t\t\t<\/svg>\n\t\t\t\t\tadmin\t\t\t\t<\/div>\n\t\t\t\n\t\t\t\t\t\t\t<div class=\"anwp-pg-post-teaser__bottom-meta-item d-flex align-items-center mr-4\">\n\t\t\t\t\t<svg class=\"anwp-pg-icon anwp-pg-icon--s16 mr-2\">\n\t\t\t\t\t\t<use xlink:href=\"#icon-anwp-pg-calendar\"><\/use>\n\t\t\t\t\t<\/svg>\n\t\t\t\t\t<span class=\"screen-reader-text\">Posted on<\/span><time class=\"anwp-pg-published\" datetime=\"2016-09-18T16:03:24+00:00\">18 syyskuun, 2016<\/time><time class=\"anwp-pg-updated\" datetime=\"2024-02-27T18:22:00+00:00\">27 helmikuun, 2024<\/time>\t\t\t\t<\/div>\n\t\t\t\t\t\t<\/div>\n\n\t\t<div class=\"anwp-pg-post-teaser__excerpt mt-2\">\n\t\t\tJeesus meni sapattina er\u00e4\u00e4n fariseusten johtomiehen kotiin aterialle, ja kaikki tarkkailivat, mit\u00e4 h\u00e4n tekisi. K\u00e4vi niin, ett\u00e4 h\u00e4nen luokseen tuli vesip\u00f6h\u00f6\u00e4 sairastava mies. Jeesus k\u00e4\u00e4ntyi lainopettajien ja fariseusten puoleen ja ...\t\t<\/div>\n\n\t\t\t<\/div>\n<\/div>\n<div class=\"anwp-pg-post-teaser anwp-pg-post-teaser--layout-classic anwp-row anwp-no-gutters\">\n\n\t\n\t<div class=\"anwp-pg-post-teaser__content anwp-col-12\">\n\n\t\t<div class=\"anwp-pg-post-teaser__title anwp-font-heading my-2\">\n\t\t\t<a class=\"anwp-link-without-effects\" href=\"https:\/\/seppohakkinen.fi\/wordpress\/index.php\/2016\/09\/11\/saarna-kirkon-250-vuotisjuhlamessussa-11-9-2016-virolahden-kirkossa\/\" aria-hidden=\"true\" >\n\t\t\t\tSaarna kirkon 250-vuotisjuhlamessussa 11.9.2016 Virolahden kirkossa\t\t\t<\/a>\n\t\t<\/div>\n\n\t\t<div class=\"anwp-pg-post-teaser__bottom-meta d-flex flex-wrap\">\n\n\t\t\t\t\t\t\t<div class=\"anwp-pg-post-teaser__bottom-meta-item d-flex align-items-center mr-4\">\n\t\t\t\t\t<svg class=\"anwp-pg-icon anwp-pg-icon--s16 mr-2\">\n\t\t\t\t\t\t<use xlink:href=\"#icon-anwp-pg-person\"><\/use>\n\t\t\t\t\t<\/svg>\n\t\t\t\t\tadmin\t\t\t\t<\/div>\n\t\t\t\n\t\t\t\t\t\t\t<div class=\"anwp-pg-post-teaser__bottom-meta-item d-flex align-items-center mr-4\">\n\t\t\t\t\t<svg class=\"anwp-pg-icon anwp-pg-icon--s16 mr-2\">\n\t\t\t\t\t\t<use xlink:href=\"#icon-anwp-pg-calendar\"><\/use>\n\t\t\t\t\t<\/svg>\n\t\t\t\t\t<span class=\"screen-reader-text\">Posted on<\/span><time class=\"anwp-pg-published\" datetime=\"2016-09-11T16:03:00+00:00\">11 syyskuun, 2016<\/time><time class=\"anwp-pg-updated\" datetime=\"2024-03-06T16:12:40+00:00\">6 maaliskuun, 2024<\/time>\t\t\t\t<\/div>\n\t\t\t\t\t\t<\/div>\n\n\t\t<div class=\"anwp-pg-post-teaser__excerpt mt-2\">\n\t\t\tJeesus l\u00e4hti Nainin kaupunkiin, ja h\u00e4nen kanssaan kulkivat opetuslapset ja suuri joukko ihmisi\u00e4. Kun h\u00e4n jo oli l\u00e4hell\u00e4 kaupungin porttia, sielt\u00e4 kannettiin kuollutta, leski\u00e4idin ainoaa poikaa, ja \u00e4idin mukana oli ...\t\t<\/div>\n\n\t\t\t<\/div>\n<\/div>\n<div class=\"anwp-pg-post-teaser anwp-pg-post-teaser--layout-classic anwp-row anwp-no-gutters\">\n\n\t\n\t<div class=\"anwp-pg-post-teaser__content anwp-col-12\">\n\n\t\t<div class=\"anwp-pg-post-teaser__title anwp-font-heading my-2\">\n\t\t\t<a class=\"anwp-link-without-effects\" href=\"https:\/\/seppohakkinen.fi\/wordpress\/index.php\/2016\/09\/04\/saarna-kirkon-100-vuotisjuhlamessussa-4-9-2016-hirvensalmen-kirkossa\/\" aria-hidden=\"true\" >\n\t\t\t\tSaarna kirkon 100-vuotisjuhlamessussa 4.9.2016 Hirvensalmen kirkossa\t\t\t<\/a>\n\t\t<\/div>\n\n\t\t<div class=\"anwp-pg-post-teaser__bottom-meta d-flex flex-wrap\">\n\n\t\t\t\t\t\t\t<div class=\"anwp-pg-post-teaser__bottom-meta-item d-flex align-items-center mr-4\">\n\t\t\t\t\t<svg class=\"anwp-pg-icon anwp-pg-icon--s16 mr-2\">\n\t\t\t\t\t\t<use xlink:href=\"#icon-anwp-pg-person\"><\/use>\n\t\t\t\t\t<\/svg>\n\t\t\t\t\tadmin\t\t\t\t<\/div>\n\t\t\t\n\t\t\t\t\t\t\t<div class=\"anwp-pg-post-teaser__bottom-meta-item d-flex align-items-center mr-4\">\n\t\t\t\t\t<svg class=\"anwp-pg-icon anwp-pg-icon--s16 mr-2\">\n\t\t\t\t\t\t<use xlink:href=\"#icon-anwp-pg-calendar\"><\/use>\n\t\t\t\t\t<\/svg>\n\t\t\t\t\t<span class=\"screen-reader-text\">Posted on<\/span><time class=\"anwp-pg-published\" datetime=\"2016-09-04T16:03:00+00:00\">4 syyskuun, 2016<\/time><time class=\"anwp-pg-updated\" datetime=\"2024-03-03T18:24:29+00:00\">3 maaliskuun, 2024<\/time>\t\t\t\t<\/div>\n\t\t\t\t\t\t<\/div>\n\n\t\t<div class=\"anwp-pg-post-teaser__excerpt mt-2\">\n\t\t\tJeesus sanoo: \u201d\u00c4lk\u00e4\u00e4 huolehtiko hengest\u00e4nne, siit\u00e4 mit\u00e4 s\u00f6isitte tai joisitte, \u00e4lk\u00e4\u00e4 ruumiistanne, siit\u00e4 mill\u00e4 sen vaatettaisitte. Eik\u00f6 henki ole enemm\u00e4n kuin ruoka ja ruumis enemm\u00e4n kuin vaatteet? Katsokaa taivaan lintuja: ...\t\t<\/div>\n\n\t\t\t<\/div>\n<\/div>\n<div class=\"anwp-pg-post-teaser anwp-pg-post-teaser--layout-classic anwp-row anwp-no-gutters\">\n\n\t\n\t<div class=\"anwp-pg-post-teaser__content anwp-col-12\">\n\n\t\t<div class=\"anwp-pg-post-teaser__title anwp-font-heading my-2\">\n\t\t\t<a class=\"anwp-link-without-effects\" href=\"https:\/\/seppohakkinen.fi\/wordpress\/index.php\/2016\/08\/28\/saarna-kirkon-200-vuotisjuhlamessussa-28-8-2016-mikkelin-pitajankirkossa\/\" aria-hidden=\"true\" >\n\t\t\t\tSaarna kirkon 200-vuotisjuhlamessussa 28.8.2016 Mikkelin pit\u00e4j\u00e4nkirkossa\t\t\t<\/a>\n\t\t<\/div>\n\n\t\t<div class=\"anwp-pg-post-teaser__bottom-meta d-flex flex-wrap\">\n\n\t\t\t\t\t\t\t<div class=\"anwp-pg-post-teaser__bottom-meta-item d-flex align-items-center mr-4\">\n\t\t\t\t\t<svg class=\"anwp-pg-icon anwp-pg-icon--s16 mr-2\">\n\t\t\t\t\t\t<use xlink:href=\"#icon-anwp-pg-person\"><\/use>\n\t\t\t\t\t<\/svg>\n\t\t\t\t\tadmin\t\t\t\t<\/div>\n\t\t\t\n\t\t\t\t\t\t\t<div class=\"anwp-pg-post-teaser__bottom-meta-item d-flex align-items-center mr-4\">\n\t\t\t\t\t<svg class=\"anwp-pg-icon anwp-pg-icon--s16 mr-2\">\n\t\t\t\t\t\t<use xlink:href=\"#icon-anwp-pg-calendar\"><\/use>\n\t\t\t\t\t<\/svg>\n\t\t\t\t\t<span class=\"screen-reader-text\">Posted on<\/span><time class=\"anwp-pg-published\" datetime=\"2016-08-28T16:03:00+00:00\">28 elokuun, 2016<\/time><time class=\"anwp-pg-updated\" datetime=\"2024-03-06T16:09:46+00:00\">6 maaliskuun, 2024<\/time>\t\t\t\t<\/div>\n\t\t\t\t\t\t<\/div>\n\n\t\t<div class=\"anwp-pg-post-teaser__excerpt mt-2\">\n\t\t\tMatkallaan kohti Jerusalemia Jeesus kulki Samarian ja Galilean rajaseudulla. Kun h\u00e4n oli tulossa er\u00e4\u00e4seen kyl\u00e4\u00e4n, h\u00e4nt\u00e4 vastaan tuli kymmenen spitaalista miest\u00e4. N\u00e4m\u00e4 pys\u00e4htyiv\u00e4t matkan p\u00e4\u00e4h\u00e4n ja huusivat: \u201dJeesus, opettaja, armahda ...\t\t<\/div>\n\n\t\t\t<\/div>\n<\/div>\n<div class=\"anwp-pg-post-teaser anwp-pg-post-teaser--layout-classic anwp-row anwp-no-gutters\">\n\n\t\n\t<div class=\"anwp-pg-post-teaser__content anwp-col-12\">\n\n\t\t<div class=\"anwp-pg-post-teaser__title anwp-font-heading my-2\">\n\t\t\t<a class=\"anwp-link-without-effects\" href=\"https:\/\/seppohakkinen.fi\/wordpress\/index.php\/2016\/08\/21\/saarna-suomalais-ugrilaisen-pappeinkokouksen-seurakuntavierailulla-21-8-2016-aunuksen-kirkossa-venajalla\/\" aria-hidden=\"true\" >\n\t\t\t\tSaarna Suomalais-ugrilaisen pappeinkokouksen seurakuntavierailulla 21.8.2016 Aunuksen kirkossa Ven\u00e4j\u00e4ll\u00e4\t\t\t<\/a>\n\t\t<\/div>\n\n\t\t<div class=\"anwp-pg-post-teaser__bottom-meta d-flex flex-wrap\">\n\n\t\t\t\t\t\t\t<div class=\"anwp-pg-post-teaser__bottom-meta-item d-flex align-items-center mr-4\">\n\t\t\t\t\t<svg class=\"anwp-pg-icon anwp-pg-icon--s16 mr-2\">\n\t\t\t\t\t\t<use xlink:href=\"#icon-anwp-pg-person\"><\/use>\n\t\t\t\t\t<\/svg>\n\t\t\t\t\tadmin\t\t\t\t<\/div>\n\t\t\t\n\t\t\t\t\t\t\t<div class=\"anwp-pg-post-teaser__bottom-meta-item d-flex align-items-center mr-4\">\n\t\t\t\t\t<svg class=\"anwp-pg-icon anwp-pg-icon--s16 mr-2\">\n\t\t\t\t\t\t<use xlink:href=\"#icon-anwp-pg-calendar\"><\/use>\n\t\t\t\t\t<\/svg>\n\t\t\t\t\t<span class=\"screen-reader-text\">Posted on<\/span><time class=\"anwp-pg-published\" datetime=\"2016-08-21T16:03:24+00:00\">21 elokuun, 2016<\/time><time class=\"anwp-pg-updated\" datetime=\"2024-03-03T09:10:35+00:00\">3 maaliskuun, 2024<\/time>\t\t\t\t<\/div>\n\t\t\t\t\t\t<\/div>\n\n\t\t<div class=\"anwp-pg-post-teaser__excerpt mt-2\">\n\t\t\tJeesus istui vastap\u00e4\u00e4t\u00e4 uhriarkkua ja katseli, kuinka kansa pani rahaa uhriarkkuun. Ja monet rikkaat panivat paljon. Niin tuli k\u00f6yh\u00e4 leski ja pani kaksi ropoa, yhteens\u00e4 muutamia pennej\u00e4. Ja h\u00e4n kutsui ...\t\t<\/div>\n\n\t\t\t<\/div>\n<\/div>\n<div class=\"anwp-pg-post-teaser anwp-pg-post-teaser--layout-classic anwp-row anwp-no-gutters\">\n\n\t\n\t<div class=\"anwp-pg-post-teaser__content anwp-col-12\">\n\n\t\t<div class=\"anwp-pg-post-teaser__title anwp-font-heading my-2\">\n\t\t\t<a class=\"anwp-link-without-effects\" href=\"https:\/\/seppohakkinen.fi\/wordpress\/index.php\/2016\/08\/14\/saarna-seurakunnan-400-vuotisjuhlamessussa-14-8-2016-puumalan-kirkossa\/\" aria-hidden=\"true\" >\n\t\t\t\tSaarna seurakunnan 400-vuotisjuhlamessussa 14.8.2016 Puumalan kirkossa\t\t\t<\/a>\n\t\t<\/div>\n\n\t\t<div class=\"anwp-pg-post-teaser__bottom-meta d-flex flex-wrap\">\n\n\t\t\t\t\t\t\t<div class=\"anwp-pg-post-teaser__bottom-meta-item d-flex align-items-center mr-4\">\n\t\t\t\t\t<svg class=\"anwp-pg-icon anwp-pg-icon--s16 mr-2\">\n\t\t\t\t\t\t<use xlink:href=\"#icon-anwp-pg-person\"><\/use>\n\t\t\t\t\t<\/svg>\n\t\t\t\t\tadmin\t\t\t\t<\/div>\n\t\t\t\n\t\t\t\t\t\t\t<div class=\"anwp-pg-post-teaser__bottom-meta-item d-flex align-items-center mr-4\">\n\t\t\t\t\t<svg class=\"anwp-pg-icon anwp-pg-icon--s16 mr-2\">\n\t\t\t\t\t\t<use xlink:href=\"#icon-anwp-pg-calendar\"><\/use>\n\t\t\t\t\t<\/svg>\n\t\t\t\t\t<span class=\"screen-reader-text\">Posted on<\/span><time class=\"anwp-pg-published\" datetime=\"2016-08-14T16:03:24+00:00\">14 elokuun, 2016<\/time><time class=\"anwp-pg-updated\" datetime=\"2024-03-03T09:07:01+00:00\">3 maaliskuun, 2024<\/time>\t\t\t\t<\/div>\n\t\t\t\t\t\t<\/div>\n\n\t\t<div class=\"anwp-pg-post-teaser__excerpt mt-2\">\n\t\t\tJeesus l\u00e4hti sitten taas Tyroksen seudulta ja tuli Sidonin ja Dekapoliin alueen kautta Galileanj\u00e4rvelle. Siell\u00e4 h\u00e4nen luokseen tuotiin kuuro mies, joka ei pystynyt kunnolla puhumaan, ja h\u00e4nt\u00e4 pyydettiin panemaan k\u00e4tens\u00e4 ...\t\t<\/div>\n\n\t\t\t<\/div>\n<\/div>\n<div class=\"anwp-pg-post-teaser anwp-pg-post-teaser--layout-classic anwp-row anwp-no-gutters\">\n\n\t\n\t<div class=\"anwp-pg-post-teaser__content anwp-col-12\">\n\n\t\t<div class=\"anwp-pg-post-teaser__title anwp-font-heading my-2\">\n\t\t\t<a class=\"anwp-link-without-effects\" href=\"https:\/\/seppohakkinen.fi\/wordpress\/index.php\/2016\/07\/17\/saarna-kirkon-150-vuotisjuhlamessussa-17-7-2016-suomenniemen-kirkossa\/\" aria-hidden=\"true\" >\n\t\t\t\tSaarna kirkon 150-vuotisjuhlamessussa 17.7.2016 Suomenniemen kirkossa\t\t\t<\/a>\n\t\t<\/div>\n\n\t\t<div class=\"anwp-pg-post-teaser__bottom-meta d-flex flex-wrap\">\n\n\t\t\t\t\t\t\t<div class=\"anwp-pg-post-teaser__bottom-meta-item d-flex align-items-center mr-4\">\n\t\t\t\t\t<svg class=\"anwp-pg-icon anwp-pg-icon--s16 mr-2\">\n\t\t\t\t\t\t<use xlink:href=\"#icon-anwp-pg-person\"><\/use>\n\t\t\t\t\t<\/svg>\n\t\t\t\t\tadmin\t\t\t\t<\/div>\n\t\t\t\n\t\t\t\t\t\t\t<div class=\"anwp-pg-post-teaser__bottom-meta-item d-flex align-items-center mr-4\">\n\t\t\t\t\t<svg class=\"anwp-pg-icon anwp-pg-icon--s16 mr-2\">\n\t\t\t\t\t\t<use xlink:href=\"#icon-anwp-pg-calendar\"><\/use>\n\t\t\t\t\t<\/svg>\n\t\t\t\t\t<span class=\"screen-reader-text\">Posted on<\/span><time class=\"anwp-pg-published\" datetime=\"2016-07-17T16:03:00+00:00\">17 hein\u00e4kuun, 2016<\/time><time class=\"anwp-pg-updated\" datetime=\"2024-03-06T16:07:57+00:00\">6 maaliskuun, 2024<\/time>\t\t\t\t<\/div>\n\t\t\t\t\t\t<\/div>\n\n\t\t<div class=\"anwp-pg-post-teaser__excerpt mt-2\">\n\t\t\tJeesus sanoi opetuslapsilleen: \u201dVarokaa v\u00e4\u00e4ri\u00e4 profeettoja. He tulevat luoksenne lampaiden vaatteissa, mutta sis\u00e4lt\u00e4 he ovat raatelevia susia. Hedelmist\u00e4 te heid\u00e4t tunnette. Eih\u00e4n orjantappuroista koota ryp\u00e4leit\u00e4 eik\u00e4 ohdakkeista viikunoita. Hyv\u00e4 puu ...\t\t<\/div>\n\n\t\t\t<\/div>\n<\/div>\n<div class=\"anwp-pg-post-teaser anwp-pg-post-teaser--layout-classic anwp-row anwp-no-gutters\">\n\n\t\n\t<div class=\"anwp-pg-post-teaser__content anwp-col-12\">\n\n\t\t<div class=\"anwp-pg-post-teaser__title anwp-font-heading my-2\">\n\t\t\t<a class=\"anwp-link-without-effects\" href=\"https:\/\/seppohakkinen.fi\/wordpress\/index.php\/2016\/06\/19\/saarna-karjalaisten-kesajuhlien-jumalanpalveluksessa-19-6-2016-seinajoella\/\" aria-hidden=\"true\" >\n\t\t\t\tSaarna Karjalaisten kes\u00e4juhlien jumalanpalveluksessa 19.6.2016 Sein\u00e4joella\t\t\t<\/a>\n\t\t<\/div>\n\n\t\t<div class=\"anwp-pg-post-teaser__bottom-meta d-flex flex-wrap\">\n\n\t\t\t\t\t\t\t<div class=\"anwp-pg-post-teaser__bottom-meta-item d-flex align-items-center mr-4\">\n\t\t\t\t\t<svg class=\"anwp-pg-icon anwp-pg-icon--s16 mr-2\">\n\t\t\t\t\t\t<use xlink:href=\"#icon-anwp-pg-person\"><\/use>\n\t\t\t\t\t<\/svg>\n\t\t\t\t\tadmin\t\t\t\t<\/div>\n\t\t\t\n\t\t\t\t\t\t\t<div class=\"anwp-pg-post-teaser__bottom-meta-item d-flex align-items-center mr-4\">\n\t\t\t\t\t<svg class=\"anwp-pg-icon anwp-pg-icon--s16 mr-2\">\n\t\t\t\t\t\t<use xlink:href=\"#icon-anwp-pg-calendar\"><\/use>\n\t\t\t\t\t<\/svg>\n\t\t\t\t\t<span class=\"screen-reader-text\">Posted on<\/span><time class=\"anwp-pg-published\" datetime=\"2016-06-19T16:03:24+00:00\">19 kes\u00e4kuun, 2016<\/time><time class=\"anwp-pg-updated\" datetime=\"2024-03-02T08:36:11+00:00\">2 maaliskuun, 2024<\/time>\t\t\t\t<\/div>\n\t\t\t\t\t\t<\/div>\n\n\t\t<div class=\"anwp-pg-post-teaser__excerpt mt-2\">\n\t\t\tJeesus sanoi: \u201dOlkaa valmiit armahtamaan, niin kuin teid\u00e4n Is\u00e4nnekin armahtaa. \u00c4lk\u00e4\u00e4 tuomitko, niin ei teit\u00e4k\u00e4\u00e4n tuomita. \u00c4lk\u00e4\u00e4 julistako ket\u00e4\u00e4n syylliseksi, niin ei teit\u00e4k\u00e4\u00e4n julisteta syyllisiksi. P\u00e4\u00e4st\u00e4k\u00e4\u00e4 vapaaksi, niin teid\u00e4tkin vapautetaan. ...\t\t<\/div>\n\n\t\t\t<\/div>\n<\/div>\n<div class=\"anwp-pg-post-teaser anwp-pg-post-teaser--layout-classic anwp-row anwp-no-gutters\">\n\n\t\n\t<div class=\"anwp-pg-post-teaser__content anwp-col-12\">\n\n\t\t<div class=\"anwp-pg-post-teaser__title anwp-font-heading my-2\">\n\t\t\t<a class=\"anwp-link-without-effects\" href=\"https:\/\/seppohakkinen.fi\/wordpress\/index.php\/2016\/06\/05\/saarna-kirkon-230-vuotisjuhlamessussa-5-6-2016-lemin-kirkossa\/\" aria-hidden=\"true\" >\n\t\t\t\t\u00a0Saarna kirkon 230-vuotisjuhlamessussa 5.6.2016 Lemin kirkossa\t\t\t<\/a>\n\t\t<\/div>\n\n\t\t<div class=\"anwp-pg-post-teaser__bottom-meta d-flex flex-wrap\">\n\n\t\t\t\t\t\t\t<div class=\"anwp-pg-post-teaser__bottom-meta-item d-flex align-items-center mr-4\">\n\t\t\t\t\t<svg class=\"anwp-pg-icon anwp-pg-icon--s16 mr-2\">\n\t\t\t\t\t\t<use xlink:href=\"#icon-anwp-pg-person\"><\/use>\n\t\t\t\t\t<\/svg>\n\t\t\t\t\tadmin\t\t\t\t<\/div>\n\t\t\t\n\t\t\t\t\t\t\t<div class=\"anwp-pg-post-teaser__bottom-meta-item d-flex align-items-center mr-4\">\n\t\t\t\t\t<svg class=\"anwp-pg-icon anwp-pg-icon--s16 mr-2\">\n\t\t\t\t\t\t<use xlink:href=\"#icon-anwp-pg-calendar\"><\/use>\n\t\t\t\t\t<\/svg>\n\t\t\t\t\t<span class=\"screen-reader-text\">Posted on<\/span><time class=\"anwp-pg-published\" datetime=\"2016-06-05T16:03:24+00:00\">5 kes\u00e4kuun, 2016<\/time><time class=\"anwp-pg-updated\" datetime=\"2024-03-01T18:20:47+00:00\">1 maaliskuun, 2024<\/time>\t\t\t\t<\/div>\n\t\t\t\t\t\t<\/div>\n\n\t\t<div class=\"anwp-pg-post-teaser__excerpt mt-2\">\n\t\t\tJeesus kertoi: \u201dEr\u00e4s mies j\u00e4rjesti suuret pidot ja oli kutsunut paljon vieraita. Kun pitojen oli m\u00e4\u00e4r\u00e4 alkaa, h\u00e4n l\u00e4hetti palvelijansa sanomaan kutsutuille: \u2019Tulkaa, kaikki on jo valmiina.\u2019 Mutta yksi toisensa ...\t\t<\/div>\n\n\t\t\t<\/div>\n<\/div>\n<div class=\"anwp-pg-post-teaser anwp-pg-post-teaser--layout-classic anwp-row anwp-no-gutters\">\n\n\t\n\t<div class=\"anwp-pg-post-teaser__content anwp-col-12\">\n\n\t\t<div class=\"anwp-pg-post-teaser__title anwp-font-heading my-2\">\n\t\t\t<a class=\"anwp-link-without-effects\" href=\"https:\/\/seppohakkinen.fi\/wordpress\/index.php\/2016\/05\/29\/saarna-pappisvihkimysmessussa-29-5-2016-mikkelin-tuomiokirkossa\/\" aria-hidden=\"true\" >\n\t\t\t\tSaarna pappisvihkimysmessussa 29.5.2016 Mikkelin tuomiokirkossa\t\t\t<\/a>\n\t\t<\/div>\n\n\t\t<div class=\"anwp-pg-post-teaser__bottom-meta d-flex flex-wrap\">\n\n\t\t\t\t\t\t\t<div class=\"anwp-pg-post-teaser__bottom-meta-item d-flex align-items-center mr-4\">\n\t\t\t\t\t<svg class=\"anwp-pg-icon anwp-pg-icon--s16 mr-2\">\n\t\t\t\t\t\t<use xlink:href=\"#icon-anwp-pg-person\"><\/use>\n\t\t\t\t\t<\/svg>\n\t\t\t\t\tadmin\t\t\t\t<\/div>\n\t\t\t\n\t\t\t\t\t\t\t<div class=\"anwp-pg-post-teaser__bottom-meta-item d-flex align-items-center mr-4\">\n\t\t\t\t\t<svg class=\"anwp-pg-icon anwp-pg-icon--s16 mr-2\">\n\t\t\t\t\t\t<use xlink:href=\"#icon-anwp-pg-calendar\"><\/use>\n\t\t\t\t\t<\/svg>\n\t\t\t\t\t<span class=\"screen-reader-text\">Posted on<\/span><time class=\"anwp-pg-published\" datetime=\"2016-05-29T16:03:00+00:00\">29 toukokuun, 2016<\/time><time class=\"anwp-pg-updated\" datetime=\"2024-03-09T09:27:45+00:00\">9 maaliskuun, 2024<\/time>\t\t\t\t<\/div>\n\t\t\t\t\t\t<\/div>\n\n\t\t<div class=\"anwp-pg-post-teaser__excerpt mt-2\">\n\t\t\tJeesus puhui t\u00e4m\u00e4n vertauksen: \u201dOli rikas mies. H\u00e4nen vaatteensa olivat purppuraa ja hienointa pellavaa, ja p\u00e4iv\u00e4st\u00e4 p\u00e4iv\u00e4\u00e4n h\u00e4nen el\u00e4m\u00e4ns\u00e4 oli pelkk\u00e4\u00e4 ylellisyytt\u00e4 ja juhlaa. Mutta h\u00e4nen porttinsa pieless\u00e4 virui k\u00f6yh\u00e4 ...\t\t<\/div>\n\n\t\t\t<\/div>\n<\/div>\n<div class=\"anwp-pg-post-teaser anwp-pg-post-teaser--layout-classic anwp-row anwp-no-gutters\">\n\n\t\n\t<div class=\"anwp-pg-post-teaser__content anwp-col-12\">\n\n\t\t<div class=\"anwp-pg-post-teaser__title anwp-font-heading my-2\">\n\t\t\t<a class=\"anwp-link-without-effects\" href=\"https:\/\/seppohakkinen.fi\/wordpress\/index.php\/2016\/05\/22\/saarna-elaman-aallot-medialahetyspaivien-juhlamessussa-22-5-2016-lappeen-kirkossa\/\" aria-hidden=\"true\" >\n\t\t\t\tSaarna El\u00e4m\u00e4n aallot -medial\u00e4hetysp\u00e4ivien juhlamessussa 22.5.2016 Lappeen kirkossa\t\t\t<\/a>\n\t\t<\/div>\n\n\t\t<div class=\"anwp-pg-post-teaser__bottom-meta d-flex flex-wrap\">\n\n\t\t\t\t\t\t\t<div class=\"anwp-pg-post-teaser__bottom-meta-item d-flex align-items-center mr-4\">\n\t\t\t\t\t<svg class=\"anwp-pg-icon anwp-pg-icon--s16 mr-2\">\n\t\t\t\t\t\t<use xlink:href=\"#icon-anwp-pg-person\"><\/use>\n\t\t\t\t\t<\/svg>\n\t\t\t\t\tadmin\t\t\t\t<\/div>\n\t\t\t\n\t\t\t\t\t\t\t<div class=\"anwp-pg-post-teaser__bottom-meta-item d-flex align-items-center mr-4\">\n\t\t\t\t\t<svg class=\"anwp-pg-icon anwp-pg-icon--s16 mr-2\">\n\t\t\t\t\t\t<use xlink:href=\"#icon-anwp-pg-calendar\"><\/use>\n\t\t\t\t\t<\/svg>\n\t\t\t\t\t<span class=\"screen-reader-text\">Posted on<\/span><time class=\"anwp-pg-published\" datetime=\"2016-05-22T16:03:24+00:00\">22 toukokuun, 2016<\/time><time class=\"anwp-pg-updated\" datetime=\"2024-02-27T18:26:27+00:00\">27 helmikuun, 2024<\/time>\t\t\t\t<\/div>\n\t\t\t\t\t\t<\/div>\n\n\t\t<div class=\"anwp-pg-post-teaser__excerpt mt-2\">\n\t\t\tFariseusten joukossa oli Nikodemos-niminen mies, juutalaisten neuvoston j\u00e4sen. H\u00e4n tuli y\u00f6ll\u00e4 Jeesuksen luo ja sanoi: \u201dRabbi, me tied\u00e4mme, ett\u00e4 sin\u00e4 olet Jumalan l\u00e4hett\u00e4m\u00e4 opettaja. Ei kukaan pysty tekem\u00e4\u00e4n sellaisia tunnustekoja ...\t\t<\/div>\n\n\t\t\t<\/div>\n<\/div>\n<div class=\"anwp-pg-post-teaser anwp-pg-post-teaser--layout-classic anwp-row anwp-no-gutters\">\n\n\t\n\t<div class=\"anwp-pg-post-teaser__content anwp-col-12\">\n\n\t\t<div class=\"anwp-pg-post-teaser__title anwp-font-heading my-2\">\n\t\t\t<a class=\"anwp-link-without-effects\" href=\"https:\/\/seppohakkinen.fi\/wordpress\/index.php\/2016\/04\/24\/saarna-piispantarkastuksen-juhlamessussa-24-4-2016-sulkavan-kirkossa\/\" aria-hidden=\"true\" >\n\t\t\t\tSaarna piispantarkastuksen juhlamessussa 24.4.2016 Sulkavan kirkossa\t\t\t<\/a>\n\t\t<\/div>\n\n\t\t<div class=\"anwp-pg-post-teaser__bottom-meta d-flex flex-wrap\">\n\n\t\t\t\t\t\t\t<div class=\"anwp-pg-post-teaser__bottom-meta-item d-flex align-items-center mr-4\">\n\t\t\t\t\t<svg class=\"anwp-pg-icon anwp-pg-icon--s16 mr-2\">\n\t\t\t\t\t\t<use xlink:href=\"#icon-anwp-pg-person\"><\/use>\n\t\t\t\t\t<\/svg>\n\t\t\t\t\tadmin\t\t\t\t<\/div>\n\t\t\t\n\t\t\t\t\t\t\t<div class=\"anwp-pg-post-teaser__bottom-meta-item d-flex align-items-center mr-4\">\n\t\t\t\t\t<svg class=\"anwp-pg-icon anwp-pg-icon--s16 mr-2\">\n\t\t\t\t\t\t<use xlink:href=\"#icon-anwp-pg-calendar\"><\/use>\n\t\t\t\t\t<\/svg>\n\t\t\t\t\t<span class=\"screen-reader-text\">Posted on<\/span><time class=\"anwp-pg-published\" datetime=\"2016-04-24T16:03:00+00:00\">24 huhtikuun, 2016<\/time><time class=\"anwp-pg-updated\" datetime=\"2024-03-09T09:26:55+00:00\">9 maaliskuun, 2024<\/time>\t\t\t\t<\/div>\n\t\t\t\t\t\t<\/div>\n\n\t\t<div class=\"anwp-pg-post-teaser__excerpt mt-2\">\n\t\t\tJeesus sanoi: \u201dNyt min\u00e4 menen h\u00e4nen luokseen, joka on minut l\u00e4hett\u00e4nyt. Kukaan teist\u00e4 ei kysy minulta, minne min\u00e4 menen, vaan syd\u00e4menne on t\u00e4ynn\u00e4 murhetta sen johdosta, mit\u00e4 teille sanoin. Mutta ...\t\t<\/div>\n\n\t\t\t<\/div>\n<\/div>\n<div class=\"anwp-pg-post-teaser anwp-pg-post-teaser--layout-classic anwp-row anwp-no-gutters\">\n\n\t\n\t<div class=\"anwp-pg-post-teaser__content anwp-col-12\">\n\n\t\t<div class=\"anwp-pg-post-teaser__title anwp-font-heading my-2\">\n\t\t\t<a class=\"anwp-link-without-effects\" href=\"https:\/\/seppohakkinen.fi\/wordpress\/index.php\/2016\/02\/07\/saarna-yhteisvastuukerayksen-avausjumalanpalveluksessa-7-2-2016-taipalsaaren-kirkossa\/\" aria-hidden=\"true\" >\n\t\t\t\tSaarna Yhteisvastuuker\u00e4yksen avausjumalanpalveluksessa 7.2.2016 Taipalsaaren kirkossa\t\t\t<\/a>\n\t\t<\/div>\n\n\t\t<div class=\"anwp-pg-post-teaser__bottom-meta d-flex flex-wrap\">\n\n\t\t\t\t\t\t\t<div class=\"anwp-pg-post-teaser__bottom-meta-item d-flex align-items-center mr-4\">\n\t\t\t\t\t<svg class=\"anwp-pg-icon anwp-pg-icon--s16 mr-2\">\n\t\t\t\t\t\t<use xlink:href=\"#icon-anwp-pg-person\"><\/use>\n\t\t\t\t\t<\/svg>\n\t\t\t\t\tadmin\t\t\t\t<\/div>\n\t\t\t\n\t\t\t\t\t\t\t<div class=\"anwp-pg-post-teaser__bottom-meta-item d-flex align-items-center mr-4\">\n\t\t\t\t\t<svg class=\"anwp-pg-icon anwp-pg-icon--s16 mr-2\">\n\t\t\t\t\t\t<use xlink:href=\"#icon-anwp-pg-calendar\"><\/use>\n\t\t\t\t\t<\/svg>\n\t\t\t\t\t<span class=\"screen-reader-text\">Posted on<\/span><time class=\"anwp-pg-published\" datetime=\"2016-02-07T16:03:22+00:00\">7 helmikuun, 2016<\/time><time class=\"anwp-pg-updated\" datetime=\"2024-03-03T08:55:36+00:00\">3 maaliskuun, 2024<\/time>\t\t\t\t<\/div>\n\t\t\t\t\t\t<\/div>\n\n\t\t<div class=\"anwp-pg-post-teaser__excerpt mt-2\">\n\t\t\tJeesus kutsui kaksitoista opetuslastaan luokseen ja sanoi heille: \u201dMe menemme nyt Jerusalemiin. Siell\u00e4 k\u00e4y toteen kaikki se, mit\u00e4 profeetat ovat Ihmisen Pojasta kirjoittaneet. H\u00e4net annetaan pakanoiden k\u00e4siin, h\u00e4nt\u00e4 pilkataan ja ...\t\t<\/div>\n\n\t\t\t<\/div>\n<\/div>\n<div class=\"anwp-pg-post-teaser anwp-pg-post-teaser--layout-classic anwp-row anwp-no-gutters\">\n\n\t\n\t<div class=\"anwp-pg-post-teaser__content anwp-col-12\">\n\n\t\t<div class=\"anwp-pg-post-teaser__title anwp-font-heading my-2\">\n\t\t\t<a class=\"anwp-link-without-effects\" href=\"https:\/\/seppohakkinen.fi\/wordpress\/index.php\/2016\/02\/04\/saarna-kuopion-ja-mikkelin-hiippakuntien-kanttoripaivien-viikkomessussa-4-2-2016-mikkelin-tuomiokirkossa\/\" aria-hidden=\"true\" >\n\t\t\t\tSaarna Kuopion ja Mikkelin hiippakuntien kanttorip\u00e4ivien viikkomessussa 4.2.2016 Mikkelin tuomiokirkossa\t\t\t<\/a>\n\t\t<\/div>\n\n\t\t<div class=\"anwp-pg-post-teaser__bottom-meta d-flex flex-wrap\">\n\n\t\t\t\t\t\t\t<div class=\"anwp-pg-post-teaser__bottom-meta-item d-flex align-items-center mr-4\">\n\t\t\t\t\t<svg class=\"anwp-pg-icon anwp-pg-icon--s16 mr-2\">\n\t\t\t\t\t\t<use xlink:href=\"#icon-anwp-pg-person\"><\/use>\n\t\t\t\t\t<\/svg>\n\t\t\t\t\tadmin\t\t\t\t<\/div>\n\t\t\t\n\t\t\t\t\t\t\t<div class=\"anwp-pg-post-teaser__bottom-meta-item d-flex align-items-center mr-4\">\n\t\t\t\t\t<svg class=\"anwp-pg-icon anwp-pg-icon--s16 mr-2\">\n\t\t\t\t\t\t<use xlink:href=\"#icon-anwp-pg-calendar\"><\/use>\n\t\t\t\t\t<\/svg>\n\t\t\t\t\t<span class=\"screen-reader-text\">Posted on<\/span><time class=\"anwp-pg-published\" datetime=\"2016-02-04T16:03:00+00:00\">4 helmikuun, 2016<\/time><time class=\"anwp-pg-updated\" datetime=\"2024-03-06T16:25:44+00:00\">6 maaliskuun, 2024<\/time>\t\t\t\t<\/div>\n\t\t\t\t\t\t<\/div>\n\n\t\t<div class=\"anwp-pg-post-teaser__excerpt mt-2\">\n\t\t\tEtsik\u00e4\u00e4 Herraa, kun h\u00e4net viel\u00e4 voi l\u00f6yt\u00e4\u00e4, huutakaa h\u00e4nt\u00e4 avuksi, kun h\u00e4n on l\u00e4hell\u00e4! Hyl\u00e4tk\u00f6\u00f6n jumalaton tiens\u00e4 ja v\u00e4\u00e4rintekij\u00e4 juonensa, k\u00e4\u00e4ntyk\u00f6\u00f6n takaisin Herran luo, sill\u00e4 h\u00e4n armahtaa, turvautukoon Jumalaan, sill\u00e4 ...\t\t<\/div>\n\n\t\t\t<\/div>\n<\/div>\n<div class=\"anwp-pg-post-teaser anwp-pg-post-teaser--layout-classic anwp-row anwp-no-gutters\">\n\n\t\n\t<div class=\"anwp-pg-post-teaser__content anwp-col-12\">\n\n\t\t<div class=\"anwp-pg-post-teaser__title anwp-font-heading my-2\">\n\t\t\t<a class=\"anwp-link-without-effects\" href=\"https:\/\/seppohakkinen.fi\/wordpress\/index.php\/2016\/01\/31\/saarna-pappisvihkimysmessussa-31-1-2016-mikkelin-tuomiokirkossa\/\" aria-hidden=\"true\" >\n\t\t\t\tSaarna pappisvihkimysmessussa 31.1.2016 Mikkelin tuomiokirkossa\t\t\t<\/a>\n\t\t<\/div>\n\n\t\t<div class=\"anwp-pg-post-teaser__bottom-meta d-flex flex-wrap\">\n\n\t\t\t\t\t\t\t<div class=\"anwp-pg-post-teaser__bottom-meta-item d-flex align-items-center mr-4\">\n\t\t\t\t\t<svg class=\"anwp-pg-icon anwp-pg-icon--s16 mr-2\">\n\t\t\t\t\t\t<use xlink:href=\"#icon-anwp-pg-person\"><\/use>\n\t\t\t\t\t<\/svg>\n\t\t\t\t\tadmin\t\t\t\t<\/div>\n\t\t\t\n\t\t\t\t\t\t\t<div class=\"anwp-pg-post-teaser__bottom-meta-item d-flex align-items-center mr-4\">\n\t\t\t\t\t<svg class=\"anwp-pg-icon anwp-pg-icon--s16 mr-2\">\n\t\t\t\t\t\t<use xlink:href=\"#icon-anwp-pg-calendar\"><\/use>\n\t\t\t\t\t<\/svg>\n\t\t\t\t\t<span class=\"screen-reader-text\">Posted on<\/span><time class=\"anwp-pg-published\" datetime=\"2016-01-31T16:03:00+00:00\">31 tammikuun, 2016<\/time><time class=\"anwp-pg-updated\" datetime=\"2024-03-09T09:37:27+00:00\">9 maaliskuun, 2024<\/time>\t\t\t\t<\/div>\n\t\t\t\t\t\t<\/div>\n\n\t\t<div class=\"anwp-pg-post-teaser__excerpt mt-2\">\n\t\t\tKun tuli p\u00e4iv\u00e4, jolloin heid\u00e4n Mooseksen lain mukaan piti puhdistautua, he meniv\u00e4t Jerusalemiin vied\u00e4kseen lapsen Herran eteen, sill\u00e4 Herran laissa sanotaan n\u00e4in: \u201dJokainen poikalapsi, joka esikoisena tulee \u00e4itins\u00e4 kohdusta, on ...\t\t<\/div>\n\n\t\t\t<\/div>\n<\/div>\n<div class=\"anwp-pg-post-teaser anwp-pg-post-teaser--layout-classic anwp-row anwp-no-gutters\">\n\n\t\n\t<div class=\"anwp-pg-post-teaser__content anwp-col-12\">\n\n\t\t<div class=\"anwp-pg-post-teaser__title anwp-font-heading my-2\">\n\t\t\t<a class=\"anwp-link-without-effects\" href=\"https:\/\/seppohakkinen.fi\/wordpress\/index.php\/2016\/01\/01\/saarna-juhlajumalanpalveluksessa-1-1-2016-mantyharjun-kirkossa\/\" aria-hidden=\"true\" >\n\t\t\t\tSaarna juhlajumalanpalveluksessa 1.1.2016 M\u00e4ntyharjun kirkossa\t\t\t<\/a>\n\t\t<\/div>\n\n\t\t<div class=\"anwp-pg-post-teaser__bottom-meta d-flex flex-wrap\">\n\n\t\t\t\t\t\t\t<div class=\"anwp-pg-post-teaser__bottom-meta-item d-flex align-items-center mr-4\">\n\t\t\t\t\t<svg class=\"anwp-pg-icon anwp-pg-icon--s16 mr-2\">\n\t\t\t\t\t\t<use xlink:href=\"#icon-anwp-pg-person\"><\/use>\n\t\t\t\t\t<\/svg>\n\t\t\t\t\tadmin\t\t\t\t<\/div>\n\t\t\t\n\t\t\t\t\t\t\t<div class=\"anwp-pg-post-teaser__bottom-meta-item d-flex align-items-center mr-4\">\n\t\t\t\t\t<svg class=\"anwp-pg-icon anwp-pg-icon--s16 mr-2\">\n\t\t\t\t\t\t<use xlink:href=\"#icon-anwp-pg-calendar\"><\/use>\n\t\t\t\t\t<\/svg>\n\t\t\t\t\t<span class=\"screen-reader-text\">Posted on<\/span><time class=\"anwp-pg-published\" datetime=\"2016-01-01T16:03:22+00:00\">1 tammikuun, 2016<\/time><time class=\"anwp-pg-updated\" datetime=\"2024-02-28T11:19:01+00:00\">28 helmikuun, 2024<\/time>\t\t\t\t<\/div>\n\t\t\t\t\t\t<\/div>\n\n\t\t<div class=\"anwp-pg-post-teaser__excerpt mt-2\">\n\t\t\tKun oli tullut kahdeksas p\u00e4iv\u00e4 ja lapsi oli ymp\u00e4rileikattava, h\u00e4n sai nimen Jeesus, jonka enkeli oli ilmoittanut ennen kuin h\u00e4n sikisi \u00e4itins\u00e4 kohdussa. (Luuk. 2:21). Yhdeks\u00e4nkymment\u00e4 vuotta sitten Pertunmaan seurakunta ...\t\t<\/div>\n\n\t\t\t<\/div>\n<\/div>\n\t<\/div>\n\t\n\t<\/div>\n\t\t\t\t<\/div>\n\t\t\t\t<\/div>\n\t\t\t\t\t<\/div>\n\t\t\t\t<\/div>\n\t\t\t\t<\/div>\n\t\t","protected":false},"excerpt":{"rendered":"<p>Saarna kirkolliskokouksen viikkomessussa 11.11.2016 Maarian kirkossa admin Posted on11 marraskuun, 20162 maaliskuun, 2024 \u00c4lk\u00e4\u00e4, rakkaat yst\u00e4v\u00e4t, unohtako t\u00e4t\u00e4: Herralle yksi p\u00e4iv\u00e4 on kuin tuhat vuotta ja tuhat vuotta kuin yksi p\u00e4iv\u00e4. Ei Herra vitkastele t\u00e4ytt\u00e4ess\u00e4\u00e4n lupaustaan, vaikka h\u00e4n joidenkin mielest\u00e4 on my\u00f6h\u00e4ss\u00e4. P\u00e4invastoin: &#8230; Saarna Apostolin kyydill\u00e4 &ndash;liikuntatapahtuman jumalanpalveluksessa 18.9.2016 M\u00e4ntyharjun kirkossa admin Posted on18 &#8230; <a title=\"Saarnat 2016\" class=\"read-more\" href=\"https:\/\/seppohakkinen.fi\/wordpress\/index.php\/saarnat-2016\/\" aria-label=\"Lue lis\u00e4\u00e4 aiheesta Saarnat 2016\">Lue lis\u00e4\u00e4<\/a><\/p>\n","protected":false},"author":1,"featured_media":0,"parent":0,"menu_order":0,"comment_status":"closed","ping_status":"closed","template":"","meta":{"footnotes":""},"class_list":["post-4135","page","type-page","status-publish"],"_links":{"self":[{"href":"https:\/\/seppohakkinen.fi\/wordpress\/index.php\/wp-json\/wp\/v2\/pages\/4135","targetHints":{"allow":["GET"]}}],"collection":[{"href":"https:\/\/seppohakkinen.fi\/wordpress\/index.php\/wp-json\/wp\/v2\/pages"}],"about":[{"href":"https:\/\/seppohakkinen.fi\/wordpress\/index.php\/wp-json\/wp\/v2\/types\/page"}],"author":[{"embeddable":true,"href":"https:\/\/seppohakkinen.fi\/wordpress\/index.php\/wp-json\/wp\/v2\/users\/1"}],"replies":[{"embeddable":true,"href":"https:\/\/seppohakkinen.fi\/wordpress\/index.php\/wp-json\/wp\/v2\/comments?post=4135"}],"version-history":[{"count":7,"href":"https:\/\/seppohakkinen.fi\/wordpress\/index.php\/wp-json\/wp\/v2\/pages\/4135\/revisions"}],"predecessor-version":[{"id":4268,"href":"https:\/\/seppohakkinen.fi\/wordpress\/index.php\/wp-json\/wp\/v2\/pages\/4135\/revisions\/4268"}],"wp:attachment":[{"href":"https:\/\/seppohakkinen.fi\/wordpress\/index.php\/wp-json\/wp\/v2\/media?parent=4135"}],"curies":[{"name":"wp","href":"https:\/\/api.w.org\/{rel}","templated":true}]}}